{"id":345654,"date":"2024-06-29T08:50:52","date_gmt":"2024-06-29T08:50:52","guid":{"rendered":"https:\/\/www.caladelporto.com\/urlaub-in-kalabrien-vibo-tropea-capo-vaticano\/"},"modified":"2024-06-29T08:50:52","modified_gmt":"2024-06-29T08:50:52","slug":"urlaub-in-kalabrien-vibo-tropea-capo-vaticano","status":"publish","type":"page","link":"https:\/\/www.caladelporto.com\/de\/urlaub-in-kalabrien-vibo-tropea-capo-vaticano\/","title":{"rendered":"Urlaub in Kalabrien Vibo Tropea Capo Vaticano"},"content":{"rendered":"<p>[et_pb_section fb_built=&#8220;1&#8243; _builder_version=&#8220;4.25.1&#8243; _module_preset=&#8220;default&#8220; global_colors_info=&#8220;{}&#8220;][\/et_pb_section][et_pb_section fb_built=&#8220;1&#8243; _builder_version=&#8220;4.16&#8243; locked=&#8220;off&#8220; global_colors_info=&#8220;{}&#8220;][et_pb_row _builder_version=&#8220;4.16&#8243; global_colors_info=&#8220;{}&#8220;][et_pb_column type=&#8220;4_4&#8243; _builder_version=&#8220;4.16&#8243; global_colors_info=&#8220;{}&#8220;][et_pb_text _builder_version=&#8220;4.25.1&#8243; header_3_font=&#8220;MR xx||||||||&#8220; header_3_text_color=&#8220;#6d6964&#8243; header_3_font_size=&#8220;11vw&#8220; text_orientation=&#8220;center&#8220; animation_style=&#8220;fade&#8220; animation_duration=&#8220;950ms&#8220; header_3_font_size_tablet=&#8220;13vw&#8220; header_3_font_size_phone=&#8220;12vw&#8220; header_3_font_size_last_edited=&#8220;on|phone&#8220; animation_duration_tablet=&#8220;1300ms&#8220; animation_duration_phone=&#8220;1300ms&#8220; animation_duration_last_edited=&#8220;on|phone&#8220; global_colors_info=&#8220;{}&#8220;]<\/p>\n<h3>Urlaub in Kalabrien<\/h3>\n<p>[\/et_pb_text][\/et_pb_column][\/et_pb_row][\/et_pb_section][et_pb_section fb_built=&#8220;1&#8243; _builder_version=&#8220;4.25.1&#8243; _module_preset=&#8220;default&#8220; background_image=&#8220;https:\/\/www.caladelporto.com\/wp-content\/uploads\/2024\/06\/tropea-vacanza-in-calabria.jpg&#8220; height=&#8220;38vw&#8220; height_tablet=&#8220;650px&#8220; height_phone=&#8220;500px&#8220; height_last_edited=&#8220;on|phone&#8220; global_colors_info=&#8220;{}&#8220;][et_pb_row _builder_version=&#8220;4.25.1&#8243; _module_preset=&#8220;default&#8220; global_colors_info=&#8220;{}&#8220;][et_pb_column type=&#8220;4_4&#8243; _builder_version=&#8220;4.25.1&#8243; _module_preset=&#8220;default&#8220; global_colors_info=&#8220;{}&#8220;][\/et_pb_column][\/et_pb_row][\/et_pb_section][et_pb_section fb_built=&#8220;1&#8243; _builder_version=&#8220;4.16&#8243; locked=&#8220;off&#8220; global_colors_info=&#8220;{}&#8220;][et_pb_row _builder_version=&#8220;4.25.1&#8243; width=&#8220;60%&#8220; width_tablet=&#8220;90%&#8220; width_phone=&#8220;90%&#8220; width_last_edited=&#8220;on|phone&#8220; max_width=&#8220;60%&#8220; max_width_tablet=&#8220;100%&#8220; max_width_phone=&#8220;100%&#8220; max_width_last_edited=&#8220;on|desktop&#8220; global_colors_info=&#8220;{}&#8220;][et_pb_column type=&#8220;4_4&#8243; _builder_version=&#8220;4.16&#8243; global_colors_info=&#8220;{}&#8220;][et_pb_text _builder_version=&#8220;4.25.1&#8243; text_font=&#8220;RDHD|300|||||||&#8220; text_text_color=&#8220;#000000&#8243; text_font_size=&#8220;35px&#8220; text_line_height=&#8220;1.6em&#8220; link_text_color=&#8220;#577a34&#8243; text_font_size_tablet=&#8220;25px&#8220; text_font_size_phone=&#8220;22px&#8220; text_font_size_last_edited=&#8220;on|phone&#8220; text_orientation_tablet=&#8220;center&#8220; text_orientation_phone=&#8220;center&#8220; text_orientation_last_edited=&#8220;on|phone&#8220; global_colors_info=&#8220;{}&#8220;]<\/p>\n<p>An der s\u00fcdlichsten Spitze Italiens liegt ein Juwel, das unter der mediterranen Sonne gl\u00e4nzt: Kalabrien. Mit seinen atemberaubenden K\u00fcsten am Tyrrhenischen Meer und am Ionischen Meer bezaubert diese Region mit ihrer einzigartigen Mischung aus jahrtausendealter Geschichte, wilder Natur und einer K\u00fcche voller authentischer Aromen. Zu den faszinierendsten K\u00fcstenst\u00e4dten z\u00e4hlen Tropea, Pizzo und Vibo Marina, jede mit ihrer eigenen lebendigen Pers\u00f6nlichkeit und ihren eigenen Sch\u00e4tzen, die es zu entdecken gilt.  <\/p>\n<p>[\/et_pb_text][\/et_pb_column][\/et_pb_row][\/et_pb_section][et_pb_section fb_built=&#8220;1&#8243; _builder_version=&#8220;4.16&#8243; _module_preset=&#8220;default&#8220; custom_margin=&#8220;100px||29px||false|&#8220; custom_padding=&#8220;30px||30px||false|&#8220; global_colors_info=&#8220;{}&#8220;][et_pb_row _builder_version=&#8220;4.24.2&#8243; _module_preset=&#8220;default&#8220; background_enable_color=&#8220;off&#8220; background_image=&#8220;https:\/\/www.caladelporto.com\/wp-content\/uploads\/2024\/06\/le-nostre-vicinanze-capo-vaticano.jpg&#8220; width=&#8220;100%&#8220; max_width=&#8220;100%&#8220; height=&#8220;530px&#8220; global_colors_info=&#8220;{}&#8220;][et_pb_column type=&#8220;4_4&#8243; _builder_version=&#8220;4.16&#8243; _module_preset=&#8220;default&#8220; global_colors_info=&#8220;{}&#8220;][et_pb_text _builder_version=&#8220;4.25.1&#8243; _module_preset=&#8220;default&#8220; text_font=&#8220;MR xx||||||||&#8220; text_text_color=&#8220;#FFFFFF&#8220; header_3_font=&#8220;MR xx||||||||&#8220; header_3_text_color=&#8220;#FFFFFF&#8220; header_3_font_size=&#8220;11vw&#8220; text_orientation=&#8220;center&#8220; animation_style=&#8220;fade&#8220; animation_duration=&#8220;950ms&#8220; header_3_font_size_tablet=&#8220;13vw&#8220; header_3_font_size_phone=&#8220;12vw&#8220; header_3_font_size_last_edited=&#8220;on|phone&#8220; animation_duration_tablet=&#8220;1300ms&#8220; animation_duration_phone=&#8220;1300ms&#8220; animation_duration_last_edited=&#8220;on|phone&#8220; global_colors_info=&#8220;{}&#8220;]<\/p>\n<h3>unsere Umgebung<\/h3>\n<p>[\/et_pb_text][\/et_pb_column][\/et_pb_row][et_pb_row column_structure=&#8220;1_2,1_2&#8243; use_custom_gutter=&#8220;on&#8220; gutter_width=&#8220;2&#8243; custom_padding_last_edited=&#8220;on|phone&#8220; _builder_version=&#8220;4.21.0&#8243; _module_preset=&#8220;default&#8220; background_color=&#8220;#FFFFFF&#8220; width_tablet=&#8220;90%&#8220; width_phone=&#8220;95%&#8220; width_last_edited=&#8220;on|phone&#8220; max_width_tablet=&#8220;90%&#8220; max_width_phone=&#8220;95%&#8220; max_width_last_edited=&#8220;on|tablet&#8220; custom_margin=&#8220;-20vw||||false|false&#8220; custom_padding=&#8220;60px|60px|60px|60px|true|true&#8220; custom_padding_tablet=&#8220;|30px||30px|true|true&#8220; custom_padding_phone=&#8220;|0px||0px|true|true&#8220; box_shadow_style=&#8220;preset1&#8243; global_colors_info=&#8220;{}&#8220;][et_pb_column type=&#8220;1_2&#8243; _builder_version=&#8220;4.16&#8243; _module_preset=&#8220;default&#8220; global_colors_info=&#8220;{}&#8220;][dsm_pricelist separator_color=&#8220;RGBA(255,255,255,0)&#8220; _builder_version=&#8220;4.25.1&#8243; _module_preset=&#8220;default&#8220; header_font=&#8220;RDHD||||||||&#8220; content_font=&#8220;RDHD|300|||||||&#8220; content_text_color=&#8220;#000000&#8243; content_font_size=&#8220;20px&#8220; content_line_height=&#8220;1.6em&#8220; price_font=&#8220;RDHD|800|||||||&#8220; price_text_color=&#8220;#000000&#8243; content_font_size_tablet=&#8220;20px&#8220; content_font_size_phone=&#8220;18px&#8220; content_font_size_last_edited=&#8220;on|phone&#8220; global_colors_info=&#8220;{}&#8220;][dsm_pricelist_child price=&#8220;10 km&#8220; title=&#8220;Pizzo Calabro&#8220; _builder_version=&#8220;4.25.1&#8243; _module_preset=&#8220;default&#8220; custom_margin=&#8220;|20px||20px|false|true&#8220; global_colors_info=&#8220;{}&#8220;]<\/p>\n<p>Pizzo ist bekannt f\u00fcr sein Tr\u00fcffeleis und das Castello Murat und ist ein malerisches Dorf mit einer charmanten Altstadt und einem herrlichen Blick auf den Golf von Sant&#8217;Eufemia.<\/p>\n<p>[\/dsm_pricelist_child][dsm_pricelist_child price=&#8220;25 Km&#8220; title=&#8220;Tropea&#8220; _builder_version=&#8220;4.25.1&#8243; _module_preset=&#8220;default&#8220; custom_margin=&#8220;|20px||20px|false|true&#8220; global_colors_info=&#8220;{}&#8220;]<\/p>\n<p>Tropea mit seinen wei\u00dfen Sandstr\u00e4nden und mittelalterlichen Gassen ist eines der faszinierendsten Reiseziele Kalabriens. Verpassen Sie nicht die Wallfahrtskirche Santa Maria dell&#8217;Isola, die auf einem Felsvorsprung liegt und einen atemberaubenden Blick auf das Meer bietet. <\/p>\n<p>[\/dsm_pricelist_child][dsm_pricelist_child price=&#8220;32 km&#8220; title=&#8220;Capo Vaticano&#8220; _builder_version=&#8220;4.25.1&#8243; _module_preset=&#8220;default&#8220; custom_margin=&#8220;|20px||20px|false|true&#8220; global_colors_info=&#8220;{}&#8220;]<\/p>\n<div class=\"dfd-price-block\">\n<div class=\"text-wrap\">\n<div class=\"dfd-price-cover\">\n<div class=\"dfd-content-subtitle\">Capo Vaticano ist bekannt f\u00fcr seine spektakul\u00e4ren Klippen und sein kristallklares Wasser und ideal f\u00fcr alle, die das Meer und das Tauchen lieben.<\/div>\n<\/div>\n<\/div>\n<\/div>\n<p>[\/dsm_pricelist_child][dsm_pricelist_child price=&#8220;30 km&#8220; title=&#8220;Zungri und die Grotten der Sbariati&#8220; _builder_version=&#8220;4.25.1&#8243; _module_preset=&#8220;default&#8220; custom_margin=&#8220;|20px||20px|false|true&#8220; global_colors_info=&#8220;{}&#8220;]<\/p>\n<div class=\"dfd-price-block\">\n<div class=\"text-wrap\">\n<div class=\"dfd-price-cover\">\n<div class=\"dfd-content-subtitle\">\n<div id=\"dfd-price-wrap-65c393dfcb12c-5802\" class=\"dfd-price-wrap \">\n<div class=\"dfd-price-block\">\n<div class=\"text-wrap\">\n<div class=\"dfd-price-cover\">\n<div class=\"dfd-content-subtitle\">Dieses alte Dorf bietet mit seinen in den Fels gehauenen H\u00f6hlen und den noch lebendigen l\u00e4ndlichen Traditionen eine Reise in die Vergangenheit.<\/div>\n<\/div>\n<\/div>\n<\/div>\n<\/div>\n<\/div>\n<\/div>\n<\/div>\n<\/div>\n<p>[\/dsm_pricelist_child][dsm_pricelist_child price=&#8220;35 km&#8220; title=&#8220;Lamezia Terme&#8220; _builder_version=&#8220;4.25.1&#8243; _module_preset=&#8220;default&#8220; custom_margin=&#8220;|20px||20px|false|true&#8220; global_colors_info=&#8220;{}&#8220;]<\/p>\n<div class=\"dfd-price-block\">\n<div class=\"text-wrap\">\n<div class=\"dfd-price-cover\">\n<div class=\"dfd-content-subtitle\">\n<div id=\"dfd-price-wrap-65c393dfcb12c-5802\" class=\"dfd-price-wrap \">\n<div class=\"dfd-price-block\">\n<div class=\"text-wrap\">\n<div class=\"dfd-price-cover\">\n<div class=\"dfd-content-subtitle\">\n<p>Eine bedeutende Kurstadt mit den Thermen von Caronte und zahlreichen historischen Sehensw\u00fcrdigkeiten.<\/p>\n<\/div>\n<\/div>\n<\/div>\n<\/div>\n<\/div>\n<\/div>\n<\/div>\n<\/div>\n<\/div>\n<p>[\/dsm_pricelist_child][dsm_pricelist_child price=&#8220;50 km&#8220; title=&#8220;Catanzaro&#8220; _builder_version=&#8220;4.25.1&#8243; _module_preset=&#8220;default&#8220; custom_margin=&#8220;|20px||20px|false|true&#8220; global_colors_info=&#8220;{}&#8220;]<\/p>\n<div class=\"dfd-price-block\">\n<div class=\"text-wrap\">\n<div class=\"dfd-price-cover\">\n<div class=\"dfd-content-subtitle\">\n<div id=\"dfd-price-wrap-65c393dfcb12c-5802\" class=\"dfd-price-wrap \">\n<div class=\"dfd-price-block\">\n<div class=\"text-wrap\">\n<div class=\"dfd-price-cover\">\n<div class=\"dfd-content-subtitle\">\n<p>Die Hauptstadt Kalabriens mit ihrer Altstadt, dem Park der mediterranen Artenvielfalt und dem Kunstmuseum von Catanzaro.<\/p>\n<\/div>\n<\/div>\n<\/div>\n<\/div>\n<\/div>\n<\/div>\n<\/div>\n<\/div>\n<\/div>\n<p>[\/dsm_pricelist_child][dsm_pricelist_child price=&#8220;45 km&#8220; title=&#8220;Nicotera&#8220; _builder_version=&#8220;4.25.1&#8243; _module_preset=&#8220;default&#8220; custom_margin=&#8220;|20px||20px|false|true&#8220; global_colors_info=&#8220;{}&#8220;]<\/p>\n<div class=\"dfd-price-block\">\n<div class=\"text-wrap\">\n<div class=\"dfd-price-cover\">\n<div class=\"dfd-content-subtitle\">\n<div id=\"dfd-price-wrap-65c393dfcb12c-5802\" class=\"dfd-price-wrap \">\n<div class=\"dfd-price-block\">\n<div class=\"text-wrap\">\n<div class=\"dfd-price-cover\">\n<div class=\"dfd-content-subtitle\">\n<p>Eine kleine Stadt mit einem sch\u00f6nen Strand und einer interessanten Altstadt, ideal f\u00fcr einen Tagesausflug.<\/p>\n<\/div>\n<\/div>\n<\/div>\n<\/div>\n<\/div>\n<\/div>\n<\/div>\n<\/div>\n<\/div>\n<p>[\/dsm_pricelist_child][dsm_pricelist_child price=&#8220;60 km&#8220; title=&#8220;Santa Severina&#8220; _builder_version=&#8220;4.25.1&#8243; _module_preset=&#8220;default&#8220; custom_margin=&#8220;|20px||20px|false|true&#8220; global_colors_info=&#8220;{}&#8220;]<\/p>\n<div class=\"dfd-price-block\">\n<div class=\"text-wrap\">\n<div class=\"dfd-price-cover\">\n<div class=\"dfd-content-subtitle\">\n<div id=\"dfd-price-wrap-65c393dfcb12c-5802\" class=\"dfd-price-wrap \">\n<div class=\"dfd-price-block\">\n<div class=\"text-wrap\">\n<div class=\"dfd-price-cover\">\n<div class=\"dfd-content-subtitle\">\n<p>Eines der sch\u00f6nsten D\u00f6rfer Italiens mit seiner normannischen Burg und einer faszinierenden Kathedrale.<\/p>\n<\/div>\n<\/div>\n<\/div>\n<\/div>\n<\/div>\n<\/div>\n<\/div>\n<\/div>\n<\/div>\n<p>[\/dsm_pricelist_child][dsm_pricelist_child price=&#8220;75 km&#8220; title=&#8220;Badolato&#8220; _builder_version=&#8220;4.25.1&#8243; _module_preset=&#8220;default&#8220; custom_margin=&#8220;|20px||20px|false|true&#8220; global_colors_info=&#8220;{}&#8220;]<\/p>\n<div class=\"dfd-price-block\">\n<div class=\"text-wrap\">\n<div class=\"dfd-price-cover\">\n<div class=\"dfd-content-subtitle\">\n<div id=\"dfd-price-wrap-65c393dfcb12c-5802\" class=\"dfd-price-wrap \">\n<div class=\"dfd-price-block\">\n<div class=\"text-wrap\">\n<div class=\"dfd-price-cover\">\n<div class=\"dfd-content-subtitle\">\n<p>Eines der sch\u00f6nsten D\u00f6rfer Italiens mit seiner normannischen Burg und einer faszinierenden Kathedrale.<\/p>\n<\/div>\n<\/div>\n<\/div>\n<\/div>\n<\/div>\n<\/div>\n<\/div>\n<\/div>\n<\/div>\n<p>[\/dsm_pricelist_child][\/dsm_pricelist][\/et_pb_column][et_pb_column type=&#8220;1_2&#8243; _builder_version=&#8220;4.16&#8243; _module_preset=&#8220;default&#8220; global_colors_info=&#8220;{}&#8220;][dsm_pricelist separator_color=&#8220;RGBA(255,255,255,0)&#8220; _builder_version=&#8220;4.25.1&#8243; _module_preset=&#8220;default&#8220; header_font=&#8220;RDHD||||||||&#8220; content_font=&#8220;RDHD|300|||||||&#8220; content_text_color=&#8220;#000000&#8243; content_font_size=&#8220;20px&#8220; content_line_height=&#8220;1.6em&#8220; price_font=&#8220;RDHD|800|||||||&#8220; price_text_color=&#8220;#000000&#8243; content_font_size_tablet=&#8220;20px&#8220; content_font_size_phone=&#8220;18px&#8220; content_font_size_last_edited=&#8220;on|phone&#8220; global_colors_info=&#8220;{}&#8220;][dsm_pricelist_child price=&#8220;75 Km&#8220; title=&#8220;Scilla&#8220; _builder_version=&#8220;4.25.1&#8243; _module_preset=&#8220;default&#8220; custom_margin=&#8220;|20px||20px|false|true&#8220; global_colors_info=&#8220;{}&#8220;]<\/p>\n<div class=\"dfd-price-block\">\n<div class=\"text-wrap\">\n<div class=\"dfd-price-cover\">\n<div class=\"dfd-content-subtitle\">\n<div class=\"dfd-price-block\">\n<div class=\"text-wrap\">\n<div class=\"dfd-price-cover\">\n<div class=\"dfd-content-subtitle\">\n<div id=\"dfd-price-wrap-65c393dfcb12c-5802\" class=\"dfd-price-wrap \">\n<div class=\"dfd-price-block\">\n<div class=\"text-wrap\">\n<div class=\"dfd-price-cover\">\n<div class=\"dfd-content-subtitle\">Scylla, bekannt f\u00fcr seine legend\u00e4re Verbindung zu Homer, ist ein Fischerdorf mit dem Castello Ruffo, das das Meer und das malerische Viertel Chianalea \u00fcberragt.<\/div>\n<\/div>\n<\/div>\n<\/div>\n<\/div>\n<\/div>\n<\/div>\n<\/div>\n<\/div>\n<\/div>\n<\/div>\n<\/div>\n<\/div>\n<p>[\/dsm_pricelist_child][dsm_pricelist_child price=&#8220;70 Km&#8220; title=&#8220;Stilo&#8220; _builder_version=&#8220;4.25.1&#8243; _module_preset=&#8220;default&#8220; custom_margin=&#8220;|20px||20px|false|true&#8220; global_colors_info=&#8220;{}&#8220;]<\/p>\n<div class=\"dfd-price-block\">\n<div class=\"text-wrap\">\n<div class=\"dfd-price-cover\">\n<div class=\"dfd-content-subtitle\">\n<div class=\"dfd-price-block\">\n<div class=\"text-wrap\">\n<div class=\"dfd-price-cover\">\n<div class=\"dfd-content-subtitle\">\n<div id=\"dfd-price-wrap-65c393dfcb12c-5802\" class=\"dfd-price-wrap \">\n<div class=\"dfd-price-block\">\n<div class=\"text-wrap\">\n<div class=\"dfd-price-cover\">\n<div class=\"dfd-content-subtitle\">\n<div class=\"dfd-price-block\">\n<div class=\"text-wrap\">\n<div class=\"dfd-price-cover\">\n<div class=\"dfd-content-subtitle\">\n<div id=\"dfd-price-wrap-65c393dfcb12c-5802\" class=\"dfd-price-wrap \">\n<div class=\"dfd-price-block\">\n<div class=\"text-wrap\">\n<div class=\"dfd-price-cover\">\n<div class=\"dfd-content-subtitle\">\n<p>Dieses Dorf ist bekannt f\u00fcr die Cattolica di Stilo, eine kleine, perfekt erhaltene byzantinische Kirche, und f\u00fcr seine faszinierende Altstadt.<\/p>\n<\/div>\n<\/div>\n<\/div>\n<\/div>\n<\/div>\n<\/div>\n<\/div>\n<\/div>\n<\/div>\n<\/div>\n<\/div>\n<\/div>\n<\/div>\n<\/div>\n<\/div>\n<\/div>\n<\/div>\n<\/div>\n<\/div>\n<\/div>\n<\/div>\n<\/div>\n<p>[\/dsm_pricelist_child][dsm_pricelist_child price=&#8220;50 Km&#8220; title=&#8220;Serra San Bruno&#8220; _builder_version=&#8220;4.25.1&#8243; _module_preset=&#8220;default&#8220; custom_margin=&#8220;|20px||20px|false|true&#8220; global_colors_info=&#8220;{}&#8220;]<\/p>\n<div class=\"dfd-price-block\">\n<div class=\"text-wrap\">\n<div class=\"dfd-price-cover\">\n<div class=\"dfd-content-subtitle\">\n<p>Bekannt f\u00fcr die Kartause San Bruno, ein Kart\u00e4userkloster inmitten der Natur, ist es ein Ort gro\u00dfer Spiritualit\u00e4t und Ruhe.<\/p>\n<\/div>\n<\/div>\n<\/div>\n<\/div>\n<p>[\/dsm_pricelist_child][dsm_pricelist_child price=&#8220;70 Km&#8220; title=&#8220;Soverato&#8220; _builder_version=&#8220;4.25.1&#8243; _module_preset=&#8220;default&#8220; custom_margin=&#8220;|20px||20px|false|true&#8220; global_colors_info=&#8220;{}&#8220;]<\/p>\n<div class=\"dfd-price-block\">\n<div class=\"text-wrap\">\n<div class=\"dfd-price-cover\">\n<div class=\"dfd-content-subtitle\">\n<p>Ein Badeort, der f\u00fcr seine Str\u00e4nde und sein pulsierendes Nachtleben bekannt ist und sich perfekt f\u00fcr einen entspannten Tag am Meer eignet.<\/p>\n<\/div>\n<\/div>\n<\/div>\n<\/div>\n<p>[\/dsm_pricelist_child][dsm_pricelist_child price=&#8220;70 Km&#8220; title=&#8220;Catanzaro&#8220; _builder_version=&#8220;4.25.1&#8243; _module_preset=&#8220;default&#8220; custom_margin=&#8220;|20px||20px|false|true&#8220; global_colors_info=&#8220;{}&#8220;]<\/p>\n<p>Die Hauptstadt Kalabriens mit ihrer Altstadt, dem Park der mediterranen Artenvielfalt und dem Kunstmuseum von Catanzaro.<\/p>\n<p>&nbsp;<\/p>\n<p>[\/dsm_pricelist_child][dsm_pricelist_child price=&#8220;85 Km&#8220; title=&#8220;Roccella Ionica&#8220; _builder_version=&#8220;4.25.1&#8243; _module_preset=&#8220;default&#8220; custom_margin=&#8220;|20px||20px|false|true&#8220; global_colors_info=&#8220;{}&#8220;]<\/p>\n<p>Eine weitere Perle an der ionischen K\u00fcste mit einer mittelalterlichen Burg und einem langen Sandstrand.<\/p>\n<p>&nbsp;<\/p>\n<p>[\/dsm_pricelist_child][dsm_pricelist_child price=&#8220;90 Km&#8220; title=&#8220;Gerace&#8220; _builder_version=&#8220;4.25.1&#8243; _module_preset=&#8220;default&#8220; custom_margin=&#8220;|20px||20px|false|true&#8220; global_colors_info=&#8220;{}&#8220;]<\/p>\n<p>Gerace ist ein faszinierendes mittelalterliches Dorf auf einem H\u00fcgel, das einen Panoramablick und zahlreiche alte Kirchen zu bieten hat.<\/p>\n<p>&nbsp;<\/p>\n<p>[\/dsm_pricelist_child][\/dsm_pricelist][\/et_pb_column][\/et_pb_row][\/et_pb_section][et_pb_section fb_built=&#8220;1&#8243; _builder_version=&#8220;4.25.1&#8243; _module_preset=&#8220;default&#8220; locked=&#8220;off&#8220; global_colors_info=&#8220;{}&#8220;][et_pb_row _builder_version=&#8220;4.25.1&#8243; global_colors_info=&#8220;{}&#8220;][et_pb_column type=&#8220;4_4&#8243; _builder_version=&#8220;4.16&#8243; global_colors_info=&#8220;{}&#8220;][et_pb_text _builder_version=&#8220;4.25.1&#8243; text_font=&#8220;RDHD|300|||||||&#8220; text_text_color=&#8220;#000000&#8243; text_font_size=&#8220;35px&#8220; text_line_height=&#8220;1.6em&#8220; link_text_color=&#8220;#7cda24&#8243; text_orientation=&#8220;center&#8220; text_font_size_tablet=&#8220;25px&#8220; text_font_size_phone=&#8220;22px&#8220; text_font_size_last_edited=&#8220;on|phone&#8220; text_orientation_tablet=&#8220;center&#8220; text_orientation_phone=&#8220;center&#8220; text_orientation_last_edited=&#8220;off|desktop&#8220; global_colors_info=&#8220;{}&#8220;]<\/p>\n<p>Kalabrien zu erkunden bedeutet, in eine Region einzutauchen, die reich an Geschichte, Natur und authentischen Traditionen ist.<\/p>\n<p>[\/et_pb_text][et_pb_text _builder_version=&#8220;4.25.1&#8243; text_font=&#8220;RDHD|300|||||||&#8220; text_text_color=&#8220;#000000&#8243; text_font_size=&#8220;20px&#8220; text_line_height=&#8220;1.6em&#8220; width=&#8220;80%&#8220; width_tablet=&#8220;100%&#8220; width_phone=&#8220;100%&#8220; width_last_edited=&#8220;on|tablet&#8220; max_width=&#8220;80%&#8220; max_width_tablet=&#8220;100%&#8220; max_width_phone=&#8220;100%&#8220; max_width_last_edited=&#8220;on|tablet&#8220; module_alignment=&#8220;center&#8220; text_font_size_tablet=&#8220;20px&#8220; text_font_size_phone=&#8220;18px&#8220; text_font_size_last_edited=&#8220;on|phone&#8220; text_orientation_tablet=&#8220;center&#8220; text_orientation_phone=&#8220;center&#8220; text_orientation_last_edited=&#8220;off|desktop&#8220; global_colors_info=&#8220;{}&#8220;]<\/p>\n<p>Willkommen im Land der atemberaubenden Kontraste, wo die Berge auf das kristallklare Meer treffen und Geschichte mit Moderne verschmilzt. Willkommen in Kalabrien, einem versteckten Juwel im Herzen S\u00fcditaliens, wo jeder Winkel eine Geschichte zu erz\u00e4hlen hat. <\/p>\n<p>Das Hotel Cala del Porto liegt im malerischen Vibo Marina und verk\u00f6rpert Eleganz und Komfort. Mit seinen ger\u00e4umigen Zimmern und seiner einladenden Atmosph\u00e4re ist dieses Hotel der ideale Ausgangspunkt, um alles zu erkunden, was Kalabrien zu bieten hat. Das Hotel Cala del Porto liegt strategisch g\u00fcnstig zwischen Tropea und Pizzo, zwei der faszinierendsten Orte der Region, und bietet nicht nur einen luxuri\u00f6sen Aufenthalt, sondern auch ein authentisches Erlebnis.  <\/p>\n<p>Nur zwanzig Minuten vom Hotel Cala del Porto entfernt liegt Tropea, eine Stadt, die mit ihrer historischen Architektur und ihren wei\u00dfen Sandstr\u00e4nden, die vom kristallklaren Wasser des Tyrrhenischen Meeres umsp\u00fclt werden, bezaubert. Spazieren Sie durch die mittelalterlichen Gassen von Tropea und entdecken Sie die jahrtausendealte Geschichte, die sich hinter jeder Ecke verbirgt. Genie\u00dfen Sie die kalabrische K\u00fcche in den lokalen Trattorien und lassen Sie sich von der Leidenschaft und Gastfreundschaft der Einwohner verzaubern.  <\/p>\n<p>N\u00f6rdlich von Vibo Marina liegt Pizzo, ein mittelalterliches Dorf, das nicht nur f\u00fcr seine Geschichte bekannt ist, sondern auch f\u00fcr sein k\u00f6stliches Tr\u00fcffeleis, eine lokale Spezialit\u00e4t, die man sich nicht entgehen lassen sollte. Besuchen Sie das Castello Murat und genie\u00dfen Sie den atemberaubenden Blick auf den Golf von Sant&#8217;Eufemia. Spazieren Sie entlang der Strandpromenade und lassen Sie sich vom Charme von Pizzo Vecchio verzaubern, wo die Zeit still zu stehen scheint.  <\/p>\n<p>[\/et_pb_text][\/et_pb_column][\/et_pb_row][et_pb_row column_structure=&#8220;1_2,1_2&#8243; _builder_version=&#8220;4.25.1&#8243; global_colors_info=&#8220;{}&#8220;][et_pb_column type=&#8220;1_2&#8243; _builder_version=&#8220;4.25.1&#8243; background_image=&#8220;https:\/\/www.caladelporto.com\/wp-content\/uploads\/2024\/06\/tropea-3.jpg&#8220; background_position=&#8220;center_right&#8220; global_colors_info=&#8220;{}&#8220;][et_pb_text _builder_version=&#8220;4.25.1&#8243; _module_preset=&#8220;default&#8220; height=&#8220;650px&#8220; global_colors_info=&#8220;{}&#8220;][\/et_pb_text][\/et_pb_column][et_pb_column type=&#8220;1_2&#8243; _builder_version=&#8220;4.25.1&#8243; background_image=&#8220;https:\/\/www.caladelporto.com\/wp-content\/uploads\/2024\/05\/vacanze-al-mare-calabria.jpg&#8220; background_position=&#8220;center_right&#8220; global_colors_info=&#8220;{}&#8220;][et_pb_text _builder_version=&#8220;4.25.1&#8243; _module_preset=&#8220;default&#8220; height=&#8220;650px&#8220; global_colors_info=&#8220;{}&#8220;][\/et_pb_text][\/et_pb_column][\/et_pb_row][\/et_pb_section][et_pb_section fb_built=&#8220;1&#8243; _builder_version=&#8220;4.25.1&#8243; _module_preset=&#8220;default&#8220; background_color=&#8220;gcid-cae9bc41-f69c-4fd3-9b5c-d24e032d106d&#8220; custom_padding=&#8220;135px|||||&#8220; locked=&#8220;off&#8220; global_colors_info=&#8220;{%22gcid-cae9bc41-f69c-4fd3-9b5c-d24e032d106d%22:%91%22background_color%22%93}&#8220;][et_pb_row column_structure=&#8220;1_2,1_2&#8243; _builder_version=&#8220;4.25.1&#8243; global_colors_info=&#8220;{}&#8220;][et_pb_column type=&#8220;1_2&#8243; _builder_version=&#8220;4.25.1&#8243; background_image=&#8220;https:\/\/www.caladelporto.com\/wp-content\/uploads\/2024\/05\/vibo-marina-calabria-hotel.jpg&#8220; global_colors_info=&#8220;{}&#8220;][et_pb_text _builder_version=&#8220;4.25.1&#8243; _module_preset=&#8220;default&#8220; height=&#8220;533px&#8220; global_colors_info=&#8220;{}&#8220;][\/et_pb_text][\/et_pb_column][et_pb_column type=&#8220;1_2&#8243; _builder_version=&#8220;4.16&#8243; global_colors_info=&#8220;{}&#8220;][et_pb_text _builder_version=&#8220;4.25.1&#8243; header_3_font=&#8220;MR xx||||||||&#8220; header_3_text_color=&#8220;#6d6964&#8243; header_3_font_size=&#8220;11vw&#8220; text_orientation=&#8220;center&#8220; custom_margin=&#8220;-150px||||false|false&#8220; custom_margin_tablet=&#8220;0px||||false|false&#8220; custom_margin_phone=&#8220;0px||||false|false&#8220; custom_margin_last_edited=&#8220;on|phone&#8220; animation_style=&#8220;fade&#8220; animation_duration=&#8220;950ms&#8220; header_3_font_size_tablet=&#8220;13vw&#8220; header_3_font_size_phone=&#8220;12vw&#8220; header_3_font_size_last_edited=&#8220;on|phone&#8220; animation_duration_tablet=&#8220;1300ms&#8220; animation_duration_phone=&#8220;1300ms&#8220; animation_duration_last_edited=&#8220;on|phone&#8220; global_colors_info=&#8220;{}&#8220;]<\/p>\n<h3>vibo marina<\/h3>\n<p>[\/et_pb_text][et_pb_text _builder_version=&#8220;4.25.1&#8243; text_font=&#8220;RDHD|300|||||||&#8220; text_text_color=&#8220;#000000&#8243; text_font_size=&#8220;35px&#8220; text_line_height=&#8220;1.6em&#8220; link_text_color=&#8220;#7cda24&#8243; text_orientation=&#8220;center&#8220; text_font_size_tablet=&#8220;25px&#8220; text_font_size_phone=&#8220;22px&#8220; text_font_size_last_edited=&#8220;on|phone&#8220; text_orientation_tablet=&#8220;center&#8220; text_orientation_phone=&#8220;center&#8220; text_orientation_last_edited=&#8220;off|desktop&#8220; global_colors_info=&#8220;{}&#8220;]<\/p>\n<p>Ein faszinierendes Fischerdorf zwischen Tradition und Moderne<\/p>\n<p>[\/et_pb_text][et_pb_text _builder_version=&#8220;4.25.1&#8243; text_font=&#8220;RDHD|300|||||||&#8220; text_text_color=&#8220;#000000&#8243; text_font_size=&#8220;20px&#8220; text_line_height=&#8220;1.6em&#8220; width=&#8220;80%&#8220; width_tablet=&#8220;100%&#8220; width_phone=&#8220;100%&#8220; width_last_edited=&#8220;on|tablet&#8220; max_width=&#8220;80%&#8220; max_width_tablet=&#8220;100%&#8220; max_width_phone=&#8220;100%&#8220; max_width_last_edited=&#8220;on|tablet&#8220; module_alignment=&#8220;center&#8220; hover_enabled=&#8220;0&#8243; text_font_size_tablet=&#8220;20px&#8220; text_font_size_phone=&#8220;18px&#8220; text_font_size_last_edited=&#8220;on|phone&#8220; text_orientation_tablet=&#8220;center&#8220; text_orientation_phone=&#8220;center&#8220; text_orientation_last_edited=&#8220;off|desktop&#8220; global_colors_info=&#8220;{}&#8220; sticky_enabled=&#8220;0&#8243;]Vibo Marina, ein bezauberndes Dorf an der tyrrhenischen K\u00fcste Kalabriens, ist ein verstecktes Juwel, das seine Wurzeln in der tiefen Seefahrertradition der Region hat. Dieser Ort, strategisch g\u00fcnstig zwischen den bekannten Orten Tropea und Pizzo gelegen, bietet eine einzigartige Mischung aus Geschichte, Kultur und nat\u00fcrlicher Sch\u00f6nheit, die ihn zu einem unverzichtbaren Reiseziel f\u00fcr alle macht, die das wahre Wesen Kalabriens entdecken m\u00f6chten. <\/p>\n<p>&nbsp;<\/p>\n<p><a href=\"https:\/\/www.caladelporto.com\/vacanza-in-calabria-vibo-tropea-pizzo\/hotel-a-vibo-marina-vicino-al-mare\/\" class=\"custom-button\">Entdecken Sie<\/a>[\/et_pb_text][\/et_pb_column][\/et_pb_row][\/et_pb_section][et_pb_section fb_built=&#8220;1&#8243; _builder_version=&#8220;4.25.1&#8243; _module_preset=&#8220;default&#8220; background_enable_color=&#8220;off&#8220; custom_padding=&#8220;135px|||||&#8220; locked=&#8220;off&#8220; global_colors_info=&#8220;{%22gcid-cae9bc41-f69c-4fd3-9b5c-d24e032d106d%22:%91%22background_color%22%93}&#8220;][et_pb_row column_structure=&#8220;1_2,1_2&#8243; _builder_version=&#8220;4.25.1&#8243; global_colors_info=&#8220;{}&#8220;][et_pb_column type=&#8220;1_2&#8243; _builder_version=&#8220;4.16&#8243; global_colors_info=&#8220;{}&#8220;][et_pb_text _builder_version=&#8220;4.25.1&#8243; header_3_font=&#8220;MR xx||||||||&#8220; header_3_text_color=&#8220;#6d6964&#8243; header_3_font_size=&#8220;11vw&#8220; text_orientation=&#8220;center&#8220; custom_margin=&#8220;-150px||||false|false&#8220; custom_margin_tablet=&#8220;0px||||false|false&#8220; custom_margin_phone=&#8220;0px||||false|false&#8220; custom_margin_last_edited=&#8220;on|phone&#8220; animation_style=&#8220;fade&#8220; animation_duration=&#8220;950ms&#8220; header_3_font_size_tablet=&#8220;13vw&#8220; header_3_font_size_phone=&#8220;12vw&#8220; header_3_font_size_last_edited=&#8220;on|phone&#8220; animation_duration_tablet=&#8220;1300ms&#8220; animation_duration_phone=&#8220;1300ms&#8220; animation_duration_last_edited=&#8220;on|phone&#8220; global_colors_info=&#8220;{}&#8220;]<\/p>\n<h3>tropea<\/h3>\n<p>[\/et_pb_text][et_pb_text _builder_version=&#8220;4.25.1&#8243; text_font=&#8220;RDHD|300|||||||&#8220; text_text_color=&#8220;#000000&#8243; text_font_size=&#8220;35px&#8220; text_line_height=&#8220;1.6em&#8220; link_text_color=&#8220;#7cda24&#8243; text_orientation=&#8220;center&#8220; text_font_size_tablet=&#8220;25px&#8220; text_font_size_phone=&#8220;22px&#8220; text_font_size_last_edited=&#8220;on|phone&#8220; text_orientation_tablet=&#8220;center&#8220; text_orientation_phone=&#8220;center&#8220; text_orientation_last_edited=&#8220;off|desktop&#8220; global_colors_info=&#8220;{}&#8220;]<\/p>\n<p>Der Balkon \u00fcber dem Tyrrhenischen Meer<\/p>\n<p>[\/et_pb_text][et_pb_text _builder_version=&#8220;4.25.1&#8243; text_font=&#8220;RDHD|300|||||||&#8220; text_text_color=&#8220;#000000&#8243; text_font_size=&#8220;20px&#8220; text_line_height=&#8220;1.6em&#8220; width=&#8220;80%&#8220; width_tablet=&#8220;100%&#8220; width_phone=&#8220;100%&#8220; width_last_edited=&#8220;on|tablet&#8220; max_width=&#8220;80%&#8220; max_width_tablet=&#8220;100%&#8220; max_width_phone=&#8220;100%&#8220; max_width_last_edited=&#8220;on|tablet&#8220; module_alignment=&#8220;center&#8220; hover_enabled=&#8220;0&#8243; text_font_size_tablet=&#8220;20px&#8220; text_font_size_phone=&#8220;18px&#8220; text_font_size_last_edited=&#8220;on|phone&#8220; text_orientation_tablet=&#8220;center&#8220; text_orientation_phone=&#8220;center&#8220; text_orientation_last_edited=&#8220;off|desktop&#8220; global_colors_info=&#8220;{}&#8220; sticky_enabled=&#8220;0&#8243;]Tropea ist eine Perle, die auf einer wei\u00dfen Tuffsteinklippe liegt und auf das kristallklare Wasser des Tyrrhenischen Meeres blickt. Diese Stadt ist ber\u00fchmt f\u00fcr ihre bezaubernden Str\u00e4nde, wie den ber\u00fchmten Strand von Tropea, der von steilen Klippen umrahmt ist. <\/p>\n<p>Ein Spaziergang durch die Gassen der Altstadt ist eine Zeitreise zwischen Adelspal\u00e4sten, alten Kirchen und atemberaubenden Ausblicken. Verpassen Sie nicht die Aussicht vom Aussichtspunkt, wo der Blick von den \u00c4olischen Inseln bis zum Golf von Sant&#8217;Eufemia reicht. <span><\/span><\/p>\n<p><a href=\"https:\/\/www.caladelporto.com\/vacanza-in-calabria-vibo-tropea-pizzo\/hotel-4-stelle-vicino-a-tropea\/\" class=\"custom-button\">Entdecken Sie<\/a>[\/et_pb_text][\/et_pb_column][et_pb_column type=&#8220;1_2&#8243; _builder_version=&#8220;4.25.1&#8243; background_image=&#8220;https:\/\/www.caladelporto.com\/wp-content\/uploads\/2024\/06\/vacanza-in-calabria.jpg&#8220; global_colors_info=&#8220;{}&#8220;][et_pb_text _builder_version=&#8220;4.25.1&#8243; _module_preset=&#8220;default&#8220; height=&#8220;533px&#8220; global_colors_info=&#8220;{}&#8220;][\/et_pb_text][\/et_pb_column][\/et_pb_row][\/et_pb_section][et_pb_section fb_built=&#8220;1&#8243; _builder_version=&#8220;4.25.1&#8243; _module_preset=&#8220;default&#8220; background_color=&#8220;gcid-cae9bc41-f69c-4fd3-9b5c-d24e032d106d&#8220; custom_padding=&#8220;135px|||||&#8220; locked=&#8220;off&#8220; global_colors_info=&#8220;{%22gcid-cae9bc41-f69c-4fd3-9b5c-d24e032d106d%22:%91%22background_color%22%93}&#8220;][et_pb_row column_structure=&#8220;1_2,1_2&#8243; _builder_version=&#8220;4.25.1&#8243; global_colors_info=&#8220;{}&#8220;][et_pb_column type=&#8220;1_2&#8243; _builder_version=&#8220;4.25.1&#8243; background_image=&#8220;https:\/\/www.caladelporto.com\/wp-content\/uploads\/2024\/06\/pizzo-calabro-2.jpg&#8220; global_colors_info=&#8220;{}&#8220;][et_pb_text _builder_version=&#8220;4.25.1&#8243; _module_preset=&#8220;default&#8220; height=&#8220;533px&#8220; global_colors_info=&#8220;{}&#8220;][\/et_pb_text][\/et_pb_column][et_pb_column type=&#8220;1_2&#8243; _builder_version=&#8220;4.16&#8243; global_colors_info=&#8220;{}&#8220;][et_pb_text _builder_version=&#8220;4.25.1&#8243; header_3_font=&#8220;MR xx||||||||&#8220; header_3_text_color=&#8220;#6d6964&#8243; header_3_font_size=&#8220;11vw&#8220; header_3_line_height=&#8220;0.8em&#8220; text_orientation=&#8220;center&#8220; custom_margin=&#8220;-150px||||false|false&#8220; custom_margin_tablet=&#8220;0px||||false|false&#8220; custom_margin_phone=&#8220;0px||||false|false&#8220; custom_margin_last_edited=&#8220;on|phone&#8220; animation_style=&#8220;fade&#8220; animation_duration=&#8220;950ms&#8220; header_3_font_size_tablet=&#8220;13vw&#8220; header_3_font_size_phone=&#8220;12vw&#8220; header_3_font_size_last_edited=&#8220;on|phone&#8220; animation_duration_tablet=&#8220;1300ms&#8220; animation_duration_phone=&#8220;1300ms&#8220; animation_duration_last_edited=&#8220;on|phone&#8220; global_colors_info=&#8220;{}&#8220;]<\/p>\n<h3>pizzo<\/h3>\n<p>[\/et_pb_text][et_pb_text _builder_version=&#8220;4.25.1&#8243; text_font=&#8220;RDHD|300|||||||&#8220; text_text_color=&#8220;#000000&#8243; text_font_size=&#8220;35px&#8220; text_line_height=&#8220;1.6em&#8220; link_text_color=&#8220;#7cda24&#8243; text_orientation=&#8220;center&#8220; text_font_size_tablet=&#8220;25px&#8220; text_font_size_phone=&#8220;22px&#8220; text_font_size_last_edited=&#8220;on|phone&#8220; text_orientation_tablet=&#8220;center&#8220; text_orientation_phone=&#8220;center&#8220; text_orientation_last_edited=&#8220;off|desktop&#8220; global_colors_info=&#8220;{}&#8220;]<\/p>\n<p>Das Dorf der Wandmalereien und das Tr\u00fcffeleis<\/p>\n<p>[\/et_pb_text][et_pb_text _builder_version=&#8220;4.25.1&#8243; text_font=&#8220;RDHD|300|||||||&#8220; text_text_color=&#8220;#000000&#8243; text_font_size=&#8220;20px&#8220; text_line_height=&#8220;1.6em&#8220; width=&#8220;80%&#8220; width_tablet=&#8220;100%&#8220; width_phone=&#8220;100%&#8220; width_last_edited=&#8220;on|tablet&#8220; max_width=&#8220;80%&#8220; max_width_tablet=&#8220;100%&#8220; max_width_phone=&#8220;100%&#8220; max_width_last_edited=&#8220;on|tablet&#8220; module_alignment=&#8220;center&#8220; hover_enabled=&#8220;0&#8243; text_font_size_tablet=&#8220;20px&#8220; text_font_size_phone=&#8220;18px&#8220; text_font_size_last_edited=&#8220;on|phone&#8220; text_orientation_tablet=&#8220;center&#8220; text_orientation_phone=&#8220;center&#8220; text_orientation_last_edited=&#8220;off|desktop&#8220; global_colors_info=&#8220;{}&#8220; sticky_enabled=&#8220;0&#8243;]Pizzo ist eine Stadt, die Geschichte, Kunst und Gastronomie zu einem unvergesslichen Erlebnis verbindet. Die Altstadt ist ein Labyrinth aus gepflasterten Gassen und einladenden Pl\u00e4tzen, bereichert durch ber\u00fchmte Wandmalereien, die Geschichten aus vergangenen Zeiten erz\u00e4hlen. Nicht zu vers\u00e4umen ist das Castello Aragonese, das die K\u00fcste \u00fcberragt und einen Panoramablick auf die Bucht von Pizzo bietet. Das wahre Meisterwerk von Pizzo ist jedoch das Tr\u00fcffeleis, ein Muss f\u00fcr Naschkatzen, die ein einzigartiges kulinarisches Erlebnis suchen.   <span><\/span><\/p>\n<p><a href=\"https:\/\/www.caladelporto.com\/vacanza-in-calabria-vibo-tropea-pizzo\/hotel-4-stelle-vicino-pizzo\/\" class=\"custom-button\">Entdecken Sie<\/a>[\/et_pb_text][\/et_pb_column][\/et_pb_row][\/et_pb_section][et_pb_section fb_built=&#8220;1&#8243; _builder_version=&#8220;4.25.1&#8243; _module_preset=&#8220;default&#8220; background_enable_color=&#8220;off&#8220; custom_padding=&#8220;135px|||||&#8220; locked=&#8220;off&#8220; global_colors_info=&#8220;{%22gcid-cae9bc41-f69c-4fd3-9b5c-d24e032d106d%22:%91%22background_color%22%93}&#8220;][et_pb_row column_structure=&#8220;1_2,1_2&#8243; _builder_version=&#8220;4.25.1&#8243; global_colors_info=&#8220;{}&#8220;][et_pb_column type=&#8220;1_2&#8243; _builder_version=&#8220;4.16&#8243; global_colors_info=&#8220;{}&#8220;][et_pb_text _builder_version=&#8220;4.25.1&#8243; header_3_font=&#8220;MR xx||||||||&#8220; header_3_text_color=&#8220;#6d6964&#8243; header_3_font_size=&#8220;11vw&#8220; text_orientation=&#8220;center&#8220; custom_margin=&#8220;-150px||||false|false&#8220; custom_margin_tablet=&#8220;0px||||false|false&#8220; custom_margin_phone=&#8220;0px||||false|false&#8220; custom_margin_last_edited=&#8220;on|phone&#8220; animation_style=&#8220;fade&#8220; animation_duration=&#8220;950ms&#8220; header_3_font_size_tablet=&#8220;13vw&#8220; header_3_font_size_phone=&#8220;12vw&#8220; header_3_font_size_last_edited=&#8220;on|phone&#8220; animation_duration_tablet=&#8220;1300ms&#8220; animation_duration_phone=&#8220;1300ms&#8220; animation_duration_last_edited=&#8220;on|phone&#8220; global_colors_info=&#8220;{}&#8220;]<\/p>\n<h3>capo vaticano<\/h3>\n<p>[\/et_pb_text][et_pb_text _builder_version=&#8220;4.25.1&#8243; text_font=&#8220;RDHD|300|||||||&#8220; text_text_color=&#8220;#000000&#8243; text_font_size=&#8220;35px&#8220; text_line_height=&#8220;1.6em&#8220; link_text_color=&#8220;#7cda24&#8243; text_orientation=&#8220;center&#8220; text_font_size_tablet=&#8220;25px&#8220; text_font_size_phone=&#8220;22px&#8220; text_font_size_last_edited=&#8220;on|phone&#8220; text_orientation_tablet=&#8220;center&#8220; text_orientation_phone=&#8220;center&#8220; text_orientation_last_edited=&#8220;off|desktop&#8220; global_colors_info=&#8220;{}&#8220;]<\/p>\n<p><span>Perfekt f\u00fcr einen unvergesslichen Aufenthalt in Vibo Marina<\/span><\/p>\n<p>[\/et_pb_text][et_pb_text _builder_version=&#8220;4.25.1&#8243; text_font=&#8220;RDHD|300|||||||&#8220; text_text_color=&#8220;#000000&#8243; text_font_size=&#8220;20px&#8220; text_line_height=&#8220;1.6em&#8220; width=&#8220;80%&#8220; width_tablet=&#8220;100%&#8220; width_phone=&#8220;100%&#8220; width_last_edited=&#8220;on|tablet&#8220; max_width=&#8220;80%&#8220; max_width_tablet=&#8220;100%&#8220; max_width_phone=&#8220;100%&#8220; max_width_last_edited=&#8220;on|tablet&#8220; module_alignment=&#8220;center&#8220; hover_enabled=&#8220;0&#8243; text_font_size_tablet=&#8220;20px&#8220; text_font_size_phone=&#8220;18px&#8220; text_font_size_last_edited=&#8220;on|phone&#8220; text_orientation_tablet=&#8220;center&#8220; text_orientation_phone=&#8220;center&#8220; text_orientation_last_edited=&#8220;off|desktop&#8220; global_colors_info=&#8220;{}&#8220; sticky_enabled=&#8220;0&#8243;]Capo Vaticano ist bekannt f\u00fcr seine spektakul\u00e4ren Klippen und sein kristallklares Wasser und ideal f\u00fcr alle, die das Meer und das Tauchen lieben. Seine versteckten Buchten, die nur vom Meer aus oder \u00fcber unwegsame Pfade erreichbar sind, bieten ein einzigartiges Naturerlebnis. Der Panoramablick vom Leuchtturm von Capo Vaticano ist einer der sch\u00f6nsten in Kalabrien und reicht an klaren Tagen bis zu den \u00c4olischen Inseln.  <\/p>\n<p><span><\/span><\/p>\n<p><a href=\"https:\/\/www.caladelporto.com\/vacanza-in-calabria-vibo-tropea-pizzo\/hotel-4-stelle-vicino-capo-vaticano\/\" class=\"custom-button\">Entdecken Sie<\/a>[\/et_pb_text][\/et_pb_column][et_pb_column type=&#8220;1_2&#8243; _builder_version=&#8220;4.25.1&#8243; background_image=&#8220;https:\/\/www.caladelporto.com\/wp-content\/uploads\/2024\/06\/capo-vaticano-2.jpg&#8220; global_colors_info=&#8220;{}&#8220;][et_pb_text _builder_version=&#8220;4.25.1&#8243; _module_preset=&#8220;default&#8220; height=&#8220;533px&#8220; global_colors_info=&#8220;{}&#8220;][\/et_pb_text][\/et_pb_column][\/et_pb_row][\/et_pb_section][et_pb_section fb_built=&#8220;1&#8243; _builder_version=&#8220;4.25.1&#8243; _module_preset=&#8220;default&#8220; global_module=&#8220;420&#8243; global_colors_info=&#8220;{}&#8220;][et_pb_row column_structure=&#8220;1_2,1_2&#8243; _builder_version=&#8220;4.25.1&#8243; _module_preset=&#8220;default&#8220; width=&#8220;90%&#8220; max_width=&#8220;100%&#8220; global_colors_info=&#8220;{}&#8220;][et_pb_column type=&#8220;1_2&#8243; _builder_version=&#8220;4.25.1&#8243; _module_preset=&#8220;default&#8220; global_colors_info=&#8220;{}&#8220;][et_pb_text _builder_version=&#8220;4.25.1&#8243; text_font=&#8220;RDHD|300|||||||&#8220; text_text_color=&#8220;#000000&#8243; text_font_size=&#8220;35px&#8220; text_line_height=&#8220;1.6em&#8220; link_text_color=&#8220;#7cda24&#8243; text_orientation=&#8220;center&#8220; text_font_size_tablet=&#8220;25px&#8220; text_font_size_phone=&#8220;22px&#8220; text_font_size_last_edited=&#8220;on|phone&#8220; text_orientation_tablet=&#8220;center&#8220; text_orientation_phone=&#8220;center&#8220; text_orientation_last_edited=&#8220;off|desktop&#8220; global_colors_info=&#8220;{}&#8220;]<\/p>\n<p>M\u00f6chten Sie ein individuelles Angebot?<\/p>\n<p>[\/et_pb_text][et_pb_code _builder_version=&#8220;4.25.1&#8243; _module_preset=&#8220;default&#8220; global_colors_info=&#8220;{}&#8220;] <script type=\"text\/javascript\" src=\"https:\/\/www.scidoo.com\/widget_contatti\/include_widget_contatti.js\" id=\"scidoo-widget-contatti\" data-codice=\"1286\" data-lang=\"0\" data-struttura=\"-1\" data-provenienza=\"0\" data-testo-struttura=\"\" data-container=\"\" data-tipologia-richiesta=\"0\" data-blocca-date=\"0\" data-nota-preventivo=\"\" data-settore-specifico=\"0\"><\/script>[\/et_pb_code][\/et_pb_column][et_pb_column type=&#8220;1_2&#8243; _builder_version=&#8220;4.25.1&#8243; _module_preset=&#8220;default&#8220; global_colors_info=&#8220;{}&#8220;][et_pb_text _builder_version=&#8220;4.25.1&#8243; _module_preset=&#8220;default&#8220; text_font=&#8220;RDHD||||||||&#8220; text_text_color=&#8220;#FFFFFF&#8220; text_font_size=&#8220;20px&#8220; background_color=&#8220;#475843&#8243; custom_padding=&#8220;80px|40px|80px|40px|true|true&#8220; text_font_size_tablet=&#8220;20px&#8220; text_font_size_phone=&#8220;18px&#8220; text_font_size_last_edited=&#8220;on|desktop&#8220; global_colors_info=&#8220;{}&#8220;]<\/p>\n<p>Wenn Sie direkt auf der offiziellen Website des Hotels Cala del Porto buchen, profitieren Sie von exklusiven Preisen und Sonderangeboten.<\/p>\n<p>Dadurch erhalten Sie nicht nur den besten verf\u00fcgbaren Preis, sondern auch mehr Flexibilit\u00e4t bei der Buchung und die M\u00f6glichkeit, sich bei besonderen W\u00fcnschen direkt an unsere Mitarbeiter zu wenden.<\/p>\n<p>[\/et_pb_text][et_pb_text _builder_version=&#8220;4.25.1&#8243; _module_preset=&#8220;default&#8220; text_font=&#8220;RDHD||||||||&#8220; text_text_color=&#8220;#FFFFFF&#8220; text_font_size=&#8220;20px&#8220; background_color=&#8220;#a79b8f&#8220; custom_padding=&#8220;80px|40px|80px|40px|true|true&#8220; text_font_size_tablet=&#8220;20px&#8220; text_font_size_phone=&#8220;18px&#8220; text_font_size_last_edited=&#8220;on|desktop&#8220; global_colors_info=&#8220;{}&#8220;]<\/p>\n<p><strong>-20 % im Vergleich zu Online-Agenturen<\/strong><\/p>\n<p><strong>Beste garantierte Preise<\/strong><br \/><strong><\/strong><br \/><strong>Exklusive Angebote<\/strong><\/p>\n<p>[\/et_pb_text][\/et_pb_column][\/et_pb_row][\/et_pb_section][et_pb_section fb_built=&#8220;1&#8243; _builder_version=&#8220;4.25.1&#8243; _module_preset=&#8220;default&#8220; background_color=&#8220;#fdfbf5&#8243; custom_padding=&#8220;135px||||false|false&#8220; global_module=&#8220;421&#8243; global_colors_info=&#8220;{}&#8220;][et_pb_row column_structure=&#8220;1_2,1_2&#8243; _builder_version=&#8220;4.25.1&#8243; _module_preset=&#8220;default&#8220; width=&#8220;90%&#8220; max_width=&#8220;100%&#8220; global_colors_info=&#8220;{}&#8220;][et_pb_column type=&#8220;1_2&#8243; _builder_version=&#8220;4.25.1&#8243; _module_preset=&#8220;default&#8220; global_colors_info=&#8220;{}&#8220;][et_pb_text _builder_version=&#8220;4.25.1&#8243; text_font=&#8220;RDHD|300|||||||&#8220; text_text_color=&#8220;#000000&#8243; text_font_size=&#8220;35px&#8220; text_line_height=&#8220;1.6em&#8220; link_text_color=&#8220;#7cda24&#8243; text_orientation=&#8220;center&#8220; text_font_size_tablet=&#8220;25px&#8220; text_font_size_phone=&#8220;22px&#8220; text_font_size_last_edited=&#8220;on|phone&#8220; text_orientation_tablet=&#8220;center&#8220; text_orientation_phone=&#8220;center&#8220; text_orientation_last_edited=&#8220;off|desktop&#8220; global_colors_info=&#8220;{}&#8220;]<\/p>\n<p>Newsletter<\/p>\n<p>[\/et_pb_text][et_pb_text _builder_version=&#8220;4.25.1&#8243; text_font=&#8220;RDHD|300|||||||&#8220; text_text_color=&#8220;#000000&#8243; text_font_size=&#8220;20px&#8220; text_line_height=&#8220;1.6em&#8220; link_text_color=&#8220;#7cda24&#8243; width=&#8220;80%&#8220; width_tablet=&#8220;100%&#8220; width_phone=&#8220;100%&#8220; width_last_edited=&#8220;on|tablet&#8220; max_width=&#8220;80%&#8220; max_width_tablet=&#8220;100%&#8220; max_width_phone=&#8220;100%&#8220; max_width_last_edited=&#8220;on|tablet&#8220; module_alignment=&#8220;center&#8220; text_font_size_tablet=&#8220;20px&#8220; text_font_size_phone=&#8220;18px&#8220; text_font_size_last_edited=&#8220;on|phone&#8220; text_orientation_tablet=&#8220;center&#8220; text_orientation_phone=&#8220;center&#8220; text_orientation_last_edited=&#8220;off|desktop&#8220; global_colors_info=&#8220;{}&#8220;]<\/p>\n<p>Wenn Sie \u00fcber alle Neuigkeiten, exklusiven Angebote und Sonderveranstaltungen des Hotels Cala del Porto auf dem Laufenden bleiben m\u00f6chten, abonnieren Sie unseren Newsletter!<\/p>\n<p>[\/et_pb_text][\/et_pb_column][et_pb_column type=&#8220;1_2&#8243; _builder_version=&#8220;4.25.1&#8243; _module_preset=&#8220;default&#8220; global_colors_info=&#8220;{}&#8220;][et_pb_text _builder_version=&#8220;4.25.1&#8243; _module_preset=&#8220;default&#8220; background_color=&#8220;#FFFFFF&#8220; custom_padding=&#8220;20px|10px|20px|10px|true|true&#8220; global_colors_info=&#8220;{}&#8220;]<\/p>\n<p>E-Mail<\/p>\n<p>[\/et_pb_text][et_pb_text _builder_version=&#8220;4.25.1&#8243; text_font=&#8220;Red Hat Display|700|||||||&#8220; text_text_color=&#8220;#ffffff&#8220; text_font_size=&#8220;16px&#8220; text_letter_spacing=&#8220;2px&#8220; background_color=&#8220;#475843&#8243; text_orientation=&#8220;center&#8220; custom_padding=&#8220;20px||20px||true|false&#8220; global_colors_info=&#8220;{}&#8220;]<\/p>\n<p>REGISTRIEREN<\/p>\n<p>[\/et_pb_text][\/et_pb_column][\/et_pb_row][\/et_pb_section][et_pb_section fb_built=&#8220;1&#8243; _builder_version=&#8220;4.25.1&#8243; _module_preset=&#8220;default&#8220; global_module=&#8220;419&#8243; global_colors_info=&#8220;{}&#8220;][et_pb_row _builder_version=&#8220;4.25.1&#8243; _module_preset=&#8220;default&#8220; locked=&#8220;off&#8220; global_colors_info=&#8220;{}&#8220;][et_pb_column type=&#8220;4_4&#8243; _builder_version=&#8220;4.25.1&#8243; _module_preset=&#8220;default&#8220; global_colors_info=&#8220;{}&#8220;][et_pb_image src=&#8220;https:\/\/www.caladelporto.com\/wp-content\/uploads\/2024\/05\/logo1-3.png&#8220; title_text=&#8220;logo1-3&#8243; _builder_version=&#8220;4.25.1&#8243; _module_preset=&#8220;default&#8220; global_colors_info=&#8220;{}&#8220;][\/et_pb_image][et_pb_text _builder_version=&#8220;4.25.1&#8243; text_font=&#8220;RDHD|300|||||||&#8220; text_text_color=&#8220;#000000&#8243; text_font_size=&#8220;20px&#8220; text_line_height=&#8220;1.6em&#8220; link_text_color=&#8220;#7cda24&#8243; width_last_edited=&#8220;off|desktop&#8220; max_width_tablet=&#8220;&#8220; max_width_phone=&#8220;&#8220; max_width_last_edited=&#8220;on|tablet&#8220; module_alignment=&#8220;center&#8220; text_font_size_tablet=&#8220;20px&#8220; text_font_size_phone=&#8220;18px&#8220; text_font_size_last_edited=&#8220;on|phone&#8220; text_orientation_tablet=&#8220;center&#8220; text_orientation_phone=&#8220;center&#8220; text_orientation_last_edited=&#8220;off|desktop&#8220; global_colors_info=&#8220;{}&#8220;]<\/p>\n<p>Adresse: Via Roma, 89900 Vibo Marina VV<\/p>\n<p>Telefon: +39 0963 577762<\/p>\n<p>Umsatzsteuer-Identifikationsnummer: 03663630790<\/p>\n<p>Cir: 102047-ALB-00002<\/p>\n<p>&nbsp;<\/p>\n<p>[\/et_pb_text][et_pb_social_media_follow icon_color=&#8220;gcid-af9142b2-c7bb-4025-b5bc-0a5772cc740b&#8220; use_icon_font_size=&#8220;on&#8220; icon_font_size=&#8220;18px&#8220; icon_font_size_tablet=&#8220;14px&#8220; icon_font_size_phone=&#8220;14px&#8220; icon_font_size_last_edited=&#8220;on|phone&#8220; _builder_version=&#8220;4.25.1&#8243; custom_margin_tablet=&#8220;|0px||0px|false|true&#8220; custom_margin_phone=&#8220;|0px||0px|false|true&#8220; custom_margin_last_edited=&#8220;on|phone&#8220; locked=&#8220;off&#8220; global_colors_info=&#8220;{%22gcid-af9142b2-c7bb-4025-b5bc-0a5772cc740b%22:%91%22icon_color__hover%22,%22icon_color%22%93}&#8220; icon_color__hover_enabled=&#8220;on|desktop&#8220; icon_color__hover=&#8220;#577a34&#8243; border_color_all__hover_enabled=&#8220;off|desktop&#8220; border_color_all__hover=&#8220;#c4a973&#8243;][et_pb_social_media_follow_network social_network=&#8220;facebook&#8220; url=&#8220;https:\/\/m.facebook.com\/p\/Hotel-Cala-del-Porto-100063606427648\/&#8220; _builder_version=&#8220;4.25.1&#8243; background_color=&#8220;RGBA(255,255,255,0)&#8220; background_enable_color=&#8220;on&#8220; custom_margin=&#8220;|10px|||false|false&#8220; custom_padding=&#8220;10px|10px|10px|10px|true|true&#8220; border_radii=&#8220;on|50px|50px|50px|50px&#8220; border_width_all=&#8220;3px&#8220; border_color_all=&#8220;gcid-af9142b2-c7bb-4025-b5bc-0a5772cc740b&#8220; global_colors_info=&#8220;{%22gcid-af9142b2-c7bb-4025-b5bc-0a5772cc740b%22:%91%22border_color_all__hover%22,%22border_color_all%22%93}&#8220; border_color_all__hover_enabled=&#8220;on|hover&#8220; border_color_all__hover=&#8220;#577a34&#8243; follow_button=&#8220;off&#8220; url_new_window=&#8220;on&#8220;]facebook[\/et_pb_social_media_follow_network][et_pb_social_media_follow_network social_network=&#8220;instagram&#8220; url=&#8220;https:\/\/www.instagram.com\/hotelcaladelporto\/&#8220; _builder_version=&#8220;4.25.1&#8243; background_color=&#8220;RGBA(255,255,255,0)&#8220; background_enable_color=&#8220;on&#8220; custom_margin=&#8220;|10px|||false|false&#8220; custom_padding=&#8220;10px|10px|10px|10px|true|true&#8220; border_radii=&#8220;on|50px|50px|50px|50px&#8220; border_width_all=&#8220;3px&#8220; border_color_all=&#8220;gcid-af9142b2-c7bb-4025-b5bc-0a5772cc740b&#8220; global_colors_info=&#8220;{%22gcid-af9142b2-c7bb-4025-b5bc-0a5772cc740b%22:%91%22border_color_all__hover%22,%22border_color_all%22,%22border_color_all__hover%22%93}&#8220; border_color_all__hover_enabled=&#8220;on|hover&#8220; border_color_all__hover=&#8220;#577a34&#8243; follow_button=&#8220;off&#8220; url_new_window=&#8220;on&#8220;]instagram[\/et_pb_social_media_follow_network][\/et_pb_social_media_follow][\/et_pb_column][\/et_pb_row][et_pb_row _builder_version=&#8220;4.25.1&#8243; _module_preset=&#8220;default&#8220; global_colors_info=&#8220;{}&#8220;][et_pb_column type=&#8220;4_4&#8243; _builder_version=&#8220;4.25.1&#8243; _module_preset=&#8220;default&#8220; global_colors_info=&#8220;{}&#8220;][et_pb_divider color=&#8220;#000000&#8243; _builder_version=&#8220;4.25.1&#8243; _module_preset=&#8220;default&#8220; global_colors_info=&#8220;{}&#8220;][\/et_pb_divider][\/et_pb_column][\/et_pb_row][et_pb_row _builder_version=&#8220;4.25.1&#8243; _module_preset=&#8220;default&#8220; global_colors_info=&#8220;{}&#8220;][et_pb_column type=&#8220;4_4&#8243; _builder_version=&#8220;4.25.1&#8243; _module_preset=&#8220;default&#8220; global_colors_info=&#8220;{}&#8220;][et_pb_text _builder_version=&#8220;4.25.1&#8243; text_font=&#8220;RDHD|800|||||||&#8220; text_text_color=&#8220;#000000&#8243; text_font_size=&#8220;20px&#8220; text_line_height=&#8220;1.6em&#8220; link_text_color=&#8220;#7cda24&#8243; text_orientation=&#8220;right&#8220; width_last_edited=&#8220;off|desktop&#8220; max_width_tablet=&#8220;&#8220; max_width_phone=&#8220;&#8220; max_width_last_edited=&#8220;on|tablet&#8220; module_alignment=&#8220;center&#8220; text_font_size_tablet=&#8220;20px&#8220; text_font_size_phone=&#8220;18px&#8220; text_font_size_last_edited=&#8220;on|phone&#8220; text_orientation_tablet=&#8220;center&#8220; text_orientation_phone=&#8220;center&#8220; text_orientation_last_edited=&#8220;on|tablet&#8220; global_colors_info=&#8220;{}&#8220;]<\/p>\n<p>credits <img loading=\"lazy\" decoding=\"async\" src=\"https:\/\/www.caladelporto.com\/wp-content\/uploads\/2024\/05\/logo-hotel-target-2.0-7-300x29.png\" width=\"155\" height=\"15\" alt=\"\" class=\"wp-image-146 alignnone size-medium\"><\/p>\n<p>[\/et_pb_text][\/et_pb_column][\/et_pb_row][\/et_pb_section][et_pb_section fb_built=&#8220;1&#8243; _builder_version=&#8220;4.25.1&#8243; _module_preset=&#8220;default&#8220; background_color=&#8220;#fdfbf5&#8243; custom_padding=&#8220;135px||||false|false&#8220; locked=&#8220;off&#8220; global_colors_info=&#8220;{}&#8220;][et_pb_row _builder_version=&#8220;4.25.1&#8243; _module_preset=&#8220;default&#8220; global_colors_info=&#8220;{}&#8220;][et_pb_column type=&#8220;4_4&#8243; _builder_version=&#8220;4.25.1&#8243; _module_preset=&#8220;default&#8220; global_colors_info=&#8220;{}&#8220;][et_pb_code _builder_version=&#8220;4.25.1&#8243; _module_preset=&#8220;default&#8220; global_colors_info=&#8220;{}&#8220;]    <\/p>\n<div id=\"languagePopup\" class=\"popup\"><!-- [et_pb_line_break_holder] -->        <\/p>\n<div class=\"popup-content\"><!-- [et_pb_line_break_holder] -->            <span class=\"close\">\u00d7<\/span><!-- [et_pb_line_break_holder] -->            <\/p>\n<h2>Sprache ausw\u00e4hlen<\/h2>\n<p><!-- [et_pb_line_break_holder] -->            <\/p>\n<ul><!-- [et_pb_line_break_holder] -->                <\/p>\n<li><a href=\"#\"><img decoding=\"async\" src=\"https:\/\/www.caladelporto.com\/wp-content\/uploads\/2024\/05\/ita-bandiera.png\" alt=\"Italiano\"> Italiano<\/a><\/li>\n<p><!-- [et_pb_line_break_holder] -->                <\/p>\n<li><a href=\"#\"><img decoding=\"async\" src=\"https:\/\/www.caladelporto.com\/wp-content\/uploads\/2024\/05\/en-bandiera.png\" alt=\"English\"> English<\/a><\/li>\n<p><!-- [et_pb_line_break_holder] -->                <\/p>\n<li><a href=\"#\"><img decoding=\"async\" src=\"https:\/\/www.caladelporto.com\/wp-content\/uploads\/2024\/05\/bandiera-fra.png\" alt=\"Fran\u00e7ais\"> Fran\u00e7ais<\/a><\/li>\n<p><!-- [et_pb_line_break_holder] -->                <\/p>\n<li><a href=\"#\"><img decoding=\"async\" src=\"https:\/\/www.caladelporto.com\/wp-content\/uploads\/2024\/05\/de-bandiera.png\" alt=\"Deutsch\"> Deutsch<\/a><\/li>\n<p><!-- [et_pb_line_break_holder] -->            <\/ul>\n<p><!-- [et_pb_line_break_holder] -->        <\/div>\n<p><!-- [et_pb_line_break_holder] -->    <\/div>\n<p>[\/et_pb_code][et_pb_code _builder_version=&#8220;4.25.1&#8243; _module_preset=&#8220;default&#8220; global_colors_info=&#8220;{}&#8220;]<script><!-- [et_pb_line_break_holder] -->document.addEventListener('DOMContentLoaded', function () {<!-- [et_pb_line_break_holder] -->    var popup = document.getElementById('languagePopup');<!-- [et_pb_line_break_holder] -->    var btn = document.getElementById('languageButton');<!-- [et_pb_line_break_holder] -->    var span = document.getElementsByClassName('close')[0];<!-- [et_pb_line_break_holder] --><!-- [et_pb_line_break_holder] -->    btn.onclick = function () {<!-- [et_pb_line_break_holder] -->        popup.style.display = 'block';<!-- [et_pb_line_break_holder] -->    }<!-- [et_pb_line_break_holder] --><!-- [et_pb_line_break_holder] -->    span.onclick = function () {<!-- [et_pb_line_break_holder] -->        popup.style.display = 'none';<!-- [et_pb_line_break_holder] -->    }<!-- [et_pb_line_break_holder] --><!-- [et_pb_line_break_holder] -->    window.onclick = function (event) {<!-- [et_pb_line_break_holder] -->        if (event.target == popup) {<!-- [et_pb_line_break_holder] -->            popup.style.display = 'none';<!-- [et_pb_line_break_holder] -->        }<!-- [et_pb_line_break_holder] -->    }<!-- [et_pb_line_break_holder] -->});<!-- [et_pb_line_break_holder] --><!-- [et_pb_line_break_holder] --><\/script><!-- [et_pb_line_break_holder] -->  [\/et_pb_code][\/et_pb_column][\/et_pb_row][\/et_pb_section][et_pb_section fb_built=&#8220;1&#8243; disabled_on=&#8220;on|on|off&#8220; _builder_version=&#8220;4.25.1&#8243; background_color=&#8220;rgba(0,0,0,0)&#8220; positioning=&#8220;fixed&#8220; position_origin_a=&#8220;bottom_right&#8220; position_origin_f=&#8220;bottom_right&#8220; vertical_offset=&#8220;30px&#8220; horizontal_offset=&#8220;0px&#8220; z_index=&#8220;9999999&#8243; width=&#8220;60%&#8220; max_width=&#8220;60%&#8220; custom_padding=&#8220;0px||0px||false|false&#8220; global_module=&#8220;189&#8243; saved_tabs=&#8220;all&#8220; locked=&#8220;off&#8220; global_colors_info=&#8220;{}&#8220;][et_pb_row column_structure=&#8220;1_2,1_4,1_4&#8243; use_custom_gutter=&#8220;on&#8220; gutter_width=&#8220;2&#8243; _builder_version=&#8220;4.25.1&#8243; width=&#8220;100%&#8220; max_width=&#8220;100%&#8220; module_alignment=&#8220;right&#8220; custom_margin=&#8220;||||false|false&#8220; custom_padding=&#8220;0px|40px|0px||true|false&#8220; global_colors_info=&#8220;{}&#8220;][et_pb_column type=&#8220;1_2&#8243; _builder_version=&#8220;4.25.1&#8243; background_color=&#8220;rgba(0,0,0,0.5)&#8220; box_shadow_style=&#8220;preset1&#8243; global_colors_info=&#8220;{}&#8220;][et_pb_text _builder_version=&#8220;4.25.1&#8243; text_font=&#8220;Red Hat Display||||||||&#8220; text_text_color=&#8220;#ffffff&#8220; text_font_size=&#8220;16px&#8220; text_orientation=&#8220;center&#8220; custom_padding=&#8220;20px||20px||true|false&#8220; global_colors_info=&#8220;{}&#8220;]<\/p>\n<p><i class=\"fa-solid fa-phone\"><\/i> <span itemprop=\"telephone\"> +39 0963\/577762 | <\/span><span> <\/span><span class=\"line\"><\/span><i class=\"fa-solid fa-location-dot\"><\/i><span> Vibo Marina<\/span><\/p>\n<p>[\/et_pb_text][\/et_pb_column][et_pb_column type=&#8220;1_4&#8243; _builder_version=&#8220;4.25.1&#8243; background_color=&#8220;#fccf7b&#8220; box_shadow_style=&#8220;preset1&#8243; global_colors_info=&#8220;{}&#8220;][et_pb_text _builder_version=&#8220;4.25.1&#8243; text_font=&#8220;Red Hat Display|700|||||||&#8220; text_text_color=&#8220;gcid-heading-color&#8220; text_font_size=&#8220;16px&#8220; text_letter_spacing=&#8220;2px&#8220; text_orientation=&#8220;center&#8220; custom_padding=&#8220;20px||20px||true|false&#8220; link_option_url=&#8220;https:\/\/booking.bedzzle.com\/desktop\/?apikey=1668cb86ac904e2f307ef4058a0e7d16&#038;lang=it#search\/&#8220; global_colors_info=&#8220;{%22gcid-heading-color%22:%91%22text_text_color%22%93}&#8220;]<\/p>\n<p>BUCHEN<\/p>\n<p>[\/et_pb_text][\/et_pb_column][et_pb_column type=&#8220;1_4&#8243; _builder_version=&#8220;4.25.1&#8243; background_color=&#8220;#577a34&#8243; box_shadow_style=&#8220;preset1&#8243; global_colors_info=&#8220;{}&#8220;][et_pb_text _builder_version=&#8220;4.25.1&#8243; _dynamic_attributes=&#8220;link_option_url&#8220; text_font=&#8220;Red Hat Display|700|||||||&#8220; text_text_color=&#8220;#ffffff&#8220; text_font_size=&#8220;16px&#8220; text_letter_spacing=&#8220;2px&#8220; text_orientation=&#8220;center&#8220; custom_padding=&#8220;20px||20px||true|false&#8220; link_option_url=&#8220;@ET-DC@eyJkeW5hbWljIjp0cnVlLCJjb250ZW50IjoicG9zdF9saW5rX3VybF9wYWdlIiwic2V0dGluZ3MiOnsicG9zdF9pZCI6IjM0MDczMSIsImVuYWJsZV9odG1sIjoib2ZmIn19@&#8220; global_colors_info=&#8220;{}&#8220;]<\/p>\n<p>KOSTENVORANSCHLAG<\/p>\n<p>[\/et_pb_text][\/et_pb_column][\/et_pb_row][\/et_pb_section]<\/p>\n","protected":false},"excerpt":{"rendered":"<p>Urlaub in KalabrienAn der s\u00fcdlichsten Spitze Italiens liegt ein Juwel, das unter der mediterranen Sonne gl\u00e4nzt: Kalabrien. Mit seinen atemberaubenden K\u00fcsten am Tyrrhenischen Meer und am Ionischen Meer bezaubert diese Region mit ihrer einzigartigen Mischung aus jahrtausendealter Geschichte, wilder Natur und einer K\u00fcche voller authentischer Aromen. Zu den faszinierendsten K\u00fcstenst\u00e4dten z\u00e4hlen Tropea, Pizzo und Vibo Marina, jede mit ihrer eigenen lebendigen Pers\u00f6nlichkeit und ihren eigenen Sch\u00e4tzen, die es zu entdecken gilt. unsere Umgebung<div class=\"et_pb_module dsm_pricelist dsm_pricelist_0\">\n\t\t\t\t\n\t\t\t\t\n\t\t\t\t\n\t\t\t\t\n\t\t\t\t\n\t\t\t\t\n\t\t\t\t<div class=\"et_pb_module_inner\">\n\t\t\t\t\t<div class=\"dsm_pricelist\"><\/div>\n\t\t\t\t<\/div>\n\t\t\t<\/div><div class=\"et_pb_module dsm_pricelist_child dsm_pricelist_child_0\">\n\t\t\t\t\n\t\t\t\t\n\t\t\t\t\n\t\t\t\t\n\t\t\t\t\n\t\t\t\t\n\t\t\t\t<div class=\"et_pb_module_inner\">\n\t\t\t\t\t\n\t\t\t\n\t\t\t\n\t\t\t<div class=\"dsm_pricelist_item_wrapper\">\n\t\t\t\t<div class=\"dsm-pricelist-header\">\n\t\t\t\t\t<div class=\"dsm-pricelist-title et_pb_module_header\">Pizzo Calabro<\/div>\n\t\t\t\t\t<div class=\"dsm-pricelist-separator\"><\/div>\n\t\t\t\t\t<div class=\"dsm-pricelist-price\">10 km<\/div>\n\t\t\t\t<\/div>\n\t\t\t\t<div class=\"dsm-pricelist-description\">Pizzo ist bekannt f\u00fcr sein Tr\u00fcffeleis und das Castello Murat und ist ein malerisches Dorf mit einer charmanten Altstadt und einem herrlichen Blick auf den Golf von Sant&#8217;Eufemia.<\/div>\n\t\t\t\t\n\t\t\t<\/div>\n\t\t\t\t<\/div>\n\t\t\t<\/div><div class=\"et_pb_module dsm_pricelist_child dsm_pricelist_child_1\">\n\t\t\t\t\n\t\t\t\t\n\t\t\t\t\n\t\t\t\t\n\t\t\t\t\n\t\t\t\t\n\t\t\t\t<div class=\"et_pb_module_inner\">\n\t\t\t\t\t\n\t\t\t\n\t\t\t\n\t\t\t<div class=\"dsm_pricelist_item_wrapper\">\n\t\t\t\t<div class=\"dsm-pricelist-header\">\n\t\t\t\t\t<div class=\"dsm-pricelist-title et_pb_module_header\">Tropea<\/div>\n\t\t\t\t\t<div class=\"dsm-pricelist-separator\"><\/div>\n\t\t\t\t\t<div class=\"dsm-pricelist-price\">25 Km<\/div>\n\t\t\t\t<\/div>\n\t\t\t\t<div class=\"dsm-pricelist-description\">Tropea mit seinen wei\u00dfen Sandstr\u00e4nden und mittelalterlichen Gassen ist eines der faszinierendsten Reiseziele Kalabriens. Verpassen Sie nicht die Wallfahrtskirche Santa Maria dell&#8217;Isola, die auf einem Felsvorsprung liegt und einen atemberaubenden Blick auf das Meer bietet. <\/div>\n\t\t\t\t\n\t\t\t<\/div>\n\t\t\t\t<\/div>\n\t\t\t<\/div><div class=\"et_pb_module dsm_pricelist_child dsm_pricelist_child_2\">\n\t\t\t\t\n\t\t\t\t\n\t\t\t\t\n\t\t\t\t\n\t\t\t\t\n\t\t\t\t\n\t\t\t\t<div class=\"et_pb_module_inner\">\n\t\t\t\t\t\n\t\t\t\n\t\t\t\n\t\t\t<div class=\"dsm_pricelist_item_wrapper\">\n\t\t\t\t<div class=\"dsm-pricelist-header\">\n\t\t\t\t\t<div class=\"dsm-pricelist-title et_pb_module_header\">Capo Vaticano<\/div>\n\t\t\t\t\t<div class=\"dsm-pricelist-separator\"><\/div>\n\t\t\t\t\t<div class=\"dsm-pricelist-price\">32 km<\/div>\n\t\t\t\t<\/div>\n\t\t\t\t<div class=\"dsm-pricelist-description\"> Capo Vaticano ist bekannt f\u00fcr seine spektakul\u00e4ren Klippen und sein kristallklares Wasser und ideal f\u00fcr alle, die das Meer und das Tauchen lieben. <\/div>\n\t\t\t\t\n\t\t\t<\/div>\n\t\t\t\t<\/div>\n\t\t\t<\/div><div class=\"et_pb_module dsm_pricelist_child dsm_pricelist_child_3\">\n\t\t\t\t\n\t\t\t\t\n\t\t\t\t\n\t\t\t\t\n\t\t\t\t\n\t\t\t\t\n\t\t\t\t<div class=\"et_pb_module_inner\">\n\t\t\t\t\t\n\t\t\t\n\t\t\t\n\t\t\t<div class=\"dsm_pricelist_item_wrapper\">\n\t\t\t\t<div class=\"dsm-pricelist-header\">\n\t\t\t\t\t<div class=\"dsm-pricelist-title et_pb_module_header\">&#8220;Zungri<\/div>\n\t\t\t\t\t<div class=\"dsm-pricelist-separator\"><\/div>\n\t\t\t\t\t<div class=\"dsm-pricelist-price\">&#8220;30<\/div>\n\t\t\t\t<\/div>\n\t\t\t\t\n\t\t\t\t\n\t\t\t<\/div>\n\t\t\t\t<\/div>\n\t\t\t<\/div><\/p>\n","protected":false},"author":1,"featured_media":0,"parent":0,"menu_order":0,"comment_status":"closed","ping_status":"closed","template":"","meta":{"_et_pb_use_builder":"on","_et_pb_old_content":"","_et_gb_content_width":"","footnotes":""},"class_list":["post-345654","page","type-page","status-publish","hentry"],"_links":{"self":[{"href":"https:\/\/www.caladelporto.com\/de\/wp-json\/wp\/v2\/pages\/345654","targetHints":{"allow":["GET"]}}],"collection":[{"href":"https:\/\/www.caladelporto.com\/de\/wp-json\/wp\/v2\/pages"}],"about":[{"href":"https:\/\/www.caladelporto.com\/de\/wp-json\/wp\/v2\/types\/page"}],"author":[{"embeddable":true,"href":"https:\/\/www.caladelporto.com\/de\/wp-json\/wp\/v2\/users\/1"}],"replies":[{"embeddable":true,"href":"https:\/\/www.caladelporto.com\/de\/wp-json\/wp\/v2\/comments?post=345654"}],"version-history":[{"count":0,"href":"https:\/\/www.caladelporto.com\/de\/wp-json\/wp\/v2\/pages\/345654\/revisions"}],"wp:attachment":[{"href":"https:\/\/www.caladelporto.com\/de\/wp-json\/wp\/v2\/media?parent=345654"}],"curies":[{"name":"wp","href":"https:\/\/api.w.org\/{rel}","templated":true}]}}