{"id":345576,"date":"2024-06-29T07:34:29","date_gmt":"2024-06-29T07:34:29","guid":{"rendered":"https:\/\/www.caladelporto.com\/zakenhotel-calabrie-vibo-marina\/"},"modified":"2025-09-09T14:37:57","modified_gmt":"2025-09-09T14:37:57","slug":"zakenhotel-calabrie-vibo-marina","status":"publish","type":"page","link":"https:\/\/www.caladelporto.com\/nl\/zakenhotel-calabrie-vibo-marina\/","title":{"rendered":"Zakenhotel Calabri\u00eb Vibo Marina"},"content":{"rendered":"<p>[et_pb_section fb_built=&#8221;1&#8243; _builder_version=&#8221;4.25.1&#8243; _module_preset=&#8221;default&#8221; global_colors_info=&#8221;{}&#8221;][\/et_pb_section][et_pb_section fb_built=&#8221;1&#8243; _builder_version=&#8221;4.16&#8243; locked=&#8221;off&#8221; global_colors_info=&#8221;{}&#8221;][et_pb_row _builder_version=&#8221;4.16&#8243; global_colors_info=&#8221;{}&#8221;][et_pb_column type=&#8221;4_4&#8243; _builder_version=&#8221;4.16&#8243; global_colors_info=&#8221;{}&#8221;][et_pb_text _builder_version=&#8221;4.25.1&#8243; header_3_font=&#8221;MR xx||||||||&#8221; header_3_text_color=&#8221;#6d6964&#8243; header_3_font_size=&#8221;11vw&#8221; text_orientation=&#8221;center&#8221; animation_style=&#8221;fade&#8221; animation_duration=&#8221;950ms&#8221; header_3_font_size_tablet=&#8221;13vw&#8221; header_3_font_size_phone=&#8221;12vw&#8221; header_3_font_size_last_edited=&#8221;on|phone&#8221; animation_duration_tablet=&#8221;1300ms&#8221; animation_duration_phone=&#8221;1300ms&#8221; animation_duration_last_edited=&#8221;on|phone&#8221; global_colors_info=&#8221;{}&#8221;]<\/p>\n<h3>zakenhotel<br \/>in vibo marina<\/h3>\n<p>[\/et_pb_text][\/et_pb_column][\/et_pb_row][\/et_pb_section][et_pb_section fb_built=&#8221;1&#8243; _builder_version=&#8221;4.25.1&#8243; _module_preset=&#8221;default&#8221; background_image=&#8221;https:\/\/www.caladelporto.com\/wp-content\/uploads\/2024\/05\/hotel-centro-congressi-vibo-marina-calabria.jpg&#8221; height=&#8221;38vw&#8221; height_tablet=&#8221;650px&#8221; height_phone=&#8221;500px&#8221; height_last_edited=&#8221;on|phone&#8221; global_colors_info=&#8221;{}&#8221;][et_pb_row _builder_version=&#8221;4.25.1&#8243; _module_preset=&#8221;default&#8221; global_colors_info=&#8221;{}&#8221;][et_pb_column type=&#8221;4_4&#8243; _builder_version=&#8221;4.25.1&#8243; _module_preset=&#8221;default&#8221; global_colors_info=&#8221;{}&#8221;][\/et_pb_column][\/et_pb_row][\/et_pb_section][et_pb_section fb_built=&#8221;1&#8243; _builder_version=&#8221;4.16&#8243; locked=&#8221;off&#8221; global_colors_info=&#8221;{}&#8221;][et_pb_row _builder_version=&#8221;4.25.1&#8243; width=&#8221;60%&#8221; width_tablet=&#8221;90%&#8221; width_phone=&#8221;90%&#8221; width_last_edited=&#8221;on|phone&#8221; max_width=&#8221;60%&#8221; max_width_tablet=&#8221;100%&#8221; max_width_phone=&#8221;100%&#8221; max_width_last_edited=&#8221;on|desktop&#8221; global_colors_info=&#8221;{}&#8221;][et_pb_column type=&#8221;4_4&#8243; _builder_version=&#8221;4.16&#8243; global_colors_info=&#8221;{}&#8221;][et_pb_text _builder_version=&#8221;4.25.1&#8243; text_font=&#8221;RDHD|300|||||||&#8221; text_text_color=&#8221;#000000&#8243; text_font_size=&#8221;35px&#8221; text_line_height=&#8221;1.6em&#8221; link_text_color=&#8221;#577a34&#8243; text_font_size_tablet=&#8221;25px&#8221; text_font_size_phone=&#8221;22px&#8221; text_font_size_last_edited=&#8221;on|phone&#8221; text_orientation_tablet=&#8221;center&#8221; text_orientation_phone=&#8221;center&#8221; text_orientation_last_edited=&#8221;on|phone&#8221; global_colors_info=&#8221;{}&#8221;]<\/p>\n<p>Hotel Cala del Porto is de ideale locatie voor wie op zoek is naar een elegante en functionele omgeving voor zijn zakelijke evenementen. Ons hotel ligt in de prachtige badplaats Vibo Marina, aan de Costa degli Dei in Calabri\u00eb, en biedt niet alleen comfort en luxe voor een aangenaam verblijf, maar ook speciale ruimtes en geavanceerde apparatuur voor vergaderingen, conferenties en andere zakelijke evenementen. <\/p>\n<p>[\/et_pb_text][\/et_pb_column][\/et_pb_row][\/et_pb_section][et_pb_section fb_built=&#8221;1&#8243; _builder_version=&#8221;4.25.1&#8243; _module_preset=&#8221;default&#8221; global_colors_info=&#8221;{}&#8221;][et_pb_row _builder_version=&#8221;4.25.1&#8243; _module_preset=&#8221;default&#8221; background_color=&#8221;gcid-af9142b2-c7bb-4025-b5bc-0a5772cc740b&#8221; custom_margin=&#8221;||-1px||false|false&#8221; global_colors_info=&#8221;{%22gcid-af9142b2-c7bb-4025-b5bc-0a5772cc740b%22:%91%22background_color%22%93}&#8221;][et_pb_column type=&#8221;4_4&#8243; _builder_version=&#8221;4.25.1&#8243; _module_preset=&#8221;default&#8221; global_colors_info=&#8221;{}&#8221;][et_pb_text _builder_version=&#8221;4.25.1&#8243; text_font=&#8221;RDHD|300|||||||&#8221; text_text_color=&#8221;#FFFFFF&#8221; text_font_size=&#8221;35px&#8221; text_line_height=&#8221;1.6em&#8221; link_text_color=&#8221;#577a34&#8243; custom_margin=&#8221;|40px||40px|false|true&#8221; text_font_size_tablet=&#8221;25px&#8221; text_font_size_phone=&#8221;22px&#8221; text_font_size_last_edited=&#8221;on|phone&#8221; text_orientation_tablet=&#8221;center&#8221; text_orientation_phone=&#8221;center&#8221; text_orientation_last_edited=&#8221;on|phone&#8221; locked=&#8221;off&#8221; global_colors_info=&#8221;{}&#8221;]<\/p>\n<p><span>Hotel Cala del Porto is de perfecte keuze voor wie op zoek is naar een 4-sterren zakenhotel in Vibo Marina. <\/span><\/p>\n<p>[\/et_pb_text][\/et_pb_column][\/et_pb_row][et_pb_row column_structure=&#8221;1_2,1_2&#8243; _builder_version=&#8221;4.25.1&#8243; _module_preset=&#8221;default&#8221; background_color=&#8221;gcid-af9142b2-c7bb-4025-b5bc-0a5772cc740b&#8221; global_colors_info=&#8221;{%22gcid-af9142b2-c7bb-4025-b5bc-0a5772cc740b%22:%91%22background_color%22%93}&#8221;][et_pb_column type=&#8221;1_2&#8243; _builder_version=&#8221;4.25.1&#8243; _module_preset=&#8221;default&#8221; global_colors_info=&#8221;{}&#8221;][et_pb_text _builder_version=&#8221;4.25.1&#8243; text_font=&#8221;RDHD|300|||||||&#8221; text_text_color=&#8221;#FFFFFF&#8221; text_font_size=&#8221;20px&#8221; text_line_height=&#8221;1.6em&#8221; width=&#8221;80%&#8221; width_tablet=&#8221;100%&#8221; width_phone=&#8221;100%&#8221; width_last_edited=&#8221;on|tablet&#8221; max_width=&#8221;80%&#8221; max_width_tablet=&#8221;100%&#8221; max_width_phone=&#8221;100%&#8221; max_width_last_edited=&#8221;on|tablet&#8221; module_alignment=&#8221;center&#8221; text_font_size_tablet=&#8221;20px&#8221; text_font_size_phone=&#8221;18px&#8221; text_font_size_last_edited=&#8221;on|phone&#8221; text_orientation_tablet=&#8221;center&#8221; text_orientation_phone=&#8221;center&#8221; text_orientation_last_edited=&#8221;off|desktop&#8221; locked=&#8221;off&#8221; global_colors_info=&#8221;{}&#8221;]<\/p>\n<ul>\n<li>Check-in vanaf 11:00 uur<\/li>\n<li>Uitchecken voor 11:00 uur<\/li>\n<li>Lounge Bar en Caf\u00e9<\/li>\n<li>Restaurant L&#8217;Approdo<\/li>\n<li>Wijnkelder &amp; Wijnmakerij<\/li>\n<li>Gratis openbare parkeerplaats naast het hotel<\/li>\n<li>Gratis bagageopslag<\/li>\n<li>Receptie 24\/24<\/li>\n<li>Dagelijkse schoonmaakdienst<\/li>\n<li>Wasservice <strong><span style=\"font-size: x-small;\">BETALING<\/span><\/strong><\/li>\n<li>Strijkservice <strong><span style=\"font-size: x-small;\">BETALING<\/span><\/strong><\/li>\n<li>Wasservice <strong><span style=\"font-size: x-small;\">BETALING<\/span><\/strong><\/li>\n<li>Shuttleservice <strong><span style=\"font-size: x-small;\">BETALING<\/span><\/strong><\/li>\n<li>Luchthaventransferservice <strong><span style=\"font-size: x-small;\">BETALING<\/span><\/strong><strong><span style=\"font-size: x-small;\"><\/span><\/strong><\/li>\n<\/ul>\n<p>[\/et_pb_text][\/et_pb_column][et_pb_column type=&#8221;1_2&#8243; _builder_version=&#8221;4.25.1&#8243; _module_preset=&#8221;default&#8221; global_colors_info=&#8221;{}&#8221;][et_pb_text _builder_version=&#8221;4.25.1&#8243; text_font=&#8221;RDHD|300|||||||&#8221; text_text_color=&#8221;#FFFFFF&#8221; text_font_size=&#8221;20px&#8221; text_line_height=&#8221;1.6em&#8221; width=&#8221;80%&#8221; width_tablet=&#8221;100%&#8221; width_phone=&#8221;100%&#8221; width_last_edited=&#8221;on|tablet&#8221; max_width=&#8221;80%&#8221; max_width_tablet=&#8221;100%&#8221; max_width_phone=&#8221;100%&#8221; max_width_last_edited=&#8221;on|tablet&#8221; module_alignment=&#8221;center&#8221; text_font_size_tablet=&#8221;20px&#8221; text_font_size_phone=&#8221;18px&#8221; text_font_size_last_edited=&#8221;on|phone&#8221; text_orientation_tablet=&#8221;center&#8221; text_orientation_phone=&#8221;center&#8221; text_orientation_last_edited=&#8221;off|desktop&#8221; locked=&#8221;off&#8221; global_colors_info=&#8221;{}&#8221;]<\/p>\n<ul>\n<li>33 Kamers<\/li>\n<li>Priv\u00e9 badkamer<\/li>\n<li>Verwarming en airconditioning<\/li>\n<li>Digitale flatscreen-tv en Sky Box<\/li>\n<li> Dagelijkse handdoekwissel<\/li>\n<li>Kluis in de kamer<\/li>\n<li>Minibar<\/li>\n<li>Gratis supersnelle wifi<\/li>\n<li>Haardroger<\/li>\n<li>Badkameraccessoires<\/li>\n<li>Lift<\/li>\n<\/ul>\n<p>[\/et_pb_text][\/et_pb_column][\/et_pb_row][\/et_pb_section][et_pb_section fb_built=&#8221;1&#8243; _builder_version=&#8221;4.25.1&#8243; _module_preset=&#8221;default&#8221; locked=&#8221;off&#8221; global_colors_info=&#8221;{}&#8221;][et_pb_row _builder_version=&#8221;4.25.1&#8243; global_colors_info=&#8221;{}&#8221;][et_pb_column type=&#8221;4_4&#8243; _builder_version=&#8221;4.16&#8243; global_colors_info=&#8221;{}&#8221;][et_pb_text _builder_version=&#8221;4.25.1&#8243; text_font=&#8221;RDHD|300|||||||&#8221; text_text_color=&#8221;#000000&#8243; text_font_size=&#8221;35px&#8221; text_line_height=&#8221;1.6em&#8221; link_text_color=&#8221;#7cda24&#8243; text_orientation=&#8221;center&#8221; text_font_size_tablet=&#8221;25px&#8221; text_font_size_phone=&#8221;22px&#8221; text_font_size_last_edited=&#8221;on|phone&#8221; text_orientation_tablet=&#8221;center&#8221; text_orientation_phone=&#8221;center&#8221; text_orientation_last_edited=&#8221;off|desktop&#8221; global_colors_info=&#8221;{}&#8221;]<\/p>\n<p>Kies Hotel Cala del Porto voor uw zakelijke evenementen en investeer in kwaliteit, effici\u00ebntie en elegantie.<\/p>\n<p>[\/et_pb_text][et_pb_text _builder_version=&#8221;4.25.1&#8243; text_font=&#8221;RDHD|300|||||||&#8221; text_text_color=&#8221;#000000&#8243; text_font_size=&#8221;20px&#8221; text_line_height=&#8221;1.6em&#8221; width=&#8221;80%&#8221; width_tablet=&#8221;100%&#8221; width_phone=&#8221;100%&#8221; width_last_edited=&#8221;on|tablet&#8221; max_width=&#8221;80%&#8221; max_width_tablet=&#8221;100%&#8221; max_width_phone=&#8221;100%&#8221; max_width_last_edited=&#8221;on|tablet&#8221; module_alignment=&#8221;center&#8221; text_font_size_tablet=&#8221;20px&#8221; text_font_size_phone=&#8221;18px&#8221; text_font_size_last_edited=&#8221;on|phone&#8221; text_orientation_tablet=&#8221;center&#8221; text_orientation_phone=&#8221;center&#8221; text_orientation_last_edited=&#8221;off|desktop&#8221; global_colors_info=&#8221;{}&#8221;]<\/p>\n<p>De ligging van Hotel Cala del Porto is strategisch om zowel de belangrijkste steden van Calabri\u00eb als de industri\u00eble en commerci\u00eble gebieden gemakkelijk te bereiken. Op korte afstand van de internationale luchthaven van Lamezia Terme en goed verbonden met de belangrijkste verkeersaders, is ons hotel de perfecte keuze voor het organiseren van bedrijfsevenementen die een maximale toegankelijkheid en comfort voor de deelnemers vereisen. <\/p>\n<h3>Congreszalen en professionele diensten<\/h3>\n<p>Onze congreszalen zijn ontworpen om te voldoen aan de hoogste eisen van organisatoren van vergaderingen en conferenties. We beschikken over drie grote zalen: <\/p>\n<ul>\n<li><strong>Vergaderzaal Timoniera<\/strong>: Ideaal voor directievergaderingen en workshops voor leidinggevenden. Uitgerust met een presidenti\u00eble tafel en werkplekken voor de deelnemers. <\/li>\n<li><strong>Vergaderzaal Chiglia<\/strong>: Perfect voor conferenties en productpresentaties. Uitgerust met de nieuwste audiovisuele apparatuur en ruimte voor interactieve workshops. <\/li>\n<li><strong>Vergaderzaal Carena<\/strong>: Geschikt voor zakelijke vergaderingen en formele bijeenkomsten. Flexibele opstelling van de stoelen en voorzien van een snelle internetverbinding. <\/li>\n<\/ul>\n<p>&nbsp;<\/p>\n<p>Ons toegewijde team staat klaar om u bij elke fase van de organisatie van uw evenement te helpen en biedt u persoonlijke en professionele ondersteuning. Als u rechtstreeks op onze offici\u00eble website boekt, kunt u flexibel kiezen uit verschillende pakketten en speciale tarieven, waardoor u verzekerd bent van de beste prijs-kwaliteitverhouding en rechtstreeks contact kunt opnemen met onze medewerkers voor al uw wensen of speciale verzoeken. <\/p>\n<p>[\/et_pb_text][\/et_pb_column][\/et_pb_row][et_pb_row column_structure=&#8221;1_2,1_2&#8243; _builder_version=&#8221;4.25.1&#8243; global_colors_info=&#8221;{}&#8221;][et_pb_column type=&#8221;1_2&#8243; _builder_version=&#8221;4.25.1&#8243; background_image=&#8221;https:\/\/www.caladelporto.com\/wp-content\/uploads\/2024\/06\/sala-meeting.jpg&#8221; background_position=&#8221;center_right&#8221; global_colors_info=&#8221;{}&#8221;][et_pb_text _builder_version=&#8221;4.25.1&#8243; _module_preset=&#8221;default&#8221; height=&#8221;650px&#8221; global_colors_info=&#8221;{}&#8221;][\/et_pb_text][\/et_pb_column][et_pb_column type=&#8221;1_2&#8243; _builder_version=&#8221;4.25.1&#8243; background_image=&#8221;https:\/\/www.caladelporto.com\/wp-content\/uploads\/2024\/06\/sala-meeting-4.jpg&#8221; background_position=&#8221;center_right&#8221; global_colors_info=&#8221;{}&#8221;][et_pb_text _builder_version=&#8221;4.25.1&#8243; _module_preset=&#8221;default&#8221; height=&#8221;650px&#8221; global_colors_info=&#8221;{}&#8221;][\/et_pb_text][\/et_pb_column][\/et_pb_row][et_pb_row column_structure=&#8221;1_2,1_2&#8243; _builder_version=&#8221;4.25.1&#8243; _module_preset=&#8221;default&#8221; global_colors_info=&#8221;{}&#8221;][et_pb_column type=&#8221;1_2&#8243; _builder_version=&#8221;4.25.1&#8243; _module_preset=&#8221;default&#8221; global_colors_info=&#8221;{}&#8221;][et_pb_text _builder_version=&#8221;4.25.1&#8243; text_font=&#8221;RDHD|300|||||||&#8221; text_text_color=&#8221;#000000&#8243; text_font_size=&#8221;35px&#8221; text_line_height=&#8221;1.6em&#8221; link_text_color=&#8221;#7cda24&#8243; text_orientation=&#8221;center&#8221; text_font_size_tablet=&#8221;25px&#8221; text_font_size_phone=&#8221;22px&#8221; text_font_size_last_edited=&#8221;on|phone&#8221; text_orientation_tablet=&#8221;center&#8221; text_orientation_phone=&#8221;center&#8221; text_orientation_last_edited=&#8221;off|desktop&#8221; global_colors_info=&#8221;{}&#8221;]<\/p>\n<p>Diensten en voorzieningen<\/p>\n<p>[\/et_pb_text][et_pb_text _builder_version=&#8221;4.25.1&#8243; text_font=&#8221;RDHD|300|||||||&#8221; text_text_color=&#8221;#000000&#8243; text_font_size=&#8221;20px&#8221; text_line_height=&#8221;1.6em&#8221; width=&#8221;100%&#8221; width_tablet=&#8221;100%&#8221; width_phone=&#8221;100%&#8221; width_last_edited=&#8221;off|desktop&#8221; max_width=&#8221;100%&#8221; max_width_tablet=&#8221;100%&#8221; max_width_phone=&#8221;100%&#8221; max_width_last_edited=&#8221;on|tablet&#8221; module_alignment=&#8221;center&#8221; text_font_size_tablet=&#8221;20px&#8221; text_font_size_phone=&#8221;18px&#8221; text_font_size_last_edited=&#8221;on|phone&#8221; text_orientation_tablet=&#8221;center&#8221; text_orientation_phone=&#8221;center&#8221; text_orientation_last_edited=&#8221;off|desktop&#8221; global_colors_info=&#8221;{}&#8221;]<\/p>\n<p>Naast de congreszalen bieden wij een compleet dienstenpakket om het succes van uw evenementen te garanderen:<\/p>\n<ul>\n<li>\n<p><strong>Lunch geserveerd<\/strong>: Door onze chef-kok samengestelde menu&#8217;s, ideaal voor koffiepauzes en zakenlunches.<\/p>\n<\/li>\n<li>\n<p><strong>Welkomstbuffet<\/strong>: Ontvangst van gasten met drankjes en geselecteerde hapjes.<\/p>\n<\/li>\n<li>\n<p><strong>Ontvangstdienst<\/strong>: Speciaal personeel voor ontvangst en assistentie tijdens het evenement.<\/p>\n<\/li>\n<li>\n<p><strong>Presentatie en gadgets<\/strong>: ondersteuning bij het opstellen en verspreiden van informatiemateriaal en bedrijfsgadgets.<\/p>\n<\/li>\n<li>\n<p><strong>Projector en computer<\/strong>: hoogwaardige audiovisuele apparatuur voor effectieve en professionele presentaties.<\/p>\n<\/li>\n<\/ul>\n<p>[\/et_pb_text][\/et_pb_column][et_pb_column type=&#8221;1_2&#8243; _builder_version=&#8221;4.25.1&#8243; _module_preset=&#8221;default&#8221; global_colors_info=&#8221;{}&#8221;][et_pb_text _builder_version=&#8221;4.25.1&#8243; text_font=&#8221;RDHD|300|||||||&#8221; text_text_color=&#8221;#000000&#8243; text_font_size=&#8221;35px&#8221; text_line_height=&#8221;1.6em&#8221; link_text_color=&#8221;#7cda24&#8243; text_orientation=&#8221;center&#8221; text_font_size_tablet=&#8221;25px&#8221; text_font_size_phone=&#8221;22px&#8221; text_font_size_last_edited=&#8221;on|phone&#8221; text_orientation_tablet=&#8221;center&#8221; text_orientation_phone=&#8221;center&#8221; text_orientation_last_edited=&#8221;off|desktop&#8221; global_colors_info=&#8221;{}&#8221;]<\/p>\n<p>Post-meetingdiensten<\/p>\n<p>[\/et_pb_text][et_pb_text _builder_version=&#8221;4.25.1&#8243; text_font=&#8221;RDHD|300|||||||&#8221; text_text_color=&#8221;#000000&#8243; text_font_size=&#8221;20px&#8221; text_line_height=&#8221;1.6em&#8221; width=&#8221;100%&#8221; width_tablet=&#8221;100%&#8221; width_phone=&#8221;100%&#8221; width_last_edited=&#8221;off|desktop&#8221; max_width=&#8221;100%&#8221; max_width_tablet=&#8221;100%&#8221; max_width_phone=&#8221;100%&#8221; max_width_last_edited=&#8221;on|tablet&#8221; module_alignment=&#8221;center&#8221; text_font_size_tablet=&#8221;20px&#8221; text_font_size_phone=&#8221;18px&#8221; text_font_size_last_edited=&#8221;on|phone&#8221; text_orientation_tablet=&#8221;center&#8221; text_orientation_phone=&#8221;center&#8221; text_orientation_last_edited=&#8221;off|desktop&#8221; global_colors_info=&#8221;{}&#8221;]<\/p>\n<p>Ondanks de zakelijke omgeving biedt Hotel Cala del Porto ook ruimtes die zijn gewijd aan ontspanning en informeel netwerken. Onze loungebar is de ideale plek voor een drankje na het werk of voor een informele bijeenkomst met collega&#8217;s. Comfortabele buitenruimtes en panoramische tuinen bieden een ontspannende achtergrond voor pauzes tijdens de werkdag.  <\/p>\n<h3><\/h3>\n<p>[\/et_pb_text][\/et_pb_column][\/et_pb_row][et_pb_row column_structure=&#8221;1_2,1_2&#8243; _builder_version=&#8221;4.25.1&#8243; global_colors_info=&#8221;{}&#8221;][et_pb_column type=&#8221;1_2&#8243; _builder_version=&#8221;4.25.1&#8243; background_image=&#8221;https:\/\/www.caladelporto.com\/wp-content\/uploads\/2024\/06\/business-hotel-calabria-hotel-cala-del-porto-vibo-marina.jpg&#8221; background_position=&#8221;center_right&#8221; global_colors_info=&#8221;{}&#8221;][et_pb_text _builder_version=&#8221;4.25.1&#8243; _module_preset=&#8221;default&#8221; height=&#8221;650px&#8221; global_colors_info=&#8221;{}&#8221;][\/et_pb_text][\/et_pb_column][et_pb_column type=&#8221;1_2&#8243; _builder_version=&#8221;4.25.1&#8243; background_image=&#8221;https:\/\/www.caladelporto.com\/wp-content\/uploads\/2024\/06\/sala-meeting-3.jpg&#8221; global_colors_info=&#8221;{}&#8221;][et_pb_text _builder_version=&#8221;4.25.1&#8243; _module_preset=&#8221;default&#8221; height=&#8221;650px&#8221; global_colors_info=&#8221;{}&#8221;][\/et_pb_text][\/et_pb_column][\/et_pb_row][\/et_pb_section][et_pb_section fb_built=&#8221;1&#8243; _builder_version=&#8221;4.25.1&#8243; _module_preset=&#8221;default&#8221; background_color=&#8221;gcid-cae9bc41-f69c-4fd3-9b5c-d24e032d106d&#8221; custom_padding=&#8221;135px|||||&#8221; locked=&#8221;off&#8221; global_colors_info=&#8221;{%22gcid-cae9bc41-f69c-4fd3-9b5c-d24e032d106d%22:%91%22background_color%22%93}&#8221;][et_pb_row column_structure=&#8221;1_2,1_2&#8243; _builder_version=&#8221;4.25.1&#8243; global_colors_info=&#8221;{}&#8221;][et_pb_column type=&#8221;1_2&#8243; _builder_version=&#8221;4.25.1&#8243; background_image=&#8221;https:\/\/www.caladelporto.com\/wp-content\/uploads\/2024\/05\/ristorante-lapprodo.jpg&#8221; global_colors_info=&#8221;{}&#8221;][et_pb_text _builder_version=&#8221;4.25.1&#8243; _module_preset=&#8221;default&#8221; height=&#8221;533px&#8221; global_colors_info=&#8221;{}&#8221;][\/et_pb_text][\/et_pb_column][et_pb_column type=&#8221;1_2&#8243; _builder_version=&#8221;4.16&#8243; global_colors_info=&#8221;{}&#8221;][et_pb_text _builder_version=&#8221;4.25.1&#8243; header_3_font=&#8221;MR xx||||||||&#8221; header_3_text_color=&#8221;#6d6964&#8243; header_3_font_size=&#8221;11vw&#8221; header_3_line_height=&#8221;0.4em&#8221; text_orientation=&#8221;center&#8221; animation_style=&#8221;fade&#8221; animation_duration=&#8221;950ms&#8221; header_3_font_size_tablet=&#8221;13vw&#8221; header_3_font_size_phone=&#8221;12vw&#8221; header_3_font_size_last_edited=&#8221;on|phone&#8221; animation_duration_tablet=&#8221;1300ms&#8221; animation_duration_phone=&#8221;1300ms&#8221; animation_duration_last_edited=&#8221;on|phone&#8221; global_colors_info=&#8221;{}&#8221;]<\/p>\n<h3>restaurant<\/h3>\n<p>[\/et_pb_text][et_pb_text _builder_version=&#8221;4.25.1&#8243; text_font=&#8221;RDHD|300|||||||&#8221; text_text_color=&#8221;#000000&#8243; text_font_size=&#8221;35px&#8221; text_line_height=&#8221;1.6em&#8221; link_text_color=&#8221;#7cda24&#8243; text_orientation=&#8221;center&#8221; text_font_size_tablet=&#8221;25px&#8221; text_font_size_phone=&#8221;22px&#8221; text_font_size_last_edited=&#8221;on|phone&#8221; text_orientation_tablet=&#8221;center&#8221; text_orientation_phone=&#8221;center&#8221; text_orientation_last_edited=&#8221;off|desktop&#8221; global_colors_info=&#8221;{}&#8221;]<\/p>\n<p><span>Zeevruchten rechtstreeks van lokale vissersboten<\/span><\/p>\n<p>[\/et_pb_text][et_pb_text _builder_version=&#8221;4.25.1&#8243; text_font=&#8221;RDHD|300|||||||&#8221; text_text_color=&#8221;#000000&#8243; text_font_size=&#8221;20px&#8221; text_line_height=&#8221;1.6em&#8221; width=&#8221;80%&#8221; width_tablet=&#8221;100%&#8221; width_phone=&#8221;100%&#8221; width_last_edited=&#8221;on|tablet&#8221; max_width=&#8221;80%&#8221; max_width_tablet=&#8221;100%&#8221; max_width_phone=&#8221;100%&#8221; max_width_last_edited=&#8221;on|tablet&#8221; module_alignment=&#8221;center&#8221; text_font_size_tablet=&#8221;20px&#8221; text_font_size_phone=&#8221;18px&#8221; text_font_size_last_edited=&#8221;on|phone&#8221; text_orientation_tablet=&#8221;center&#8221; text_orientation_phone=&#8221;center&#8221; text_orientation_last_edited=&#8221;off|desktop&#8221; global_colors_info=&#8221;{}&#8221;]<\/p>\n<p><span>In restaurant Lapprodo kunt u genieten van de authentieke smaak van de zee met verse vis van lokale vissersboten. Onze verfijnde keuken benadrukt de authentieke smaken van Calabri\u00eb en biedt een unieke culinaire ervaring in een elegante en gezellige omgeving, perfect voor elke gelegenheid. <\/span><\/p>\n<p>&nbsp;<\/p>\n<p><a href=\"https:\/\/www.example.com\" class=\"custom-button\" target=\"_blank\" rel=\"noopener\">Ontdek<\/a><\/p>\n<p>[\/et_pb_text][\/et_pb_column][\/et_pb_row][\/et_pb_section][et_pb_section fb_built=&#8221;1&#8243; _builder_version=&#8221;4.25.1&#8243; _module_preset=&#8221;default&#8221; background_enable_color=&#8221;off&#8221; custom_padding=&#8221;135px|||||&#8221; locked=&#8221;off&#8221; global_colors_info=&#8221;{%22gcid-cae9bc41-f69c-4fd3-9b5c-d24e032d106d%22:%91%22background_color%22%93}&#8221;][et_pb_row column_structure=&#8221;1_2,1_2&#8243; _builder_version=&#8221;4.25.1&#8243; global_colors_info=&#8221;{}&#8221;][et_pb_column type=&#8221;1_2&#8243; _builder_version=&#8221;4.16&#8243; global_colors_info=&#8221;{}&#8221;][et_pb_text _builder_version=&#8221;4.25.1&#8243; header_3_font=&#8221;MR xx||||||||&#8221; header_3_text_color=&#8221;#6d6964&#8243; header_3_font_size=&#8221;11vw&#8221; text_orientation=&#8221;center&#8221; animation_style=&#8221;fade&#8221; animation_duration=&#8221;950ms&#8221; header_3_font_size_tablet=&#8221;13vw&#8221; header_3_font_size_phone=&#8221;12vw&#8221; header_3_font_size_last_edited=&#8221;on|phone&#8221; animation_duration_tablet=&#8221;1300ms&#8221; animation_duration_phone=&#8221;1300ms&#8221; animation_duration_last_edited=&#8221;on|phone&#8221; global_colors_info=&#8221;{}&#8221;]<\/p>\n<h3>kamers en suites<\/h3>\n<p>[\/et_pb_text][et_pb_text _builder_version=&#8221;4.25.1&#8243; text_font=&#8221;RDHD|300|||||||&#8221; text_text_color=&#8221;#000000&#8243; text_font_size=&#8221;35px&#8221; text_line_height=&#8221;1.6em&#8221; link_text_color=&#8221;#7cda24&#8243; text_orientation=&#8221;center&#8221; text_font_size_tablet=&#8221;25px&#8221; text_font_size_phone=&#8221;22px&#8221; text_font_size_last_edited=&#8221;on|phone&#8221; text_orientation_tablet=&#8221;center&#8221; text_orientation_phone=&#8221;center&#8221; text_orientation_last_edited=&#8221;off|desktop&#8221; global_colors_info=&#8221;{}&#8221;]<\/p>\n<p><span>Perfect voor een onvergetelijk verblijf in Vibo Marina<\/span><\/p>\n<p>[\/et_pb_text][et_pb_text _builder_version=&#8221;4.25.1&#8243; text_font=&#8221;RDHD|300|||||||&#8221; text_text_color=&#8221;#000000&#8243; text_font_size=&#8221;20px&#8221; text_line_height=&#8221;1.6em&#8221; width=&#8221;80%&#8221; width_tablet=&#8221;100%&#8221; width_phone=&#8221;100%&#8221; width_last_edited=&#8221;on|tablet&#8221; max_width=&#8221;80%&#8221; max_width_tablet=&#8221;100%&#8221; max_width_phone=&#8221;100%&#8221; max_width_last_edited=&#8221;on|tablet&#8221; module_alignment=&#8221;center&#8221; text_font_size_tablet=&#8221;20px&#8221; text_font_size_phone=&#8221;18px&#8221; text_font_size_last_edited=&#8221;on|phone&#8221; text_orientation_tablet=&#8221;center&#8221; text_orientation_phone=&#8221;center&#8221; text_orientation_last_edited=&#8221;off|desktop&#8221; global_colors_info=&#8221;{}&#8221;]Hotel Cala del Porto beschikt over 33 kamers verdeeld over drie verdiepingen, allemaal met een balkon om te genieten van het adembenemende uitzicht op de haven of de zee. De kamers zijn ontworpen om aan de behoeften van elk type reiziger te voldoen, met bijzondere aandacht voor details en comfort. <\/p>\n<p><span><\/span><\/p>\n<p><a href=\"https:\/\/www.example.com\" class=\"custom-button\" target=\"_blank\" rel=\"noopener\">Ontdek<\/a>[\/et_pb_text][\/et_pb_column][et_pb_column type=&#8221;1_2&#8243; _builder_version=&#8221;4.25.1&#8243; background_image=&#8221;https:\/\/www.caladelporto.com\/wp-content\/uploads\/2024\/05\/hotel-cala-del-porto-4-stelle-vibo-marina-calabria-1.jpg&#8221; global_colors_info=&#8221;{}&#8221;][et_pb_text _builder_version=&#8221;4.25.1&#8243; _module_preset=&#8221;default&#8221; height=&#8221;533px&#8221; global_colors_info=&#8221;{}&#8221;][\/et_pb_text][\/et_pb_column][\/et_pb_row][\/et_pb_section][et_pb_section fb_built=&#8221;1&#8243; _builder_version=&#8221;4.25.1&#8243; _module_preset=&#8221;default&#8221; background_color=&#8221;gcid-cae9bc41-f69c-4fd3-9b5c-d24e032d106d&#8221; custom_padding=&#8221;135px|||||&#8221; locked=&#8221;off&#8221; global_colors_info=&#8221;{%22gcid-cae9bc41-f69c-4fd3-9b5c-d24e032d106d%22:%91%22background_color%22%93}&#8221;][et_pb_row column_structure=&#8221;1_2,1_2&#8243; _builder_version=&#8221;4.25.1&#8243; global_colors_info=&#8221;{}&#8221;][et_pb_column type=&#8221;1_2&#8243; _builder_version=&#8221;4.25.1&#8243; background_image=&#8221;https:\/\/www.caladelporto.com\/wp-content\/uploads\/2024\/05\/hotel-cala-del-porto-cantina-ristorante-lapprodo.jpg&#8221; global_colors_info=&#8221;{}&#8221;][et_pb_text _builder_version=&#8221;4.25.1&#8243; _module_preset=&#8221;default&#8221; height=&#8221;533px&#8221; global_colors_info=&#8221;{}&#8221;][\/et_pb_text][\/et_pb_column][et_pb_column type=&#8221;1_2&#8243; _builder_version=&#8221;4.16&#8243; global_colors_info=&#8221;{}&#8221;][et_pb_text _builder_version=&#8221;4.25.1&#8243; header_3_font=&#8221;MR xx||||||||&#8221; header_3_text_color=&#8221;#6d6964&#8243; header_3_font_size=&#8221;11vw&#8221; header_3_line_height=&#8221;0.4em&#8221; text_orientation=&#8221;center&#8221; animation_style=&#8221;fade&#8221; animation_duration=&#8221;950ms&#8221; header_3_font_size_tablet=&#8221;13vw&#8221; header_3_font_size_phone=&#8221;12vw&#8221; header_3_font_size_last_edited=&#8221;on|phone&#8221; animation_duration_tablet=&#8221;1300ms&#8221; animation_duration_phone=&#8221;1300ms&#8221; animation_duration_last_edited=&#8221;on|phone&#8221; global_colors_info=&#8221;{}&#8221;]<\/p>\n<h3>wijnkelder en wijnmakerij<\/h3>\n<p>[\/et_pb_text][et_pb_text _builder_version=&#8221;4.25.1&#8243; text_font=&#8221;RDHD|300|||||||&#8221; text_text_color=&#8221;#000000&#8243; text_font_size=&#8221;35px&#8221; text_line_height=&#8221;1.6em&#8221; link_text_color=&#8221;#7cda24&#8243; text_orientation=&#8221;center&#8221; text_font_size_tablet=&#8221;25px&#8221; text_font_size_phone=&#8221;22px&#8221; text_font_size_last_edited=&#8221;on|phone&#8221; text_orientation_tablet=&#8221;center&#8221; text_orientation_phone=&#8221;center&#8221; text_orientation_last_edited=&#8221;off|desktop&#8221; global_colors_info=&#8221;{}&#8221;]<\/p>\n<p><span>Meer dan 800 Italiaanse en internationale wijnen<\/span><\/p>\n<p>[\/et_pb_text][et_pb_text _builder_version=&#8221;4.25.1&#8243; text_font=&#8221;RDHD|300|||||||&#8221; text_text_color=&#8221;#000000&#8243; text_font_size=&#8221;20px&#8221; text_line_height=&#8221;1.6em&#8221; width=&#8221;80%&#8221; width_tablet=&#8221;100%&#8221; width_phone=&#8221;100%&#8221; width_last_edited=&#8221;on|tablet&#8221; max_width=&#8221;80%&#8221; max_width_tablet=&#8221;100%&#8221; max_width_phone=&#8221;100%&#8221; max_width_last_edited=&#8221;on|tablet&#8221; module_alignment=&#8221;center&#8221; text_font_size_tablet=&#8221;20px&#8221; text_font_size_phone=&#8221;18px&#8221; text_font_size_last_edited=&#8221;on|phone&#8221; text_orientation_tablet=&#8221;center&#8221; text_orientation_phone=&#8221;center&#8221; text_orientation_last_edited=&#8221;off|desktop&#8221; global_colors_info=&#8221;{}&#8221;]<\/p>\n<p><span>Wijnliefhebbers zullen genieten van onze goed gevulde wijnkelder, die een ruime keuze aan lokale en internationale wijnen biedt. Onze sommelier adviseert u graag over de perfecte wijn bij elk gerecht, zodat elk diner een culinaire ontdekkingsreis wordt. <\/span><\/p>\n<p><span>Met een wijnkelder met meer dan 800 labels is restaurant Lapprodo het paradepaardje van de Calabrische gastronomie.<\/span><\/p>\n<p><span><\/span><\/p>\n<p><a href=\"https:\/\/www.example.com\" class=\"custom-button\" target=\"_blank\" rel=\"noopener\">Ontdek<\/a><\/p>\n<p>[\/et_pb_text][\/et_pb_column][\/et_pb_row][\/et_pb_section][et_pb_section fb_built=&#8221;1&#8243; _builder_version=&#8221;4.25.1&#8243; _module_preset=&#8221;default&#8221; global_module=&#8221;420&#8243; global_colors_info=&#8221;{}&#8221;][et_pb_row column_structure=&#8221;1_2,1_2&#8243; _builder_version=&#8221;4.25.1&#8243; _module_preset=&#8221;default&#8221; width=&#8221;90%&#8221; max_width=&#8221;100%&#8221; global_colors_info=&#8221;{}&#8221;][et_pb_column type=&#8221;1_2&#8243; _builder_version=&#8221;4.25.1&#8243; _module_preset=&#8221;default&#8221; global_colors_info=&#8221;{}&#8221;][et_pb_text _builder_version=&#8221;4.25.1&#8243; text_font=&#8221;RDHD|300|||||||&#8221; text_text_color=&#8221;#000000&#8243; text_font_size=&#8221;35px&#8221; text_line_height=&#8221;1.6em&#8221; link_text_color=&#8221;#7cda24&#8243; text_orientation=&#8221;center&#8221; text_font_size_tablet=&#8221;25px&#8221; text_font_size_phone=&#8221;22px&#8221; text_font_size_last_edited=&#8221;on|phone&#8221; text_orientation_tablet=&#8221;center&#8221; text_orientation_phone=&#8221;center&#8221; text_orientation_last_edited=&#8221;off|desktop&#8221; global_colors_info=&#8221;{}&#8221;]<\/p>\n<p>Wilt u een gepersonaliseerd voorstel?<\/p>\n<p>[\/et_pb_text][et_pb_code _builder_version=&#8221;4.25.1&#8243; _module_preset=&#8221;default&#8221; global_colors_info=&#8221;{}&#8221;] <script type=\"text\/javascript\" src=\"https:\/\/www.scidoo.com\/widget_contatti\/include_widget_contatti.js\" id=\"scidoo-widget-contatti\" data-codice=\"1286\" data-lang=\"0\" data-struttura=\"-1\" data-provenienza=\"0\" data-testo-struttura=\"\" data-container=\"\" data-tipologia-richiesta=\"0\" data-blocca-date=\"0\" data-nota-preventivo=\"\" data-settore-specifico=\"0\"><\/script>[\/et_pb_code][\/et_pb_column][et_pb_column type=&#8221;1_2&#8243; _builder_version=&#8221;4.25.1&#8243; _module_preset=&#8221;default&#8221; global_colors_info=&#8221;{}&#8221;][et_pb_text _builder_version=&#8221;4.25.1&#8243; _module_preset=&#8221;default&#8221; text_font=&#8221;RDHD||||||||&#8221; text_text_color=&#8221;#FFFFFF&#8221; text_font_size=&#8221;20px&#8221; background_color=&#8221;#475843&#8243; custom_padding=&#8221;80px|40px|80px|40px|true|true&#8221; text_font_size_tablet=&#8221;20px&#8221; text_font_size_phone=&#8221;18px&#8221; text_font_size_last_edited=&#8221;on|desktop&#8221; global_colors_info=&#8221;{}&#8221;]<\/p>\n<p>Als u rechtstreeks op de offici\u00eble website van Hotel Cala del Porto boekt, profiteert u van exclusieve tarieven en speciale aanbiedingen.<\/p>\n<p>Dit garandeert u niet alleen de beste beschikbare prijs, maar ook meer flexibiliteit bij het reserveren en de mogelijkheid om rechtstreeks met onze medewerkers te communiceren voor eventuele speciale verzoeken.<\/p>\n<p>[\/et_pb_text][et_pb_text _builder_version=&#8221;4.25.1&#8243; _module_preset=&#8221;default&#8221; text_font=&#8221;RDHD||||||||&#8221; text_text_color=&#8221;#FFFFFF&#8221; text_font_size=&#8221;20px&#8221; background_color=&#8221;#a79b8f&#8221; custom_padding=&#8221;80px|40px|80px|40px|true|true&#8221; text_font_size_tablet=&#8221;20px&#8221; text_font_size_phone=&#8221;18px&#8221; text_font_size_last_edited=&#8221;on|desktop&#8221; global_colors_info=&#8221;{}&#8221;]<\/p>\n<p><strong>-20% ten opzichte van online reisbureaus<\/strong><\/p>\n<p><strong>Beste tarieven gegarandeerd<\/strong><br \/><strong><\/strong><br \/><strong>Exclusieve aanbiedingen<\/strong><\/p>\n<p>[\/et_pb_text][\/et_pb_column][\/et_pb_row][\/et_pb_section][et_pb_section fb_built=&#8221;1&#8243; _builder_version=&#8221;4.25.1&#8243; _module_preset=&#8221;default&#8221; background_color=&#8221;#fdfbf5&#8243; custom_padding=&#8221;135px||||false|false&#8221; global_module=&#8221;421&#8243; global_colors_info=&#8221;{}&#8221;][et_pb_row column_structure=&#8221;1_2,1_2&#8243; _builder_version=&#8221;4.25.1&#8243; _module_preset=&#8221;default&#8221; width=&#8221;90%&#8221; max_width=&#8221;100%&#8221; global_colors_info=&#8221;{}&#8221;][et_pb_column type=&#8221;1_2&#8243; _builder_version=&#8221;4.25.1&#8243; _module_preset=&#8221;default&#8221; global_colors_info=&#8221;{}&#8221;][et_pb_text _builder_version=&#8221;4.25.1&#8243; text_font=&#8221;RDHD|300|||||||&#8221; text_text_color=&#8221;#000000&#8243; text_font_size=&#8221;35px&#8221; text_line_height=&#8221;1.6em&#8221; link_text_color=&#8221;#7cda24&#8243; text_orientation=&#8221;center&#8221; text_font_size_tablet=&#8221;25px&#8221; text_font_size_phone=&#8221;22px&#8221; text_font_size_last_edited=&#8221;on|phone&#8221; text_orientation_tablet=&#8221;center&#8221; text_orientation_phone=&#8221;center&#8221; text_orientation_last_edited=&#8221;off|desktop&#8221; global_colors_info=&#8221;{}&#8221;]<\/p>\n<p>Nieuwsbrief<\/p>\n<p>[\/et_pb_text][et_pb_text _builder_version=&#8221;4.25.1&#8243; text_font=&#8221;RDHD|300|||||||&#8221; text_text_color=&#8221;#000000&#8243; text_font_size=&#8221;20px&#8221; text_line_height=&#8221;1.6em&#8221; link_text_color=&#8221;#7cda24&#8243; width=&#8221;80%&#8221; width_tablet=&#8221;100%&#8221; width_phone=&#8221;100%&#8221; width_last_edited=&#8221;on|tablet&#8221; max_width=&#8221;80%&#8221; max_width_tablet=&#8221;100%&#8221; max_width_phone=&#8221;100%&#8221; max_width_last_edited=&#8221;on|tablet&#8221; module_alignment=&#8221;center&#8221; text_font_size_tablet=&#8221;20px&#8221; text_font_size_phone=&#8221;18px&#8221; text_font_size_last_edited=&#8221;on|phone&#8221; text_orientation_tablet=&#8221;center&#8221; text_orientation_phone=&#8221;center&#8221; text_orientation_last_edited=&#8221;off|desktop&#8221; global_colors_info=&#8221;{}&#8221;]<\/p>\n<p>Als u op de hoogte wilt blijven van alle nieuwtjes, exclusieve aanbiedingen en speciale evenementen van Hotel Cala del Porto, schrijf u dan in voor onze nieuwsbrief!<\/p>\n<p>[\/et_pb_text][\/et_pb_column][et_pb_column type=&#8221;1_2&#8243; _builder_version=&#8221;4.25.1&#8243; _module_preset=&#8221;default&#8221; global_colors_info=&#8221;{}&#8221;][et_pb_text _builder_version=&#8221;4.25.1&#8243; _module_preset=&#8221;default&#8221; background_color=&#8221;#FFFFFF&#8221; custom_padding=&#8221;20px|10px|20px|10px|true|true&#8221; global_colors_info=&#8221;{}&#8221;]<\/p>\n<p>E-mail<\/p>\n<p>[\/et_pb_text][et_pb_text _builder_version=&#8221;4.25.1&#8243; text_font=&#8221;Red Hat Display|700|||||||&#8221; text_text_color=&#8221;#ffffff&#8221; text_font_size=&#8221;16px&#8221; text_letter_spacing=&#8221;2px&#8221; background_color=&#8221;#475843&#8243; text_orientation=&#8221;center&#8221; custom_padding=&#8221;20px||20px||true|false&#8221; global_colors_info=&#8221;{}&#8221;]<\/p>\n<p>REGISTREER<\/p>\n<p>[\/et_pb_text][\/et_pb_column][\/et_pb_row][\/et_pb_section][et_pb_section fb_built=&#8221;1&#8243; _builder_version=&#8221;4.25.1&#8243; _module_preset=&#8221;default&#8221; global_module=&#8221;419&#8243; global_colors_info=&#8221;{}&#8221;][et_pb_row _builder_version=&#8221;4.25.1&#8243; _module_preset=&#8221;default&#8221; global_colors_info=&#8221;{}&#8221;][et_pb_column type=&#8221;4_4&#8243; _builder_version=&#8221;4.25.1&#8243; _module_preset=&#8221;default&#8221; global_colors_info=&#8221;{}&#8221;][et_pb_image src=&#8221;https:\/\/www.caladelporto.com\/wp-content\/uploads\/2024\/05\/logo1-3.png&#8221; title_text=&#8221;logo1-3&#8243; _builder_version=&#8221;4.25.1&#8243; _module_preset=&#8221;default&#8221; global_colors_info=&#8221;{}&#8221;][\/et_pb_image][et_pb_text _builder_version=&#8221;4.25.1&#8243; text_font=&#8221;RDHD|300|||||||&#8221; text_text_color=&#8221;#000000&#8243; text_font_size=&#8221;20px&#8221; text_line_height=&#8221;1.6em&#8221; link_text_color=&#8221;#7cda24&#8243; width_last_edited=&#8221;off|desktop&#8221; max_width_tablet=&#8221;&#8221; max_width_phone=&#8221;&#8221; max_width_last_edited=&#8221;on|tablet&#8221; module_alignment=&#8221;center&#8221; text_font_size_tablet=&#8221;20px&#8221; text_font_size_phone=&#8221;18px&#8221; text_font_size_last_edited=&#8221;on|phone&#8221; text_orientation_tablet=&#8221;center&#8221; text_orientation_phone=&#8221;center&#8221; text_orientation_last_edited=&#8221;off|desktop&#8221; global_colors_info=&#8221;{}&#8221;]<\/p>\n<p>Adres: Via Roma, 89900 Vibo Marina VV<\/p>\n<p>Telefoon: 0963 577762<\/p>\n<p>P.iva:<\/p>\n<p>Cir:<\/p>\n<p>&nbsp;<\/p>\n<p>[\/et_pb_text][et_pb_social_media_follow _builder_version=&#8221;4.25.1&#8243; _module_preset=&#8221;default&#8221; global_colors_info=&#8221;{}&#8221;][et_pb_social_media_follow_network social_network=&#8221;facebook&#8221; _builder_version=&#8221;4.25.1&#8243; _module_preset=&#8221;default&#8221; background_color=&#8221;#3b5998&#8243; global_colors_info=&#8221;{}&#8221; follow_button=&#8221;off&#8221; url_new_window=&#8221;on&#8221;]facebook[\/et_pb_social_media_follow_network][et_pb_social_media_follow_network social_network=&#8221;twitter&#8221; _builder_version=&#8221;4.25.1&#8243; _module_preset=&#8221;default&#8221; background_color=&#8221;#000000&#8243; global_colors_info=&#8221;{}&#8221; follow_button=&#8221;off&#8221; url_new_window=&#8221;on&#8221;]X[\/et_pb_social_media_follow_network][\/et_pb_social_media_follow][\/et_pb_column][\/et_pb_row][et_pb_row _builder_version=&#8221;4.25.1&#8243; _module_preset=&#8221;default&#8221; global_colors_info=&#8221;{}&#8221;][et_pb_column type=&#8221;4_4&#8243; _builder_version=&#8221;4.25.1&#8243; _module_preset=&#8221;default&#8221; global_colors_info=&#8221;{}&#8221;][et_pb_divider color=&#8221;#000000&#8243; _builder_version=&#8221;4.25.1&#8243; _module_preset=&#8221;default&#8221; global_colors_info=&#8221;{}&#8221;][\/et_pb_divider][\/et_pb_column][\/et_pb_row][et_pb_row _builder_version=&#8221;4.25.1&#8243; _module_preset=&#8221;default&#8221; global_colors_info=&#8221;{}&#8221;][et_pb_column type=&#8221;4_4&#8243; _builder_version=&#8221;4.25.1&#8243; _module_preset=&#8221;default&#8221; global_colors_info=&#8221;{}&#8221;][et_pb_text _builder_version=&#8221;4.25.1&#8243; text_font=&#8221;RDHD|800|||||||&#8221; text_text_color=&#8221;#000000&#8243; text_font_size=&#8221;20px&#8221; text_line_height=&#8221;1.6em&#8221; link_text_color=&#8221;#7cda24&#8243; text_orientation=&#8221;right&#8221; width_last_edited=&#8221;off|desktop&#8221; max_width_tablet=&#8221;&#8221; max_width_phone=&#8221;&#8221; max_width_last_edited=&#8221;on|tablet&#8221; module_alignment=&#8221;center&#8221; text_font_size_tablet=&#8221;20px&#8221; text_font_size_phone=&#8221;18px&#8221; text_font_size_last_edited=&#8221;on|phone&#8221; text_orientation_tablet=&#8221;center&#8221; text_orientation_phone=&#8221;center&#8221; text_orientation_last_edited=&#8221;on|tablet&#8221; global_colors_info=&#8221;{}&#8221;]<\/p>\n<p>credits <img loading=\"lazy\" decoding=\"async\" src=\"https:\/\/www.caladelporto.com\/wp-content\/uploads\/2024\/05\/logo-hotel-target-2.0-7-300x29.png\" width=\"155\" height=\"15\" alt=\"\" class=\"wp-image-146 alignnone size-medium\"><\/p>\n<p>[\/et_pb_text][\/et_pb_column][\/et_pb_row][\/et_pb_section][et_pb_section fb_built=&#8221;1&#8243; _builder_version=&#8221;4.25.1&#8243; _module_preset=&#8221;default&#8221; background_color=&#8221;#fdfbf5&#8243; custom_padding=&#8221;135px||||false|false&#8221; locked=&#8221;off&#8221; global_colors_info=&#8221;{}&#8221;][et_pb_row _builder_version=&#8221;4.25.1&#8243; _module_preset=&#8221;default&#8221; global_colors_info=&#8221;{}&#8221;][et_pb_column type=&#8221;4_4&#8243; _builder_version=&#8221;4.25.1&#8243; _module_preset=&#8221;default&#8221; global_colors_info=&#8221;{}&#8221;][et_pb_code _builder_version=&#8221;4.25.1&#8243; _module_preset=&#8221;default&#8221; global_colors_info=&#8221;{}&#8221;]    <\/p>\n<div id=\"languagePopup\" class=\"popup\"><!-- [et_pb_line_break_holder] -->        <\/p>\n<div class=\"popup-content\"><!-- [et_pb_line_break_holder] -->            <span class=\"close\">\u00d7<\/span><!-- [et_pb_line_break_holder] -->            <\/p>\n<h2>Selecteer de taal<\/h2>\n<p><!-- [et_pb_line_break_holder] -->            <\/p>\n<ul><!-- [et_pb_line_break_holder] -->                <\/p>\n<li><a href=\"#\"><img decoding=\"async\" src=\"https:\/\/www.caladelporto.com\/wp-content\/uploads\/2024\/05\/ita-bandiera.png\" alt=\"Italiano\"> Italiano<\/a><\/li>\n<p><!-- [et_pb_line_break_holder] -->                <\/p>\n<li><a href=\"#\"><img decoding=\"async\" src=\"https:\/\/www.caladelporto.com\/wp-content\/uploads\/2024\/05\/en-bandiera.png\" alt=\"English\"> English<\/a><\/li>\n<p><!-- [et_pb_line_break_holder] -->                <\/p>\n<li><a href=\"#\"><img decoding=\"async\" src=\"https:\/\/www.caladelporto.com\/wp-content\/uploads\/2024\/05\/bandiera-fra.png\" alt=\"Fran\u00e7ais\"> Fran\u00e7ais<\/a><\/li>\n<p><!-- [et_pb_line_break_holder] -->                <\/p>\n<li><a href=\"#\"><img decoding=\"async\" src=\"https:\/\/www.caladelporto.com\/wp-content\/uploads\/2024\/05\/de-bandiera.png\" alt=\"Deutsch\"> Deutsch<\/a><\/li>\n<p><!-- [et_pb_line_break_holder] -->            <\/ul>\n<p><!-- [et_pb_line_break_holder] -->        <\/div>\n<p><!-- [et_pb_line_break_holder] -->    <\/div>\n<p>[\/et_pb_code][et_pb_code _builder_version=&#8221;4.25.1&#8243; _module_preset=&#8221;default&#8221; global_colors_info=&#8221;{}&#8221;]<script><!-- [et_pb_line_break_holder] -->document.addEventListener('DOMContentLoaded', function () {<!-- [et_pb_line_break_holder] -->    var popup = document.getElementById('languagePopup');<!-- [et_pb_line_break_holder] -->    var btn = document.getElementById('languageButton');<!-- [et_pb_line_break_holder] -->    var span = document.getElementsByClassName('close')[0];<!-- [et_pb_line_break_holder] --><!-- [et_pb_line_break_holder] -->    btn.onclick = function () {<!-- [et_pb_line_break_holder] -->        popup.style.display = 'block';<!-- [et_pb_line_break_holder] -->    }<!-- [et_pb_line_break_holder] --><!-- [et_pb_line_break_holder] -->    span.onclick = function () {<!-- [et_pb_line_break_holder] -->        popup.style.display = 'none';<!-- [et_pb_line_break_holder] -->    }<!-- [et_pb_line_break_holder] --><!-- [et_pb_line_break_holder] -->    window.onclick = function (event) {<!-- [et_pb_line_break_holder] -->        if (event.target == popup) {<!-- [et_pb_line_break_holder] -->            popup.style.display = 'none';<!-- [et_pb_line_break_holder] -->        }<!-- [et_pb_line_break_holder] -->    }<!-- [et_pb_line_break_holder] -->});<!-- [et_pb_line_break_holder] --><!-- [et_pb_line_break_holder] --><\/script><!-- [et_pb_line_break_holder] -->  [\/et_pb_code][\/et_pb_column][\/et_pb_row][\/et_pb_section][et_pb_section fb_built=&#8221;1&#8243; disabled_on=&#8221;on|on|off&#8221; _builder_version=&#8221;4.25.1&#8243; background_color=&#8221;rgba(0,0,0,0)&#8221; positioning=&#8221;fixed&#8221; position_origin_a=&#8221;bottom_right&#8221; position_origin_f=&#8221;bottom_right&#8221; vertical_offset=&#8221;30px&#8221; horizontal_offset=&#8221;0px&#8221; z_index=&#8221;9999999&#8243; width=&#8221;60%&#8221; max_width=&#8221;60%&#8221; custom_padding=&#8221;0px||0px||false|false&#8221; global_module=&#8221;189&#8243; saved_tabs=&#8221;all&#8221; locked=&#8221;off&#8221; global_colors_info=&#8221;{}&#8221;][et_pb_row column_structure=&#8221;1_2,1_4,1_4&#8243; use_custom_gutter=&#8221;on&#8221; gutter_width=&#8221;2&#8243; _builder_version=&#8221;4.25.1&#8243; width=&#8221;100%&#8221; max_width=&#8221;100%&#8221; module_alignment=&#8221;right&#8221; custom_margin=&#8221;||||false|false&#8221; custom_padding=&#8221;0px|40px|0px||true|false&#8221; global_colors_info=&#8221;{}&#8221;][et_pb_column type=&#8221;1_2&#8243; _builder_version=&#8221;4.25.1&#8243; background_color=&#8221;rgba(0,0,0,0.5)&#8221; box_shadow_style=&#8221;preset1&#8243; global_colors_info=&#8221;{}&#8221;][et_pb_text _builder_version=&#8221;4.25.1&#8243; text_font=&#8221;Red Hat Display||||||||&#8221; text_text_color=&#8221;#ffffff&#8221; text_font_size=&#8221;16px&#8221; text_orientation=&#8221;center&#8221; custom_padding=&#8221;20px||20px||true|false&#8221; global_colors_info=&#8221;{}&#8221;]<\/p>\n<p><i class=\"fa-solid fa-phone\"><\/i> <span itemprop=\"telephone\"> +39 0963\/577762 | <\/span><span> <\/span><span class=\"line\"><\/span><i class=\"fa-solid fa-location-dot\"><\/i><span> Vibo Marina<\/span><\/p>\n<p>[\/et_pb_text][\/et_pb_column][et_pb_column type=&#8221;1_4&#8243; _builder_version=&#8221;4.25.1&#8243; background_color=&#8221;#fccf7b&#8221; box_shadow_style=&#8221;preset1&#8243; global_colors_info=&#8221;{}&#8221;][et_pb_text _builder_version=&#8221;4.25.1&#8243; text_font=&#8221;Red Hat Display|700|||||||&#8221; text_text_color=&#8221;gcid-heading-color&#8221; text_font_size=&#8221;16px&#8221; text_letter_spacing=&#8221;2px&#8221; text_orientation=&#8221;center&#8221; custom_padding=&#8221;20px||20px||true|false&#8221; link_option_url=&#8221;https:\/\/booking.bedzzle.com\/desktop\/?apikey=1668cb86ac904e2f307ef4058a0e7d16&#038;lang=it#search\/&#8221; global_colors_info=&#8221;{%22gcid-heading-color%22:%91%22text_text_color%22%93}&#8221;]<\/p>\n<p>BOEKEN<\/p>\n<p>[\/et_pb_text][\/et_pb_column][et_pb_column type=&#8221;1_4&#8243; _builder_version=&#8221;4.25.1&#8243; background_color=&#8221;#577a34&#8243; box_shadow_style=&#8221;preset1&#8243; global_colors_info=&#8221;{}&#8221;][et_pb_text _builder_version=&#8221;4.25.1&#8243; _dynamic_attributes=&#8221;link_option_url&#8221; text_font=&#8221;Red Hat Display|700|||||||&#8221; text_text_color=&#8221;#ffffff&#8221; text_font_size=&#8221;16px&#8221; text_letter_spacing=&#8221;2px&#8221; text_orientation=&#8221;center&#8221; custom_padding=&#8221;20px||20px||true|false&#8221; link_option_url=&#8221;@ET-DC@eyJkeW5hbWljIjp0cnVlLCJjb250ZW50IjoicG9zdF9saW5rX3VybF9wYWdlIiwic2V0dGluZ3MiOnsicG9zdF9pZCI6IjM0MDczMSJ9fQ==@&#8221; global_colors_info=&#8221;{}&#8221;]<\/p>\n<p>OFFERTE<\/p>\n<p>[\/et_pb_text][\/et_pb_column][\/et_pb_row][\/et_pb_section]<\/p>\n","protected":false},"excerpt":{"rendered":"<p>zakenhotelin vibo marinaHotel Cala del Porto is de ideale locatie voor wie op zoek is naar een elegante en functionele omgeving voor zijn zakelijke evenementen. Ons hotel ligt in de prachtige badplaats Vibo Marina, aan de Costa degli Dei in Calabri\u00eb, en biedt niet alleen comfort en luxe voor een aangenaam verblijf, maar ook speciale ruimtes en geavanceerde apparatuur voor vergaderingen, conferenties en andere zakelijke evenementen. Hotel Cala del Porto is de perfecte keuze voor wie op zoek is naar een 4-sterren zakenhotel in Vibo Marina. Check-in vanaf 11:00 uur Uitchecken voor 11:00 uur Lounge Bar en Caf\u00e9 Restaurant L&#8217;Approdo Wijnkelder &amp; Wijnmakerij Gratis openbare parkeerplaats naast het hotel Gratis bagageopslag Receptie 24\/24 Dagelijkse schoonmaakdienst Wasservice BETALING Strijkservice BETALING Wasservice BETALING Shuttleservice BETALING Luchthaventransferservice BETALING 33 Kamers Priv\u00e9 badkamer Verwarming en airconditioning Digitale flatscreen-tv en Sky Box Dagelijkse handdoekwissel Kluis in de kamer Minibar Gratis supersnelle wifi Haardroger Badkameraccessoires Lift Kies Hotel Cala del Porto voor uw zakelijke evenementen en investeer in kwaliteit, effici\u00ebntie en elegantie.De ligging van Hotel Cala del Porto is strategisch om zowel de belangrijkste steden van Calabri\u00eb als de industri\u00eble en commerci\u00eble gebieden gemakkelijk te bereiken. Op korte afstand van de internationale luchthaven van Lamezia Terme [&hellip;]<\/p>\n","protected":false},"author":1,"featured_media":0,"parent":0,"menu_order":0,"comment_status":"closed","ping_status":"closed","template":"","meta":{"_et_pb_use_builder":"on","_et_pb_old_content":"","_et_gb_content_width":"","footnotes":""},"class_list":["post-345576","page","type-page","status-publish","hentry"],"_links":{"self":[{"href":"https:\/\/www.caladelporto.com\/nl\/wp-json\/wp\/v2\/pages\/345576","targetHints":{"allow":["GET"]}}],"collection":[{"href":"https:\/\/www.caladelporto.com\/nl\/wp-json\/wp\/v2\/pages"}],"about":[{"href":"https:\/\/www.caladelporto.com\/nl\/wp-json\/wp\/v2\/types\/page"}],"author":[{"embeddable":true,"href":"https:\/\/www.caladelporto.com\/nl\/wp-json\/wp\/v2\/users\/1"}],"replies":[{"embeddable":true,"href":"https:\/\/www.caladelporto.com\/nl\/wp-json\/wp\/v2\/comments?post=345576"}],"version-history":[{"count":1,"href":"https:\/\/www.caladelporto.com\/nl\/wp-json\/wp\/v2\/pages\/345576\/revisions"}],"predecessor-version":[{"id":345577,"href":"https:\/\/www.caladelporto.com\/nl\/wp-json\/wp\/v2\/pages\/345576\/revisions\/345577"}],"wp:attachment":[{"href":"https:\/\/www.caladelporto.com\/nl\/wp-json\/wp\/v2\/media?parent=345576"}],"curies":[{"name":"wp","href":"https:\/\/api.w.org\/{rel}","templated":true}]}}