{"id":345593,"date":"2024-06-29T08:50:52","date_gmt":"2024-06-29T08:50:52","guid":{"rendered":"https:\/\/www.caladelporto.com\/vakantie-in-calabrie-vibo-tropea-capo-vaticano\/"},"modified":"2024-06-29T08:50:52","modified_gmt":"2024-06-29T08:50:52","slug":"vakantie-in-calabrie-vibo-tropea-capo-vaticano","status":"publish","type":"page","link":"https:\/\/www.caladelporto.com\/nl\/vakantie-in-calabrie-vibo-tropea-capo-vaticano\/","title":{"rendered":"Vakantie in Calabri\u00eb Vibo Tropea Capo Vaticano"},"content":{"rendered":"<p>[et_pb_section fb_built=&#8221;1&#8243; _builder_version=&#8221;4.25.1&#8243; _module_preset=&#8221;default&#8221; global_colors_info=&#8221;{}&#8221;][\/et_pb_section][et_pb_section fb_built=&#8221;1&#8243; _builder_version=&#8221;4.16&#8243; locked=&#8221;off&#8221; global_colors_info=&#8221;{}&#8221;][et_pb_row _builder_version=&#8221;4.16&#8243; global_colors_info=&#8221;{}&#8221;][et_pb_column type=&#8221;4_4&#8243; _builder_version=&#8221;4.16&#8243; global_colors_info=&#8221;{}&#8221;][et_pb_text _builder_version=&#8221;4.25.1&#8243; header_3_font=&#8221;MR xx||||||||&#8221; header_3_text_color=&#8221;#6d6964&#8243; header_3_font_size=&#8221;11vw&#8221; text_orientation=&#8221;center&#8221; animation_style=&#8221;fade&#8221; animation_duration=&#8221;950ms&#8221; header_3_font_size_tablet=&#8221;13vw&#8221; header_3_font_size_phone=&#8221;12vw&#8221; header_3_font_size_last_edited=&#8221;on|phone&#8221; animation_duration_tablet=&#8221;1300ms&#8221; animation_duration_phone=&#8221;1300ms&#8221; animation_duration_last_edited=&#8221;on|phone&#8221; global_colors_info=&#8221;{}&#8221;]<\/p>\n<h3>vakantie in Calabri\u00eb<\/h3>\n<p>[\/et_pb_text][\/et_pb_column][\/et_pb_row][\/et_pb_section][et_pb_section fb_built=&#8221;1&#8243; _builder_version=&#8221;4.25.1&#8243; _module_preset=&#8221;default&#8221; background_image=&#8221;https:\/\/www.caladelporto.com\/wp-content\/uploads\/2024\/06\/tropea-vacanza-in-calabria.jpg&#8221; height=&#8221;38vw&#8221; height_tablet=&#8221;650px&#8221; height_phone=&#8221;500px&#8221; height_last_edited=&#8221;on|phone&#8221; global_colors_info=&#8221;{}&#8221;][et_pb_row _builder_version=&#8221;4.25.1&#8243; _module_preset=&#8221;default&#8221; global_colors_info=&#8221;{}&#8221;][et_pb_column type=&#8221;4_4&#8243; _builder_version=&#8221;4.25.1&#8243; _module_preset=&#8221;default&#8221; global_colors_info=&#8221;{}&#8221;][\/et_pb_column][\/et_pb_row][\/et_pb_section][et_pb_section fb_built=&#8221;1&#8243; _builder_version=&#8221;4.16&#8243; locked=&#8221;off&#8221; global_colors_info=&#8221;{}&#8221;][et_pb_row _builder_version=&#8221;4.25.1&#8243; width=&#8221;60%&#8221; width_tablet=&#8221;90%&#8221; width_phone=&#8221;90%&#8221; width_last_edited=&#8221;on|phone&#8221; max_width=&#8221;60%&#8221; max_width_tablet=&#8221;100%&#8221; max_width_phone=&#8221;100%&#8221; max_width_last_edited=&#8221;on|desktop&#8221; global_colors_info=&#8221;{}&#8221;][et_pb_column type=&#8221;4_4&#8243; _builder_version=&#8221;4.16&#8243; global_colors_info=&#8221;{}&#8221;][et_pb_text _builder_version=&#8221;4.25.1&#8243; text_font=&#8221;RDHD|300|||||||&#8221; text_text_color=&#8221;#000000&#8243; text_font_size=&#8221;35px&#8221; text_line_height=&#8221;1.6em&#8221; link_text_color=&#8221;#577a34&#8243; text_font_size_tablet=&#8221;25px&#8221; text_font_size_phone=&#8221;22px&#8221; text_font_size_last_edited=&#8221;on|phone&#8221; text_orientation_tablet=&#8221;center&#8221; text_orientation_phone=&#8221;center&#8221; text_orientation_last_edited=&#8221;on|phone&#8221; global_colors_info=&#8221;{}&#8221;]<\/p>\n<p>Op het zuidelijkste puntje van Itali\u00eb ligt een juweeltje dat schittert onder de mediterrane zon: Calabri\u00eb. Met zijn adembenemende kusten aan de Tyrreense Zee en de Ionische Zee betovert deze regio met zijn unieke mix van duizendjarige geschiedenis, ongerepte natuur en een keuken vol authentieke smaken. Tot de meest fascinerende kustplaatsen behoren Tropea, Pizzo en Vibo Marina, elk met hun eigen levendige karakter en schatten om te ontdekken.  <\/p>\n<p>[\/et_pb_text][\/et_pb_column][\/et_pb_row][\/et_pb_section][et_pb_section fb_built=&#8221;1&#8243; _builder_version=&#8221;4.16&#8243; _module_preset=&#8221;default&#8221; custom_margin=&#8221;100px||29px||false|&#8221; custom_padding=&#8221;30px||30px||false|&#8221; global_colors_info=&#8221;{}&#8221;][et_pb_row _builder_version=&#8221;4.24.2&#8243; _module_preset=&#8221;default&#8221; background_enable_color=&#8221;off&#8221; background_image=&#8221;https:\/\/www.caladelporto.com\/wp-content\/uploads\/2024\/06\/le-nostre-vicinanze-capo-vaticano.jpg&#8221; width=&#8221;100%&#8221; max_width=&#8221;100%&#8221; height=&#8221;530px&#8221; global_colors_info=&#8221;{}&#8221;][et_pb_column type=&#8221;4_4&#8243; _builder_version=&#8221;4.16&#8243; _module_preset=&#8221;default&#8221; global_colors_info=&#8221;{}&#8221;][et_pb_text _builder_version=&#8221;4.25.1&#8243; _module_preset=&#8221;default&#8221; text_font=&#8221;MR xx||||||||&#8221; text_text_color=&#8221;#FFFFFF&#8221; header_3_font=&#8221;MR xx||||||||&#8221; header_3_text_color=&#8221;#FFFFFF&#8221; header_3_font_size=&#8221;11vw&#8221; text_orientation=&#8221;center&#8221; animation_style=&#8221;fade&#8221; animation_duration=&#8221;950ms&#8221; header_3_font_size_tablet=&#8221;13vw&#8221; header_3_font_size_phone=&#8221;12vw&#8221; header_3_font_size_last_edited=&#8221;on|phone&#8221; animation_duration_tablet=&#8221;1300ms&#8221; animation_duration_phone=&#8221;1300ms&#8221; animation_duration_last_edited=&#8221;on|phone&#8221; global_colors_info=&#8221;{}&#8221;]<\/p>\n<h3>onze omgeving<\/h3>\n<p>[\/et_pb_text][\/et_pb_column][\/et_pb_row][et_pb_row column_structure=&#8221;1_2,1_2&#8243; use_custom_gutter=&#8221;on&#8221; gutter_width=&#8221;2&#8243; custom_padding_last_edited=&#8221;on|phone&#8221; _builder_version=&#8221;4.21.0&#8243; _module_preset=&#8221;default&#8221; background_color=&#8221;#FFFFFF&#8221; width_tablet=&#8221;90%&#8221; width_phone=&#8221;95%&#8221; width_last_edited=&#8221;on|phone&#8221; max_width_tablet=&#8221;90%&#8221; max_width_phone=&#8221;95%&#8221; max_width_last_edited=&#8221;on|tablet&#8221; custom_margin=&#8221;-20vw||||false|false&#8221; custom_padding=&#8221;60px|60px|60px|60px|true|true&#8221; custom_padding_tablet=&#8221;|30px||30px|true|true&#8221; custom_padding_phone=&#8221;|0px||0px|true|true&#8221; box_shadow_style=&#8221;preset1&#8243; global_colors_info=&#8221;{}&#8221;][et_pb_column type=&#8221;1_2&#8243; _builder_version=&#8221;4.16&#8243; _module_preset=&#8221;default&#8221; global_colors_info=&#8221;{}&#8221;][dsm_pricelist separator_color=&#8221;RGBA(255,255,255,0)&#8221; _builder_version=&#8221;4.25.1&#8243; _module_preset=&#8221;default&#8221; header_font=&#8221;RDHD||||||||&#8221; content_font=&#8221;RDHD|300|||||||&#8221; content_text_color=&#8221;#000000&#8243; content_font_size=&#8221;20px&#8221; content_line_height=&#8221;1.6em&#8221; price_font=&#8221;RDHD|800|||||||&#8221; price_text_color=&#8221;#000000&#8243; content_font_size_tablet=&#8221;20px&#8221; content_font_size_phone=&#8221;18px&#8221; content_font_size_last_edited=&#8221;on|phone&#8221; global_colors_info=&#8221;{}&#8221;][dsm_pricelist_child price=&#8221;10 km&#8221; title=&#8221;Pizzo Calabro&#8221; _builder_version=&#8221;4.25.1&#8243; _module_preset=&#8221;default&#8221; custom_margin=&#8221;|20px||20px|false|true&#8221; global_colors_info=&#8221;{}&#8221;]<\/p>\n<p>Pizzo, bekend om zijn truffelijs en het kasteel Murat, is een pittoresk dorpje met een charmant historisch centrum en een prachtig uitzicht op de Golf van Sant&#8217;Eufemia.<\/p>\n<p>[\/dsm_pricelist_child][dsm_pricelist_child price=&#8221;25 Km&#8221; title=&#8221;Tropea&#8221; _builder_version=&#8221;4.25.1&#8243; _module_preset=&#8221;default&#8221; custom_margin=&#8221;|20px||20px|false|true&#8221; global_colors_info=&#8221;{}&#8221;]<\/p>\n<p>Tropea, met zijn witte zandstranden en middeleeuwse steegjes, is een van de meest fascinerende bestemmingen van Calabri\u00eb. Mis het heiligdom van Santa Maria dell&#8217;Isola niet, gelegen op een rotspunt met een adembenemend uitzicht op zee. <\/p>\n<p>[\/dsm_pricelist_child][dsm_pricelist_child price=&#8221;32 km&#8221; title=&#8221;Capo Vaticano&#8221; _builder_version=&#8221;4.25.1&#8243; _module_preset=&#8221;default&#8221; custom_margin=&#8221;|20px||20px|false|true&#8221; global_colors_info=&#8221;{}&#8221;]<\/p>\n<div class=\"dfd-price-block\">\n<div class=\"text-wrap\">\n<div class=\"dfd-price-cover\">\n<div class=\"dfd-content-subtitle\">Capo Vaticano staat bekend om zijn spectaculaire kliffen en kristalheldere water en is ideaal voor liefhebbers van de zee en duiken.<\/div>\n<\/div>\n<\/div>\n<\/div>\n<p>[\/dsm_pricelist_child][dsm_pricelist_child price=&#8221;30 km&#8221; title=&#8221;Zungri e le Grotte degli Sbariati&#8221; _builder_version=&#8221;4.25.1&#8243; _module_preset=&#8221;default&#8221; custom_margin=&#8221;|20px||20px|false|true&#8221; global_colors_info=&#8221;{}&#8221;]<\/p>\n<div class=\"dfd-price-block\">\n<div class=\"text-wrap\">\n<div class=\"dfd-price-cover\">\n<div class=\"dfd-content-subtitle\">\n<div id=\"dfd-price-wrap-65c393dfcb12c-5802\" class=\"dfd-price-wrap \">\n<div class=\"dfd-price-block\">\n<div class=\"text-wrap\">\n<div class=\"dfd-price-cover\">\n<div class=\"dfd-content-subtitle\">Dit oude dorpje neemt je mee op een reis door de tijd met zijn in de rotsen uitgehouwen grotten en nog steeds levende landelijke tradities.<\/div>\n<\/div>\n<\/div>\n<\/div>\n<\/div>\n<\/div>\n<\/div>\n<\/div>\n<\/div>\n<p>[\/dsm_pricelist_child][dsm_pricelist_child price=&#8221;35 km&#8221; title=&#8221;Lamezia Terme&#8221; _builder_version=&#8221;4.25.1&#8243; _module_preset=&#8221;default&#8221; custom_margin=&#8221;|20px||20px|false|true&#8221; global_colors_info=&#8221;{}&#8221;]<\/p>\n<div class=\"dfd-price-block\">\n<div class=\"text-wrap\">\n<div class=\"dfd-price-cover\">\n<div class=\"dfd-content-subtitle\">\n<div id=\"dfd-price-wrap-65c393dfcb12c-5802\" class=\"dfd-price-wrap \">\n<div class=\"dfd-price-block\">\n<div class=\"text-wrap\">\n<div class=\"dfd-price-cover\">\n<div class=\"dfd-content-subtitle\">\n<p>Een belangrijke kuuroordstad met de Terme di Caronte en talrijke historische bezienswaardigheden.<\/p>\n<\/div>\n<\/div>\n<\/div>\n<\/div>\n<\/div>\n<\/div>\n<\/div>\n<\/div>\n<\/div>\n<p>[\/dsm_pricelist_child][dsm_pricelist_child price=&#8221;50 km&#8221; title=&#8221;Catanzaro&#8221; _builder_version=&#8221;4.25.1&#8243; _module_preset=&#8221;default&#8221; custom_margin=&#8221;|20px||20px|false|true&#8221; global_colors_info=&#8221;{}&#8221;]<\/p>\n<div class=\"dfd-price-block\">\n<div class=\"text-wrap\">\n<div class=\"dfd-price-cover\">\n<div class=\"dfd-content-subtitle\">\n<div id=\"dfd-price-wrap-65c393dfcb12c-5802\" class=\"dfd-price-wrap \">\n<div class=\"dfd-price-block\">\n<div class=\"text-wrap\">\n<div class=\"dfd-price-cover\">\n<div class=\"dfd-content-subtitle\">\n<p>De hoofdstad van Calabri\u00eb, met zijn historische centrum, het Parco della Biodiversit\u00e0 Mediterranea (Park van de Mediterrane Biodiversiteit) en het Museo delle Arti di Catanzaro (Kunstmuseum van Catanzaro).<\/p>\n<\/div>\n<\/div>\n<\/div>\n<\/div>\n<\/div>\n<\/div>\n<\/div>\n<\/div>\n<\/div>\n<p>[\/dsm_pricelist_child][dsm_pricelist_child price=&#8221;45 km&#8221; title=&#8221;Nicotera&#8221; _builder_version=&#8221;4.25.1&#8243; _module_preset=&#8221;default&#8221; custom_margin=&#8221;|20px||20px|false|true&#8221; global_colors_info=&#8221;{}&#8221;]<\/p>\n<div class=\"dfd-price-block\">\n<div class=\"text-wrap\">\n<div class=\"dfd-price-cover\">\n<div class=\"dfd-content-subtitle\">\n<div id=\"dfd-price-wrap-65c393dfcb12c-5802\" class=\"dfd-price-wrap \">\n<div class=\"dfd-price-block\">\n<div class=\"text-wrap\">\n<div class=\"dfd-price-cover\">\n<div class=\"dfd-content-subtitle\">\n<p>Een stadje met een mooi strand en een interessant historisch centrum, ideaal voor een dagtrip.<\/p>\n<\/div>\n<\/div>\n<\/div>\n<\/div>\n<\/div>\n<\/div>\n<\/div>\n<\/div>\n<\/div>\n<p>[\/dsm_pricelist_child][dsm_pricelist_child price=&#8221;60 km&#8221; title=&#8221;Santa Severina&#8221; _builder_version=&#8221;4.25.1&#8243; _module_preset=&#8221;default&#8221; custom_margin=&#8221;|20px||20px|false|true&#8221; global_colors_info=&#8221;{}&#8221;]<\/p>\n<div class=\"dfd-price-block\">\n<div class=\"text-wrap\">\n<div class=\"dfd-price-cover\">\n<div class=\"dfd-content-subtitle\">\n<div id=\"dfd-price-wrap-65c393dfcb12c-5802\" class=\"dfd-price-wrap \">\n<div class=\"dfd-price-block\">\n<div class=\"text-wrap\">\n<div class=\"dfd-price-cover\">\n<div class=\"dfd-content-subtitle\">\n<p>Een van de mooiste dorpjes van Itali\u00eb, met zijn Normandische kasteel en een fascinerende kathedraal.<\/p>\n<\/div>\n<\/div>\n<\/div>\n<\/div>\n<\/div>\n<\/div>\n<\/div>\n<\/div>\n<\/div>\n<p>[\/dsm_pricelist_child][dsm_pricelist_child price=&#8221;75 km&#8221; title=&#8221;Badolato&#8221; _builder_version=&#8221;4.25.1&#8243; _module_preset=&#8221;default&#8221; custom_margin=&#8221;|20px||20px|false|true&#8221; global_colors_info=&#8221;{}&#8221;]<\/p>\n<div class=\"dfd-price-block\">\n<div class=\"text-wrap\">\n<div class=\"dfd-price-cover\">\n<div class=\"dfd-content-subtitle\">\n<div id=\"dfd-price-wrap-65c393dfcb12c-5802\" class=\"dfd-price-wrap \">\n<div class=\"dfd-price-block\">\n<div class=\"text-wrap\">\n<div class=\"dfd-price-cover\">\n<div class=\"dfd-content-subtitle\">\n<p>Een van de mooiste dorpjes van Itali\u00eb, met zijn Normandische kasteel en een fascinerende kathedraal.<\/p>\n<\/div>\n<\/div>\n<\/div>\n<\/div>\n<\/div>\n<\/div>\n<\/div>\n<\/div>\n<\/div>\n<p>[\/dsm_pricelist_child][\/dsm_pricelist][\/et_pb_column][et_pb_column type=&#8221;1_2&#8243; _builder_version=&#8221;4.16&#8243; _module_preset=&#8221;default&#8221; global_colors_info=&#8221;{}&#8221;][dsm_pricelist separator_color=&#8221;RGBA(255,255,255,0)&#8221; _builder_version=&#8221;4.25.1&#8243; _module_preset=&#8221;default&#8221; header_font=&#8221;RDHD||||||||&#8221; content_font=&#8221;RDHD|300|||||||&#8221; content_text_color=&#8221;#000000&#8243; content_font_size=&#8221;20px&#8221; content_line_height=&#8221;1.6em&#8221; price_font=&#8221;RDHD|800|||||||&#8221; price_text_color=&#8221;#000000&#8243; content_font_size_tablet=&#8221;20px&#8221; content_font_size_phone=&#8221;18px&#8221; content_font_size_last_edited=&#8221;on|phone&#8221; global_colors_info=&#8221;{}&#8221;][dsm_pricelist_child price=&#8221;75 Km&#8221; title=&#8221;Scilla&#8221; _builder_version=&#8221;4.25.1&#8243; _module_preset=&#8221;default&#8221; custom_margin=&#8221;|20px||20px|false|true&#8221; global_colors_info=&#8221;{}&#8221;]<\/p>\n<div class=\"dfd-price-block\">\n<div class=\"text-wrap\">\n<div class=\"dfd-price-cover\">\n<div class=\"dfd-content-subtitle\">\n<div class=\"dfd-price-block\">\n<div class=\"text-wrap\">\n<div class=\"dfd-price-cover\">\n<div class=\"dfd-content-subtitle\">\n<div id=\"dfd-price-wrap-65c393dfcb12c-5802\" class=\"dfd-price-wrap \">\n<div class=\"dfd-price-block\">\n<div class=\"text-wrap\">\n<div class=\"dfd-price-cover\">\n<div class=\"dfd-content-subtitle\">Scilla, bekend om zijn legendarische band met Homerus, is een vissersdorpje met het Castello Ruffo dat uitkijkt over de zee en de pittoreske wijk Chianalea.<\/div>\n<\/div>\n<\/div>\n<\/div>\n<\/div>\n<\/div>\n<\/div>\n<\/div>\n<\/div>\n<\/div>\n<\/div>\n<\/div>\n<\/div>\n<p>[\/dsm_pricelist_child][dsm_pricelist_child price=&#8221;70 Km&#8221; title=&#8221;Stilo&#8221; _builder_version=&#8221;4.25.1&#8243; _module_preset=&#8221;default&#8221; custom_margin=&#8221;|20px||20px|false|true&#8221; global_colors_info=&#8221;{}&#8221;]<\/p>\n<div class=\"dfd-price-block\">\n<div class=\"text-wrap\">\n<div class=\"dfd-price-cover\">\n<div class=\"dfd-content-subtitle\">\n<div class=\"dfd-price-block\">\n<div class=\"text-wrap\">\n<div class=\"dfd-price-cover\">\n<div class=\"dfd-content-subtitle\">\n<div id=\"dfd-price-wrap-65c393dfcb12c-5802\" class=\"dfd-price-wrap \">\n<div class=\"dfd-price-block\">\n<div class=\"text-wrap\">\n<div class=\"dfd-price-cover\">\n<div class=\"dfd-content-subtitle\">\n<div class=\"dfd-price-block\">\n<div class=\"text-wrap\">\n<div class=\"dfd-price-cover\">\n<div class=\"dfd-content-subtitle\">\n<div id=\"dfd-price-wrap-65c393dfcb12c-5802\" class=\"dfd-price-wrap \">\n<div class=\"dfd-price-block\">\n<div class=\"text-wrap\">\n<div class=\"dfd-price-cover\">\n<div class=\"dfd-content-subtitle\">\n<p>Dit dorpje staat bekend om de Cattolica di Stilo, een kleine, perfect bewaard gebleven Byzantijnse kerk, en om zijn charmante historische centrum.<\/p>\n<\/div>\n<\/div>\n<\/div>\n<\/div>\n<\/div>\n<\/div>\n<\/div>\n<\/div>\n<\/div>\n<\/div>\n<\/div>\n<\/div>\n<\/div>\n<\/div>\n<\/div>\n<\/div>\n<\/div>\n<\/div>\n<\/div>\n<\/div>\n<\/div>\n<\/div>\n<p>[\/dsm_pricelist_child][dsm_pricelist_child price=&#8221;50 Km&#8221; title=&#8221;Serra San Bruno&#8221; _builder_version=&#8221;4.25.1&#8243; _module_preset=&#8221;default&#8221; custom_margin=&#8221;|20px||20px|false|true&#8221; global_colors_info=&#8221;{}&#8221;]<\/p>\n<div class=\"dfd-price-block\">\n<div class=\"text-wrap\">\n<div class=\"dfd-price-cover\">\n<div class=\"dfd-content-subtitle\">\n<p>Bekend om de Certosa di San Bruno, een kartuizerklooster midden in de natuur, is het een plek van grote spiritualiteit en rust.<\/p>\n<\/div>\n<\/div>\n<\/div>\n<\/div>\n<p>[\/dsm_pricelist_child][dsm_pricelist_child price=&#8221;70 Km&#8221; title=&#8221;Soverato&#8221; _builder_version=&#8221;4.25.1&#8243; _module_preset=&#8221;default&#8221; custom_margin=&#8221;|20px||20px|false|true&#8221; global_colors_info=&#8221;{}&#8221;]<\/p>\n<div class=\"dfd-price-block\">\n<div class=\"text-wrap\">\n<div class=\"dfd-price-cover\">\n<div class=\"dfd-content-subtitle\">\n<p>Een badplaats die bekend staat om zijn stranden en bruisende nachtleven, perfect voor een ontspannen dag aan zee.<\/p>\n<\/div>\n<\/div>\n<\/div>\n<\/div>\n<p>[\/dsm_pricelist_child][dsm_pricelist_child price=&#8221;70 Km&#8221; title=&#8221;Catanzaro&#8221; _builder_version=&#8221;4.25.1&#8243; _module_preset=&#8221;default&#8221; custom_margin=&#8221;|20px||20px|false|true&#8221; global_colors_info=&#8221;{}&#8221;]<\/p>\n<p>De hoofdstad van Calabri\u00eb, met zijn historische centrum, het Parco della Biodiversit\u00e0 Mediterranea (Park van de Mediterrane Biodiversiteit) en het Museo delle Arti di Catanzaro (Kunstmuseum van Catanzaro).<\/p>\n<p>&nbsp;<\/p>\n<p>[\/dsm_pricelist_child][dsm_pricelist_child price=&#8221;85 Km&#8221; title=&#8221;Roccella Ionica&#8221; _builder_version=&#8221;4.25.1&#8243; _module_preset=&#8221;default&#8221; custom_margin=&#8221;|20px||20px|false|true&#8221; global_colors_info=&#8221;{}&#8221;]<\/p>\n<p>Een andere parel aan de Ionische kust, met een middeleeuws kasteel en een lang zandstrand.<\/p>\n<p>&nbsp;<\/p>\n<p>[\/dsm_pricelist_child][dsm_pricelist_child price=&#8221;90 Km&#8221; title=&#8221;Gerace&#8221; _builder_version=&#8221;4.25.1&#8243; _module_preset=&#8221;default&#8221; custom_margin=&#8221;|20px||20px|false|true&#8221; global_colors_info=&#8221;{}&#8221;]<\/p>\n<p>Gerace is een charmant middeleeuws dorpje op een heuvel, met een prachtig uitzicht en talrijke oude kerken die een bezoek waard zijn.<\/p>\n<p>&nbsp;<\/p>\n<p>[\/dsm_pricelist_child][\/dsm_pricelist][\/et_pb_column][\/et_pb_row][\/et_pb_section][et_pb_section fb_built=&#8221;1&#8243; _builder_version=&#8221;4.25.1&#8243; _module_preset=&#8221;default&#8221; locked=&#8221;off&#8221; global_colors_info=&#8221;{}&#8221;][et_pb_row _builder_version=&#8221;4.25.1&#8243; global_colors_info=&#8221;{}&#8221;][et_pb_column type=&#8221;4_4&#8243; _builder_version=&#8221;4.16&#8243; global_colors_info=&#8221;{}&#8221;][et_pb_text _builder_version=&#8221;4.25.1&#8243; text_font=&#8221;RDHD|300|||||||&#8221; text_text_color=&#8221;#000000&#8243; text_font_size=&#8221;35px&#8221; text_line_height=&#8221;1.6em&#8221; link_text_color=&#8221;#7cda24&#8243; text_orientation=&#8221;center&#8221; text_font_size_tablet=&#8221;25px&#8221; text_font_size_phone=&#8221;22px&#8221; text_font_size_last_edited=&#8221;on|phone&#8221; text_orientation_tablet=&#8221;center&#8221; text_orientation_phone=&#8221;center&#8221; text_orientation_last_edited=&#8221;off|desktop&#8221; global_colors_info=&#8221;{}&#8221;]<\/p>\n<p>Calabri\u00eb verkennen betekent jezelf onderdompelen in een land dat rijk is aan geschiedenis, natuur en authentieke tradities.<\/p>\n<p>[\/et_pb_text][et_pb_text _builder_version=&#8221;4.25.1&#8243; text_font=&#8221;RDHD|300|||||||&#8221; text_text_color=&#8221;#000000&#8243; text_font_size=&#8221;20px&#8221; text_line_height=&#8221;1.6em&#8221; width=&#8221;80%&#8221; width_tablet=&#8221;100%&#8221; width_phone=&#8221;100%&#8221; width_last_edited=&#8221;on|tablet&#8221; max_width=&#8221;80%&#8221; max_width_tablet=&#8221;100%&#8221; max_width_phone=&#8221;100%&#8221; max_width_last_edited=&#8221;on|tablet&#8221; module_alignment=&#8221;center&#8221; text_font_size_tablet=&#8221;20px&#8221; text_font_size_phone=&#8221;18px&#8221; text_font_size_last_edited=&#8221;on|phone&#8221; text_orientation_tablet=&#8221;center&#8221; text_orientation_phone=&#8221;center&#8221; text_orientation_last_edited=&#8221;off|desktop&#8221; global_colors_info=&#8221;{}&#8221;]<\/p>\n<p>Welkom in het land van adembenemende contrasten, waar de bergen en de kristalheldere zee elkaar ontmoeten en geschiedenis en moderniteit samenkomen. Welkom in Calabri\u00eb, een verborgen juweeltje in het hart van Zuid-Itali\u00eb, waar elke hoek een verhaal te ontdekken is. <\/p>\n<p>Hotel Cala del Porto, gelegen in het pittoreske Vibo Marina, staat voor elegantie en comfort. Met zijn ruime kamers en gezellige sfeer is dit hotel het ideale vertrekpunt om alles te ontdekken wat Calabri\u00eb te bieden heeft. Hotel Cala del Porto ligt strategisch tussen Tropea en Pizzo, twee van de meest fascinerende plaatsen in de regio, en biedt niet alleen een luxe verblijf, maar ook een authentieke ervaring.  <\/p>\n<p>Hotel Cala del Porto, gelegen in het pittoreske Vibo Marina, staat voor elegantie en comfort. Met zijn ruime kamers en gezellige sfeer is dit hotel het ideale vertrekpunt om alles te ontdekken wat Calabri\u00eb te bieden heeft. Hotel Cala del Porto ligt strategisch tussen Tropea en Pizzo, twee van de meest fascinerende plaatsen in de regio, en biedt niet alleen een luxe verblijf, maar ook een authentieke ervaring.  <\/p>\n<p>Ten noorden van Vibo Marina ligt Pizzo, een middeleeuws dorpje dat niet alleen bekend staat om zijn geschiedenis, maar ook om zijn heerlijke truffelijs, een lokale delicatesse die u niet mag missen. Bezoek het Castello Murat en geniet van het adembenemende uitzicht op de Golf van Sant&#8217;Eufemia. Wandel langs de kust en laat u betoveren door de charme van Pizzo Vecchio, waar de tijd lijkt te hebben stilgestaan.  <\/p>\n<p>[\/et_pb_text][\/et_pb_column][\/et_pb_row][et_pb_row column_structure=&#8221;1_2,1_2&#8243; _builder_version=&#8221;4.25.1&#8243; global_colors_info=&#8221;{}&#8221;][et_pb_column type=&#8221;1_2&#8243; _builder_version=&#8221;4.25.1&#8243; background_image=&#8221;https:\/\/www.caladelporto.com\/wp-content\/uploads\/2024\/06\/tropea-3.jpg&#8221; background_position=&#8221;center_right&#8221; global_colors_info=&#8221;{}&#8221;][et_pb_text _builder_version=&#8221;4.25.1&#8243; _module_preset=&#8221;default&#8221; height=&#8221;650px&#8221; global_colors_info=&#8221;{}&#8221;][\/et_pb_text][\/et_pb_column][et_pb_column type=&#8221;1_2&#8243; _builder_version=&#8221;4.25.1&#8243; background_image=&#8221;https:\/\/www.caladelporto.com\/wp-content\/uploads\/2024\/05\/vacanze-al-mare-calabria.jpg&#8221; background_position=&#8221;center_right&#8221; global_colors_info=&#8221;{}&#8221;][et_pb_text _builder_version=&#8221;4.25.1&#8243; _module_preset=&#8221;default&#8221; height=&#8221;650px&#8221; global_colors_info=&#8221;{}&#8221;][\/et_pb_text][\/et_pb_column][\/et_pb_row][\/et_pb_section][et_pb_section fb_built=&#8221;1&#8243; _builder_version=&#8221;4.25.1&#8243; _module_preset=&#8221;default&#8221; background_color=&#8221;gcid-cae9bc41-f69c-4fd3-9b5c-d24e032d106d&#8221; custom_padding=&#8221;135px|||||&#8221; locked=&#8221;off&#8221; global_colors_info=&#8221;{%22gcid-cae9bc41-f69c-4fd3-9b5c-d24e032d106d%22:%91%22background_color%22%93}&#8221;][et_pb_row column_structure=&#8221;1_2,1_2&#8243; _builder_version=&#8221;4.25.1&#8243; global_colors_info=&#8221;{}&#8221;][et_pb_column type=&#8221;1_2&#8243; _builder_version=&#8221;4.25.1&#8243; background_image=&#8221;https:\/\/www.caladelporto.com\/wp-content\/uploads\/2024\/05\/vibo-marina-calabria-hotel.jpg&#8221; global_colors_info=&#8221;{}&#8221;][et_pb_text _builder_version=&#8221;4.25.1&#8243; _module_preset=&#8221;default&#8221; height=&#8221;533px&#8221; global_colors_info=&#8221;{}&#8221;][\/et_pb_text][\/et_pb_column][et_pb_column type=&#8221;1_2&#8243; _builder_version=&#8221;4.16&#8243; global_colors_info=&#8221;{}&#8221;][et_pb_text _builder_version=&#8221;4.25.1&#8243; header_3_font=&#8221;MR xx||||||||&#8221; header_3_text_color=&#8221;#6d6964&#8243; header_3_font_size=&#8221;11vw&#8221; text_orientation=&#8221;center&#8221; custom_margin=&#8221;-150px||||false|false&#8221; custom_margin_tablet=&#8221;0px||||false|false&#8221; custom_margin_phone=&#8221;0px||||false|false&#8221; custom_margin_last_edited=&#8221;on|phone&#8221; animation_style=&#8221;fade&#8221; animation_duration=&#8221;950ms&#8221; header_3_font_size_tablet=&#8221;13vw&#8221; header_3_font_size_phone=&#8221;12vw&#8221; header_3_font_size_last_edited=&#8221;on|phone&#8221; animation_duration_tablet=&#8221;1300ms&#8221; animation_duration_phone=&#8221;1300ms&#8221; animation_duration_last_edited=&#8221;on|phone&#8221; global_colors_info=&#8221;{}&#8221;]<\/p>\n<h3>Vibo Marina<\/h3>\n<p>[\/et_pb_text][et_pb_text _builder_version=&#8221;4.25.1&#8243; text_font=&#8221;RDHD|300|||||||&#8221; text_text_color=&#8221;#000000&#8243; text_font_size=&#8221;35px&#8221; text_line_height=&#8221;1.6em&#8221; link_text_color=&#8221;#7cda24&#8243; text_orientation=&#8221;center&#8221; text_font_size_tablet=&#8221;25px&#8221; text_font_size_phone=&#8221;22px&#8221; text_font_size_last_edited=&#8221;on|phone&#8221; text_orientation_tablet=&#8221;center&#8221; text_orientation_phone=&#8221;center&#8221; text_orientation_last_edited=&#8221;off|desktop&#8221; global_colors_info=&#8221;{}&#8221;]<\/p>\n<p>Een charmant vissersdorpje tussen traditie en moderniteit<\/p>\n<p>[\/et_pb_text][et_pb_text _builder_version=&#8221;4.25.1&#8243; text_font=&#8221;RDHD|300|||||||&#8221; text_text_color=&#8221;#000000&#8243; text_font_size=&#8221;20px&#8221; text_line_height=&#8221;1.6em&#8221; width=&#8221;80%&#8221; width_tablet=&#8221;100%&#8221; width_phone=&#8221;100%&#8221; width_last_edited=&#8221;on|tablet&#8221; max_width=&#8221;80%&#8221; max_width_tablet=&#8221;100%&#8221; max_width_phone=&#8221;100%&#8221; max_width_last_edited=&#8221;on|tablet&#8221; module_alignment=&#8221;center&#8221; hover_enabled=&#8221;0&#8243; text_font_size_tablet=&#8221;20px&#8221; text_font_size_phone=&#8221;18px&#8221; text_font_size_last_edited=&#8221;on|phone&#8221; text_orientation_tablet=&#8221;center&#8221; text_orientation_phone=&#8221;center&#8221; text_orientation_last_edited=&#8221;off|desktop&#8221; global_colors_info=&#8221;{}&#8221; sticky_enabled=&#8221;0&#8243;]Vibo Marina, een charmant dorpje aan de Tyrreense kust van Calabri\u00eb, is een verborgen juweeltje dat zijn wortels heeft in de rijke maritieme traditie van de regio. Deze plaats, strategisch gelegen tussen de beroemde plaatsen Tropea en Pizzo, biedt een unieke mix van geschiedenis, cultuur en natuurschoon, waardoor het een niet te missen bestemming is voor wie de ware essentie van Calabri\u00eb wil ontdekken. <\/p>\n<p>&nbsp;<\/p>\n<p><a href=\"https:\/\/www.caladelporto.com\/vacanza-in-calabria-vibo-tropea-pizzo\/hotel-a-vibo-marina-vicino-al-mare\/\" class=\"custom-button\">Ontdek<\/a>[\/et_pb_text][\/et_pb_column][\/et_pb_row][\/et_pb_section][et_pb_section fb_built=&#8221;1&#8243; _builder_version=&#8221;4.25.1&#8243; _module_preset=&#8221;default&#8221; background_enable_color=&#8221;off&#8221; custom_padding=&#8221;135px|||||&#8221; locked=&#8221;off&#8221; global_colors_info=&#8221;{%22gcid-cae9bc41-f69c-4fd3-9b5c-d24e032d106d%22:%91%22background_color%22%93}&#8221;][et_pb_row column_structure=&#8221;1_2,1_2&#8243; _builder_version=&#8221;4.25.1&#8243; global_colors_info=&#8221;{}&#8221;][et_pb_column type=&#8221;1_2&#8243; _builder_version=&#8221;4.16&#8243; global_colors_info=&#8221;{}&#8221;][et_pb_text _builder_version=&#8221;4.25.1&#8243; header_3_font=&#8221;MR xx||||||||&#8221; header_3_text_color=&#8221;#6d6964&#8243; header_3_font_size=&#8221;11vw&#8221; text_orientation=&#8221;center&#8221; custom_margin=&#8221;-150px||||false|false&#8221; custom_margin_tablet=&#8221;0px||||false|false&#8221; custom_margin_phone=&#8221;0px||||false|false&#8221; custom_margin_last_edited=&#8221;on|phone&#8221; animation_style=&#8221;fade&#8221; animation_duration=&#8221;950ms&#8221; header_3_font_size_tablet=&#8221;13vw&#8221; header_3_font_size_phone=&#8221;12vw&#8221; header_3_font_size_last_edited=&#8221;on|phone&#8221; animation_duration_tablet=&#8221;1300ms&#8221; animation_duration_phone=&#8221;1300ms&#8221; animation_duration_last_edited=&#8221;on|phone&#8221; global_colors_info=&#8221;{}&#8221;]<\/p>\n<h3>tropea<\/h3>\n<p>[\/et_pb_text][et_pb_text _builder_version=&#8221;4.25.1&#8243; text_font=&#8221;RDHD|300|||||||&#8221; text_text_color=&#8221;#000000&#8243; text_font_size=&#8221;35px&#8221; text_line_height=&#8221;1.6em&#8221; link_text_color=&#8221;#7cda24&#8243; text_orientation=&#8221;center&#8221; text_font_size_tablet=&#8221;25px&#8221; text_font_size_phone=&#8221;22px&#8221; text_font_size_last_edited=&#8221;on|phone&#8221; text_orientation_tablet=&#8221;center&#8221; text_orientation_phone=&#8221;center&#8221; text_orientation_last_edited=&#8221;off|desktop&#8221; global_colors_info=&#8221;{}&#8221;]<\/p>\n<p>Het balkon boven de Tyrreense Zee<\/p>\n<p>[\/et_pb_text][et_pb_text _builder_version=&#8221;4.25.1&#8243; text_font=&#8221;RDHD|300|||||||&#8221; text_text_color=&#8221;#000000&#8243; text_font_size=&#8221;20px&#8221; text_line_height=&#8221;1.6em&#8221; width=&#8221;80%&#8221; width_tablet=&#8221;100%&#8221; width_phone=&#8221;100%&#8221; width_last_edited=&#8221;on|tablet&#8221; max_width=&#8221;80%&#8221; max_width_tablet=&#8221;100%&#8221; max_width_phone=&#8221;100%&#8221; max_width_last_edited=&#8221;on|tablet&#8221; module_alignment=&#8221;center&#8221; hover_enabled=&#8221;0&#8243; text_font_size_tablet=&#8221;20px&#8221; text_font_size_phone=&#8221;18px&#8221; text_font_size_last_edited=&#8221;on|phone&#8221; text_orientation_tablet=&#8221;center&#8221; text_orientation_phone=&#8221;center&#8221; text_orientation_last_edited=&#8221;off|desktop&#8221; global_colors_info=&#8221;{}&#8221; sticky_enabled=&#8221;0&#8243;]Tropea is een parel op een witte tufsteenrots, met uitzicht op het kristalheldere water van de Tyrreense Zee. Deze stad staat bekend om zijn betoverende stranden, zoals het beroemde strand van Tropea, omgeven door kliffen die steil afdalen naar de zee. <\/p>\n<p>Een wandeling door de steegjes van het historische centrum is een reis door de tijd langs adellijke paleizen, oude kerken en adembenemende vergezichten. Mis het uitzicht vanaf het uitkijkpunt niet, waar het panorama zich uitstrekt van de Eolische eilanden tot aan de Golf van Sant&#8217;Eufemia. <span><\/span><\/p>\n<p><a href=\"https:\/\/www.caladelporto.com\/vacanza-in-calabria-vibo-tropea-pizzo\/hotel-4-stelle-vicino-a-tropea\/\" class=\"custom-button\">Ontdek<\/a>[\/et_pb_text][\/et_pb_column][et_pb_column type=&#8221;1_2&#8243; _builder_version=&#8221;4.25.1&#8243; background_image=&#8221;https:\/\/www.caladelporto.com\/wp-content\/uploads\/2024\/06\/vacanza-in-calabria.jpg&#8221; global_colors_info=&#8221;{}&#8221;][et_pb_text _builder_version=&#8221;4.25.1&#8243; _module_preset=&#8221;default&#8221; height=&#8221;533px&#8221; global_colors_info=&#8221;{}&#8221;][\/et_pb_text][\/et_pb_column][\/et_pb_row][\/et_pb_section][et_pb_section fb_built=&#8221;1&#8243; _builder_version=&#8221;4.25.1&#8243; _module_preset=&#8221;default&#8221; background_color=&#8221;gcid-cae9bc41-f69c-4fd3-9b5c-d24e032d106d&#8221; custom_padding=&#8221;135px|||||&#8221; locked=&#8221;off&#8221; global_colors_info=&#8221;{%22gcid-cae9bc41-f69c-4fd3-9b5c-d24e032d106d%22:%91%22background_color%22%93}&#8221;][et_pb_row column_structure=&#8221;1_2,1_2&#8243; _builder_version=&#8221;4.25.1&#8243; global_colors_info=&#8221;{}&#8221;][et_pb_column type=&#8221;1_2&#8243; _builder_version=&#8221;4.25.1&#8243; background_image=&#8221;https:\/\/www.caladelporto.com\/wp-content\/uploads\/2024\/06\/pizzo-calabro-2.jpg&#8221; global_colors_info=&#8221;{}&#8221;][et_pb_text _builder_version=&#8221;4.25.1&#8243; _module_preset=&#8221;default&#8221; height=&#8221;533px&#8221; global_colors_info=&#8221;{}&#8221;][\/et_pb_text][\/et_pb_column][et_pb_column type=&#8221;1_2&#8243; _builder_version=&#8221;4.16&#8243; global_colors_info=&#8221;{}&#8221;][et_pb_text _builder_version=&#8221;4.25.1&#8243; header_3_font=&#8221;MR xx||||||||&#8221; header_3_text_color=&#8221;#6d6964&#8243; header_3_font_size=&#8221;11vw&#8221; header_3_line_height=&#8221;0.8em&#8221; text_orientation=&#8221;center&#8221; custom_margin=&#8221;-150px||||false|false&#8221; custom_margin_tablet=&#8221;0px||||false|false&#8221; custom_margin_phone=&#8221;0px||||false|false&#8221; custom_margin_last_edited=&#8221;on|phone&#8221; animation_style=&#8221;fade&#8221; animation_duration=&#8221;950ms&#8221; header_3_font_size_tablet=&#8221;13vw&#8221; header_3_font_size_phone=&#8221;12vw&#8221; header_3_font_size_last_edited=&#8221;on|phone&#8221; animation_duration_tablet=&#8221;1300ms&#8221; animation_duration_phone=&#8221;1300ms&#8221; animation_duration_last_edited=&#8221;on|phone&#8221; global_colors_info=&#8221;{}&#8221;]<\/p>\n<h3>pizzo<\/h3>\n<p>[\/et_pb_text][et_pb_text _builder_version=&#8221;4.25.1&#8243; text_font=&#8221;RDHD|300|||||||&#8221; text_text_color=&#8221;#000000&#8243; text_font_size=&#8221;35px&#8221; text_line_height=&#8221;1.6em&#8221; link_text_color=&#8221;#7cda24&#8243; text_orientation=&#8221;center&#8221; text_font_size_tablet=&#8221;25px&#8221; text_font_size_phone=&#8221;22px&#8221; text_font_size_last_edited=&#8221;on|phone&#8221; text_orientation_tablet=&#8221;center&#8221; text_orientation_phone=&#8221;center&#8221; text_orientation_last_edited=&#8221;off|desktop&#8221; global_colors_info=&#8221;{}&#8221;]<\/p>\n<p>Het dorp van de muurschilderingen en het truffelijs<\/p>\n<p>[\/et_pb_text][et_pb_text _builder_version=&#8221;4.25.1&#8243; text_font=&#8221;RDHD|300|||||||&#8221; text_text_color=&#8221;#000000&#8243; text_font_size=&#8221;20px&#8221; text_line_height=&#8221;1.6em&#8221; width=&#8221;80%&#8221; width_tablet=&#8221;100%&#8221; width_phone=&#8221;100%&#8221; width_last_edited=&#8221;on|tablet&#8221; max_width=&#8221;80%&#8221; max_width_tablet=&#8221;100%&#8221; max_width_phone=&#8221;100%&#8221; max_width_last_edited=&#8221;on|tablet&#8221; module_alignment=&#8221;center&#8221; hover_enabled=&#8221;0&#8243; text_font_size_tablet=&#8221;20px&#8221; text_font_size_phone=&#8221;18px&#8221; text_font_size_last_edited=&#8221;on|phone&#8221; text_orientation_tablet=&#8221;center&#8221; text_orientation_phone=&#8221;center&#8221; text_orientation_last_edited=&#8221;off|desktop&#8221; global_colors_info=&#8221;{}&#8221; sticky_enabled=&#8221;0&#8243;]Pizzo is een stad die geschiedenis, kunst en gastronomie combineert tot een onvergetelijke ervaring. Het historische centrum is een doolhof van geplaveide steegjes en gezellige pleinen, verrijkt met beroemde muurschilderingen die verhalen uit vervlogen tijden vertellen. Niet te missen is het Castello Aragonese, dat de kust domineert en een panoramisch uitzicht biedt op de baai van Pizzo. Maar het echte meesterwerk van Pizzo is het truffelijs, een must voor fijnproevers die op zoek zijn naar een unieke culinaire ervaring.   <span><\/span><\/p>\n<p><a href=\"https:\/\/www.caladelporto.com\/vacanza-in-calabria-vibo-tropea-pizzo\/hotel-4-stelle-vicino-pizzo\/\" class=\"custom-button\">Ontdek<\/a>[\/et_pb_text][\/et_pb_column][\/et_pb_row][\/et_pb_section][et_pb_section fb_built=&#8221;1&#8243; _builder_version=&#8221;4.25.1&#8243; _module_preset=&#8221;default&#8221; background_enable_color=&#8221;off&#8221; custom_padding=&#8221;135px|||||&#8221; locked=&#8221;off&#8221; global_colors_info=&#8221;{%22gcid-cae9bc41-f69c-4fd3-9b5c-d24e032d106d%22:%91%22background_color%22%93}&#8221;][et_pb_row column_structure=&#8221;1_2,1_2&#8243; _builder_version=&#8221;4.25.1&#8243; global_colors_info=&#8221;{}&#8221;][et_pb_column type=&#8221;1_2&#8243; _builder_version=&#8221;4.16&#8243; global_colors_info=&#8221;{}&#8221;][et_pb_text _builder_version=&#8221;4.25.1&#8243; header_3_font=&#8221;MR xx||||||||&#8221; header_3_text_color=&#8221;#6d6964&#8243; header_3_font_size=&#8221;11vw&#8221; text_orientation=&#8221;center&#8221; custom_margin=&#8221;-150px||||false|false&#8221; custom_margin_tablet=&#8221;0px||||false|false&#8221; custom_margin_phone=&#8221;0px||||false|false&#8221; custom_margin_last_edited=&#8221;on|phone&#8221; animation_style=&#8221;fade&#8221; animation_duration=&#8221;950ms&#8221; header_3_font_size_tablet=&#8221;13vw&#8221; header_3_font_size_phone=&#8221;12vw&#8221; header_3_font_size_last_edited=&#8221;on|phone&#8221; animation_duration_tablet=&#8221;1300ms&#8221; animation_duration_phone=&#8221;1300ms&#8221; animation_duration_last_edited=&#8221;on|phone&#8221; global_colors_info=&#8221;{}&#8221;]<\/p>\n<h3>capo vaticano<\/h3>\n<p>[\/et_pb_text][et_pb_text _builder_version=&#8221;4.25.1&#8243; text_font=&#8221;RDHD|300|||||||&#8221; text_text_color=&#8221;#000000&#8243; text_font_size=&#8221;35px&#8221; text_line_height=&#8221;1.6em&#8221; link_text_color=&#8221;#7cda24&#8243; text_orientation=&#8221;center&#8221; text_font_size_tablet=&#8221;25px&#8221; text_font_size_phone=&#8221;22px&#8221; text_font_size_last_edited=&#8221;on|phone&#8221; text_orientation_tablet=&#8221;center&#8221; text_orientation_phone=&#8221;center&#8221; text_orientation_last_edited=&#8221;off|desktop&#8221; global_colors_info=&#8221;{}&#8221;]<\/p>\n<p><span>Perfect voor een onvergetelijk verblijf in Vibo Marina<\/span><\/p>\n<p>[\/et_pb_text][et_pb_text _builder_version=&#8221;4.25.1&#8243; text_font=&#8221;RDHD|300|||||||&#8221; text_text_color=&#8221;#000000&#8243; text_font_size=&#8221;20px&#8221; text_line_height=&#8221;1.6em&#8221; width=&#8221;80%&#8221; width_tablet=&#8221;100%&#8221; width_phone=&#8221;100%&#8221; width_last_edited=&#8221;on|tablet&#8221; max_width=&#8221;80%&#8221; max_width_tablet=&#8221;100%&#8221; max_width_phone=&#8221;100%&#8221; max_width_last_edited=&#8221;on|tablet&#8221; module_alignment=&#8221;center&#8221; hover_enabled=&#8221;0&#8243; text_font_size_tablet=&#8221;20px&#8221; text_font_size_phone=&#8221;18px&#8221; text_font_size_last_edited=&#8221;on|phone&#8221; text_orientation_tablet=&#8221;center&#8221; text_orientation_phone=&#8221;center&#8221; text_orientation_last_edited=&#8221;off|desktop&#8221; global_colors_info=&#8221;{}&#8221; sticky_enabled=&#8221;0&#8243;]Capo Vaticano staat bekend om zijn spectaculaire kliffen en kristalheldere water en is ideaal voor liefhebbers van de zee en duiken. De verborgen baaitjes, die alleen via zee of via onbegaanbare paden bereikbaar zijn, bieden een unieke ervaring van contact met de natuur. Het panoramische uitzicht vanaf de vuurtoren van Capo Vaticano is een van de mooiste van Calabri\u00eb en reikt op heldere dagen tot aan de Eolische eilanden.  <\/p>\n<p><span><\/span><\/p>\n<p><a href=\"https:\/\/www.caladelporto.com\/vacanza-in-calabria-vibo-tropea-pizzo\/hotel-4-stelle-vicino-capo-vaticano\/\" class=\"custom-button\">Ontdek<\/a>[\/et_pb_text][\/et_pb_column][et_pb_column type=&#8221;1_2&#8243; _builder_version=&#8221;4.25.1&#8243; background_image=&#8221;https:\/\/www.caladelporto.com\/wp-content\/uploads\/2024\/06\/capo-vaticano-2.jpg&#8221; global_colors_info=&#8221;{}&#8221;][et_pb_text _builder_version=&#8221;4.25.1&#8243; _module_preset=&#8221;default&#8221; height=&#8221;533px&#8221; global_colors_info=&#8221;{}&#8221;][\/et_pb_text][\/et_pb_column][\/et_pb_row][\/et_pb_section][et_pb_section fb_built=&#8221;1&#8243; _builder_version=&#8221;4.25.1&#8243; _module_preset=&#8221;default&#8221; global_module=&#8221;420&#8243; global_colors_info=&#8221;{}&#8221;][et_pb_row column_structure=&#8221;1_2,1_2&#8243; _builder_version=&#8221;4.25.1&#8243; _module_preset=&#8221;default&#8221; width=&#8221;90%&#8221; max_width=&#8221;100%&#8221; global_colors_info=&#8221;{}&#8221;][et_pb_column type=&#8221;1_2&#8243; _builder_version=&#8221;4.25.1&#8243; _module_preset=&#8221;default&#8221; global_colors_info=&#8221;{}&#8221;][et_pb_text _builder_version=&#8221;4.25.1&#8243; text_font=&#8221;RDHD|300|||||||&#8221; text_text_color=&#8221;#000000&#8243; text_font_size=&#8221;35px&#8221; text_line_height=&#8221;1.6em&#8221; link_text_color=&#8221;#7cda24&#8243; text_orientation=&#8221;center&#8221; text_font_size_tablet=&#8221;25px&#8221; text_font_size_phone=&#8221;22px&#8221; text_font_size_last_edited=&#8221;on|phone&#8221; text_orientation_tablet=&#8221;center&#8221; text_orientation_phone=&#8221;center&#8221; text_orientation_last_edited=&#8221;off|desktop&#8221; global_colors_info=&#8221;{}&#8221;]<\/p>\n<p>Wilt u een gepersonaliseerd voorstel?<\/p>\n<p>[\/et_pb_text][et_pb_code _builder_version=&#8221;4.25.1&#8243; _module_preset=&#8221;default&#8221; global_colors_info=&#8221;{}&#8221;] <script type=\"text\/javascript\" src=\"https:\/\/www.scidoo.com\/widget_contatti\/include_widget_contatti.js\" id=\"scidoo-widget-contatti\" data-codice=\"1286\" data-lang=\"0\" data-struttura=\"-1\" data-provenienza=\"0\" data-testo-struttura=\"\" data-container=\"\" data-tipologia-richiesta=\"0\" data-blocca-date=\"0\" data-nota-preventivo=\"\" data-settore-specifico=\"0\"><\/script>[\/et_pb_code][\/et_pb_column][et_pb_column type=&#8221;1_2&#8243; _builder_version=&#8221;4.25.1&#8243; _module_preset=&#8221;default&#8221; global_colors_info=&#8221;{}&#8221;][et_pb_text _builder_version=&#8221;4.25.1&#8243; _module_preset=&#8221;default&#8221; text_font=&#8221;RDHD||||||||&#8221; text_text_color=&#8221;#FFFFFF&#8221; text_font_size=&#8221;20px&#8221; background_color=&#8221;#475843&#8243; custom_padding=&#8221;80px|40px|80px|40px|true|true&#8221; text_font_size_tablet=&#8221;20px&#8221; text_font_size_phone=&#8221;18px&#8221; text_font_size_last_edited=&#8221;on|desktop&#8221; global_colors_info=&#8221;{}&#8221;]<\/p>\n<p>Als u rechtstreeks op de offici\u00eble website van Hotel Cala del Porto boekt, profiteert u van exclusieve tarieven en speciale aanbiedingen.<\/p>\n<p>Dit garandeert u niet alleen de beste beschikbare prijs, maar ook meer flexibiliteit bij het reserveren en de mogelijkheid om rechtstreeks met onze medewerkers te communiceren voor eventuele speciale verzoeken.<\/p>\n<p>[\/et_pb_text][et_pb_text _builder_version=&#8221;4.25.1&#8243; _module_preset=&#8221;default&#8221; text_font=&#8221;RDHD||||||||&#8221; text_text_color=&#8221;#FFFFFF&#8221; text_font_size=&#8221;20px&#8221; background_color=&#8221;#a79b8f&#8221; custom_padding=&#8221;80px|40px|80px|40px|true|true&#8221; text_font_size_tablet=&#8221;20px&#8221; text_font_size_phone=&#8221;18px&#8221; text_font_size_last_edited=&#8221;on|desktop&#8221; global_colors_info=&#8221;{}&#8221;]<\/p>\n<p><strong>-20% ten opzichte van online reisbureaus<\/strong><\/p>\n<p><strong>Beste tarieven gegarandeerd<\/strong><br \/><strong><\/strong><br \/><strong>Exclusieve aanbiedingen<\/strong><\/p>\n<p>[\/et_pb_text][\/et_pb_column][\/et_pb_row][\/et_pb_section][et_pb_section fb_built=&#8221;1&#8243; _builder_version=&#8221;4.25.1&#8243; _module_preset=&#8221;default&#8221; background_color=&#8221;#fdfbf5&#8243; custom_padding=&#8221;135px||||false|false&#8221; global_module=&#8221;421&#8243; global_colors_info=&#8221;{}&#8221;][et_pb_row column_structure=&#8221;1_2,1_2&#8243; _builder_version=&#8221;4.25.1&#8243; _module_preset=&#8221;default&#8221; width=&#8221;90%&#8221; max_width=&#8221;100%&#8221; global_colors_info=&#8221;{}&#8221;][et_pb_column type=&#8221;1_2&#8243; _builder_version=&#8221;4.25.1&#8243; _module_preset=&#8221;default&#8221; global_colors_info=&#8221;{}&#8221;][et_pb_text _builder_version=&#8221;4.25.1&#8243; text_font=&#8221;RDHD|300|||||||&#8221; text_text_color=&#8221;#000000&#8243; text_font_size=&#8221;35px&#8221; text_line_height=&#8221;1.6em&#8221; link_text_color=&#8221;#7cda24&#8243; text_orientation=&#8221;center&#8221; text_font_size_tablet=&#8221;25px&#8221; text_font_size_phone=&#8221;22px&#8221; text_font_size_last_edited=&#8221;on|phone&#8221; text_orientation_tablet=&#8221;center&#8221; text_orientation_phone=&#8221;center&#8221; text_orientation_last_edited=&#8221;off|desktop&#8221; global_colors_info=&#8221;{}&#8221;]<\/p>\n<p>Nieuwsbrief<\/p>\n<p>[\/et_pb_text][et_pb_text _builder_version=&#8221;4.25.1&#8243; text_font=&#8221;RDHD|300|||||||&#8221; text_text_color=&#8221;#000000&#8243; text_font_size=&#8221;20px&#8221; text_line_height=&#8221;1.6em&#8221; link_text_color=&#8221;#7cda24&#8243; width=&#8221;80%&#8221; width_tablet=&#8221;100%&#8221; width_phone=&#8221;100%&#8221; width_last_edited=&#8221;on|tablet&#8221; max_width=&#8221;80%&#8221; max_width_tablet=&#8221;100%&#8221; max_width_phone=&#8221;100%&#8221; max_width_last_edited=&#8221;on|tablet&#8221; module_alignment=&#8221;center&#8221; text_font_size_tablet=&#8221;20px&#8221; text_font_size_phone=&#8221;18px&#8221; text_font_size_last_edited=&#8221;on|phone&#8221; text_orientation_tablet=&#8221;center&#8221; text_orientation_phone=&#8221;center&#8221; text_orientation_last_edited=&#8221;off|desktop&#8221; global_colors_info=&#8221;{}&#8221;]<\/p>\n<p>Als u op de hoogte wilt blijven van alle nieuwtjes, exclusieve aanbiedingen en speciale evenementen van Hotel Cala del Porto, schrijf u dan in voor onze nieuwsbrief!<\/p>\n<p>[\/et_pb_text][\/et_pb_column][et_pb_column type=&#8221;1_2&#8243; _builder_version=&#8221;4.25.1&#8243; _module_preset=&#8221;default&#8221; global_colors_info=&#8221;{}&#8221;][et_pb_text _builder_version=&#8221;4.25.1&#8243; _module_preset=&#8221;default&#8221; background_color=&#8221;#FFFFFF&#8221; custom_padding=&#8221;20px|10px|20px|10px|true|true&#8221; global_colors_info=&#8221;{}&#8221;]<\/p>\n<p>E-mail<\/p>\n<p>[\/et_pb_text][et_pb_text _builder_version=&#8221;4.25.1&#8243; text_font=&#8221;Red Hat Display|700|||||||&#8221; text_text_color=&#8221;#ffffff&#8221; text_font_size=&#8221;16px&#8221; text_letter_spacing=&#8221;2px&#8221; background_color=&#8221;#475843&#8243; text_orientation=&#8221;center&#8221; custom_padding=&#8221;20px||20px||true|false&#8221; global_colors_info=&#8221;{}&#8221;]<\/p>\n<p>REGISTREER<\/p>\n<p>[\/et_pb_text][\/et_pb_column][\/et_pb_row][\/et_pb_section][et_pb_section fb_built=&#8221;1&#8243; _builder_version=&#8221;4.25.1&#8243; _module_preset=&#8221;default&#8221; global_module=&#8221;419&#8243; global_colors_info=&#8221;{}&#8221;][et_pb_row _builder_version=&#8221;4.25.1&#8243; _module_preset=&#8221;default&#8221; locked=&#8221;off&#8221; global_colors_info=&#8221;{}&#8221;][et_pb_column type=&#8221;4_4&#8243; _builder_version=&#8221;4.25.1&#8243; _module_preset=&#8221;default&#8221; global_colors_info=&#8221;{}&#8221;][et_pb_image src=&#8221;https:\/\/www.caladelporto.com\/wp-content\/uploads\/2024\/05\/logo1-3.png&#8221; title_text=&#8221;logo1-3&#8243; _builder_version=&#8221;4.25.1&#8243; _module_preset=&#8221;default&#8221; global_colors_info=&#8221;{}&#8221;][\/et_pb_image][et_pb_text _builder_version=&#8221;4.25.1&#8243; text_font=&#8221;RDHD|300|||||||&#8221; text_text_color=&#8221;#000000&#8243; text_font_size=&#8221;20px&#8221; text_line_height=&#8221;1.6em&#8221; link_text_color=&#8221;#7cda24&#8243; width_last_edited=&#8221;off|desktop&#8221; max_width_tablet=&#8221;&#8221; max_width_phone=&#8221;&#8221; max_width_last_edited=&#8221;on|tablet&#8221; module_alignment=&#8221;center&#8221; text_font_size_tablet=&#8221;20px&#8221; text_font_size_phone=&#8221;18px&#8221; text_font_size_last_edited=&#8221;on|phone&#8221; text_orientation_tablet=&#8221;center&#8221; text_orientation_phone=&#8221;center&#8221; text_orientation_last_edited=&#8221;off|desktop&#8221; global_colors_info=&#8221;{}&#8221;]<\/p>\n<p>Adres: Via Roma, 89900 Vibo Marina VV<\/p>\n<p>Telefoon: +39 0963 577762<\/p>\n<p>P.iva: 03663630790<\/p>\n<p>Cir: 102047-ALB-00002<\/p>\n<p>&nbsp;<\/p>\n<p>[\/et_pb_text][et_pb_social_media_follow icon_color=&#8221;gcid-af9142b2-c7bb-4025-b5bc-0a5772cc740b&#8221; use_icon_font_size=&#8221;on&#8221; icon_font_size=&#8221;18px&#8221; icon_font_size_tablet=&#8221;14px&#8221; icon_font_size_phone=&#8221;14px&#8221; icon_font_size_last_edited=&#8221;on|phone&#8221; _builder_version=&#8221;4.25.1&#8243; custom_margin_tablet=&#8221;|0px||0px|false|true&#8221; custom_margin_phone=&#8221;|0px||0px|false|true&#8221; custom_margin_last_edited=&#8221;on|phone&#8221; locked=&#8221;off&#8221; global_colors_info=&#8221;{%22gcid-af9142b2-c7bb-4025-b5bc-0a5772cc740b%22:%91%22icon_color__hover%22,%22icon_color%22%93}&#8221; icon_color__hover_enabled=&#8221;on|desktop&#8221; icon_color__hover=&#8221;#577a34&#8243; border_color_all__hover_enabled=&#8221;off|desktop&#8221; border_color_all__hover=&#8221;#c4a973&#8243;][et_pb_social_media_follow_network social_network=&#8221;facebook&#8221; url=&#8221;https:\/\/m.facebook.com\/p\/Hotel-Cala-del-Porto-100063606427648\/&#8221; _builder_version=&#8221;4.25.1&#8243; background_color=&#8221;RGBA(255,255,255,0)&#8221; background_enable_color=&#8221;on&#8221; custom_margin=&#8221;|10px|||false|false&#8221; custom_padding=&#8221;10px|10px|10px|10px|true|true&#8221; border_radii=&#8221;on|50px|50px|50px|50px&#8221; border_width_all=&#8221;3px&#8221; border_color_all=&#8221;gcid-af9142b2-c7bb-4025-b5bc-0a5772cc740b&#8221; global_colors_info=&#8221;{%22gcid-af9142b2-c7bb-4025-b5bc-0a5772cc740b%22:%91%22border_color_all__hover%22,%22border_color_all%22%93}&#8221; border_color_all__hover_enabled=&#8221;on|hover&#8221; border_color_all__hover=&#8221;#577a34&#8243; follow_button=&#8221;off&#8221; url_new_window=&#8221;on&#8221;]facebook[\/et_pb_social_media_follow_network][et_pb_social_media_follow_network social_network=&#8221;instagram&#8221; url=&#8221;https:\/\/www.instagram.com\/hotelcaladelporto\/&#8221; _builder_version=&#8221;4.25.1&#8243; background_color=&#8221;RGBA(255,255,255,0)&#8221; background_enable_color=&#8221;on&#8221; custom_margin=&#8221;|10px|||false|false&#8221; custom_padding=&#8221;10px|10px|10px|10px|true|true&#8221; border_radii=&#8221;on|50px|50px|50px|50px&#8221; border_width_all=&#8221;3px&#8221; border_color_all=&#8221;gcid-af9142b2-c7bb-4025-b5bc-0a5772cc740b&#8221; global_colors_info=&#8221;{%22gcid-af9142b2-c7bb-4025-b5bc-0a5772cc740b%22:%91%22border_color_all__hover%22,%22border_color_all%22,%22border_color_all__hover%22%93}&#8221; border_color_all__hover_enabled=&#8221;on|hover&#8221; border_color_all__hover=&#8221;#577a34&#8243; follow_button=&#8221;off&#8221; url_new_window=&#8221;on&#8221;]instagram[\/et_pb_social_media_follow_network][\/et_pb_social_media_follow][\/et_pb_column][\/et_pb_row][et_pb_row _builder_version=&#8221;4.25.1&#8243; _module_preset=&#8221;default&#8221; global_colors_info=&#8221;{}&#8221;][et_pb_column type=&#8221;4_4&#8243; _builder_version=&#8221;4.25.1&#8243; _module_preset=&#8221;default&#8221; global_colors_info=&#8221;{}&#8221;][et_pb_divider color=&#8221;#000000&#8243; _builder_version=&#8221;4.25.1&#8243; _module_preset=&#8221;default&#8221; global_colors_info=&#8221;{}&#8221;][\/et_pb_divider][\/et_pb_column][\/et_pb_row][et_pb_row _builder_version=&#8221;4.25.1&#8243; _module_preset=&#8221;default&#8221; global_colors_info=&#8221;{}&#8221;][et_pb_column type=&#8221;4_4&#8243; _builder_version=&#8221;4.25.1&#8243; _module_preset=&#8221;default&#8221; global_colors_info=&#8221;{}&#8221;][et_pb_text _builder_version=&#8221;4.25.1&#8243; text_font=&#8221;RDHD|800|||||||&#8221; text_text_color=&#8221;#000000&#8243; text_font_size=&#8221;20px&#8221; text_line_height=&#8221;1.6em&#8221; link_text_color=&#8221;#7cda24&#8243; text_orientation=&#8221;right&#8221; width_last_edited=&#8221;off|desktop&#8221; max_width_tablet=&#8221;&#8221; max_width_phone=&#8221;&#8221; max_width_last_edited=&#8221;on|tablet&#8221; module_alignment=&#8221;center&#8221; text_font_size_tablet=&#8221;20px&#8221; text_font_size_phone=&#8221;18px&#8221; text_font_size_last_edited=&#8221;on|phone&#8221; text_orientation_tablet=&#8221;center&#8221; text_orientation_phone=&#8221;center&#8221; text_orientation_last_edited=&#8221;on|tablet&#8221; global_colors_info=&#8221;{}&#8221;]<\/p>\n<p>credits <img loading=\"lazy\" decoding=\"async\" src=\"https:\/\/www.caladelporto.com\/wp-content\/uploads\/2024\/05\/logo-hotel-target-2.0-7-300x29.png\" width=\"155\" height=\"15\" alt=\"\" class=\"wp-image-146 alignnone size-medium\"><\/p>\n<p>[\/et_pb_text][\/et_pb_column][\/et_pb_row][\/et_pb_section][et_pb_section fb_built=&#8221;1&#8243; _builder_version=&#8221;4.25.1&#8243; _module_preset=&#8221;default&#8221; background_color=&#8221;#fdfbf5&#8243; custom_padding=&#8221;135px||||false|false&#8221; locked=&#8221;off&#8221; global_colors_info=&#8221;{}&#8221;][et_pb_row _builder_version=&#8221;4.25.1&#8243; _module_preset=&#8221;default&#8221; global_colors_info=&#8221;{}&#8221;][et_pb_column type=&#8221;4_4&#8243; _builder_version=&#8221;4.25.1&#8243; _module_preset=&#8221;default&#8221; global_colors_info=&#8221;{}&#8221;][et_pb_code _builder_version=&#8221;4.25.1&#8243; _module_preset=&#8221;default&#8221; global_colors_info=&#8221;{}&#8221;]    <\/p>\n<div id=\"languagePopup\" class=\"popup\"><!-- [et_pb_line_break_holder] -->        <\/p>\n<div class=\"popup-content\"><!-- [et_pb_line_break_holder] -->            <span class=\"close\">\u00d7<\/span><!-- [et_pb_line_break_holder] -->            <\/p>\n<h2>Selecteer de taal<\/h2>\n<p><!-- [et_pb_line_break_holder] -->            <\/p>\n<ul><!-- [et_pb_line_break_holder] -->                <\/p>\n<li><a href=\"#\"><img decoding=\"async\" src=\"https:\/\/www.caladelporto.com\/wp-content\/uploads\/2024\/05\/ita-bandiera.png\" alt=\"Italiano\"> Italiano<\/a><\/li>\n<p><!-- [et_pb_line_break_holder] -->                <\/p>\n<li><a href=\"#\"><img decoding=\"async\" src=\"https:\/\/www.caladelporto.com\/wp-content\/uploads\/2024\/05\/en-bandiera.png\" alt=\"English\"> English<\/a><\/li>\n<p><!-- [et_pb_line_break_holder] -->                <\/p>\n<li><a href=\"#\"><img decoding=\"async\" src=\"https:\/\/www.caladelporto.com\/wp-content\/uploads\/2024\/05\/bandiera-fra.png\" alt=\"Fran\u00e7ais\"> Fran\u00e7ais<\/a><\/li>\n<p><!-- [et_pb_line_break_holder] -->                <\/p>\n<li><a href=\"#\"><img decoding=\"async\" src=\"https:\/\/www.caladelporto.com\/wp-content\/uploads\/2024\/05\/de-bandiera.png\" alt=\"Deutsch\"> Deutsch<\/a><\/li>\n<p><!-- [et_pb_line_break_holder] -->            <\/ul>\n<p><!-- [et_pb_line_break_holder] -->        <\/div>\n<p><!-- [et_pb_line_break_holder] -->    <\/div>\n<p>[\/et_pb_code][et_pb_code _builder_version=&#8221;4.25.1&#8243; _module_preset=&#8221;default&#8221; global_colors_info=&#8221;{}&#8221;]<script><!-- [et_pb_line_break_holder] -->document.addEventListener('DOMContentLoaded', function () {<!-- [et_pb_line_break_holder] -->    var popup = document.getElementById('languagePopup');<!-- [et_pb_line_break_holder] -->    var btn = document.getElementById('languageButton');<!-- [et_pb_line_break_holder] -->    var span = document.getElementsByClassName('close')[0];<!-- [et_pb_line_break_holder] --><!-- [et_pb_line_break_holder] -->    btn.onclick = function () {<!-- [et_pb_line_break_holder] -->        popup.style.display = 'block';<!-- [et_pb_line_break_holder] -->    }<!-- [et_pb_line_break_holder] --><!-- [et_pb_line_break_holder] -->    span.onclick = function () {<!-- [et_pb_line_break_holder] -->        popup.style.display = 'none';<!-- [et_pb_line_break_holder] -->    }<!-- [et_pb_line_break_holder] --><!-- [et_pb_line_break_holder] -->    window.onclick = function (event) {<!-- [et_pb_line_break_holder] -->        if (event.target == popup) {<!-- [et_pb_line_break_holder] -->            popup.style.display = 'none';<!-- [et_pb_line_break_holder] -->        }<!-- [et_pb_line_break_holder] -->    }<!-- [et_pb_line_break_holder] -->});<!-- [et_pb_line_break_holder] --><!-- [et_pb_line_break_holder] --><\/script><!-- [et_pb_line_break_holder] -->  [\/et_pb_code][\/et_pb_column][\/et_pb_row][\/et_pb_section][et_pb_section fb_built=&#8221;1&#8243; disabled_on=&#8221;on|on|off&#8221; _builder_version=&#8221;4.25.1&#8243; background_color=&#8221;rgba(0,0,0,0)&#8221; positioning=&#8221;fixed&#8221; position_origin_a=&#8221;bottom_right&#8221; position_origin_f=&#8221;bottom_right&#8221; vertical_offset=&#8221;30px&#8221; horizontal_offset=&#8221;0px&#8221; z_index=&#8221;9999999&#8243; width=&#8221;60%&#8221; max_width=&#8221;60%&#8221; custom_padding=&#8221;0px||0px||false|false&#8221; global_module=&#8221;189&#8243; saved_tabs=&#8221;all&#8221; locked=&#8221;off&#8221; global_colors_info=&#8221;{}&#8221;][et_pb_row column_structure=&#8221;1_2,1_4,1_4&#8243; use_custom_gutter=&#8221;on&#8221; gutter_width=&#8221;2&#8243; _builder_version=&#8221;4.25.1&#8243; width=&#8221;100%&#8221; max_width=&#8221;100%&#8221; module_alignment=&#8221;right&#8221; custom_margin=&#8221;||||false|false&#8221; custom_padding=&#8221;0px|40px|0px||true|false&#8221; global_colors_info=&#8221;{}&#8221;][et_pb_column type=&#8221;1_2&#8243; _builder_version=&#8221;4.25.1&#8243; background_color=&#8221;rgba(0,0,0,0.5)&#8221; box_shadow_style=&#8221;preset1&#8243; global_colors_info=&#8221;{}&#8221;][et_pb_text _builder_version=&#8221;4.25.1&#8243; text_font=&#8221;Red Hat Display||||||||&#8221; text_text_color=&#8221;#ffffff&#8221; text_font_size=&#8221;16px&#8221; text_orientation=&#8221;center&#8221; custom_padding=&#8221;20px||20px||true|false&#8221; global_colors_info=&#8221;{}&#8221;]<\/p>\n<p><i class=\"fa-solid fa-phone\"><\/i> <span itemprop=\"telephone\"> +39 0963\/577762 | <\/span><span> <\/span><span class=\"line\"><\/span><i class=\"fa-solid fa-location-dot\"><\/i><span> Vibo Marina<\/span><\/p>\n<p>[\/et_pb_text][\/et_pb_column][et_pb_column type=&#8221;1_4&#8243; _builder_version=&#8221;4.25.1&#8243; background_color=&#8221;#fccf7b&#8221; box_shadow_style=&#8221;preset1&#8243; global_colors_info=&#8221;{}&#8221;][et_pb_text _builder_version=&#8221;4.25.1&#8243; text_font=&#8221;Red Hat Display|700|||||||&#8221; text_text_color=&#8221;gcid-heading-color&#8221; text_font_size=&#8221;16px&#8221; text_letter_spacing=&#8221;2px&#8221; text_orientation=&#8221;center&#8221; custom_padding=&#8221;20px||20px||true|false&#8221; link_option_url=&#8221;https:\/\/booking.bedzzle.com\/desktop\/?apikey=1668cb86ac904e2f307ef4058a0e7d16&#038;lang=it#search\/&#8221; global_colors_info=&#8221;{%22gcid-heading-color%22:%91%22text_text_color%22%93}&#8221;]<\/p>\n<p>BOEKEN<\/p>\n<p>[\/et_pb_text][\/et_pb_column][et_pb_column type=&#8221;1_4&#8243; _builder_version=&#8221;4.25.1&#8243; background_color=&#8221;#577a34&#8243; box_shadow_style=&#8221;preset1&#8243; global_colors_info=&#8221;{}&#8221;][et_pb_text _builder_version=&#8221;4.25.1&#8243; _dynamic_attributes=&#8221;link_option_url&#8221; text_font=&#8221;Red Hat Display|700|||||||&#8221; text_text_color=&#8221;#ffffff&#8221; text_font_size=&#8221;16px&#8221; text_letter_spacing=&#8221;2px&#8221; text_orientation=&#8221;center&#8221; custom_padding=&#8221;20px||20px||true|false&#8221; link_option_url=&#8221;@ET-DC@eyJkeW5hbWljIjp0cnVlLCJjb250ZW50IjoicG9zdF9saW5rX3VybF9wYWdlIiwic2V0dGluZ3MiOnsicG9zdF9pZCI6IjM0MDczMSIsImVuYWJsZV9odG1sIjoib2ZmIn19@&#8221; global_colors_info=&#8221;{}&#8221;]<\/p>\n<p>OFFERTE<\/p>\n<p>[\/et_pb_text][\/et_pb_column][\/et_pb_row][\/et_pb_section]<\/p>\n","protected":false},"excerpt":{"rendered":"<p>vakantie in Calabri\u00ebOp het zuidelijkste puntje van Itali\u00eb ligt een juweeltje dat schittert onder de mediterrane zon: Calabri\u00eb. Met zijn adembenemende kusten aan de Tyrreense Zee en de Ionische Zee betovert deze regio met zijn unieke mix van duizendjarige geschiedenis, ongerepte natuur en een keuken vol authentieke smaken. Tot de meest fascinerende kustplaatsen behoren Tropea, Pizzo en Vibo Marina, elk met hun eigen levendige karakter en schatten om te ontdekken. onze omgeving<div class=\"et_pb_module dsm_pricelist dsm_pricelist_0\">\n\t\t\t\t\n\t\t\t\t\n\t\t\t\t\n\t\t\t\t\n\t\t\t\t\n\t\t\t\t\n\t\t\t\t<div class=\"et_pb_module_inner\">\n\t\t\t\t\t<div class=\"dsm_pricelist\"><\/div>\n\t\t\t\t<\/div>\n\t\t\t<\/div><div class=\"et_pb_module dsm_pricelist_child dsm_pricelist_child_0\">\n\t\t\t\t\n\t\t\t\t\n\t\t\t\t\n\t\t\t\t\n\t\t\t\t\n\t\t\t\t\n\t\t\t\t<div class=\"et_pb_module_inner\">\n\t\t\t\t\t\n\t\t\t\n\t\t\t\n\t\t\t<div class=\"dsm_pricelist_item_wrapper\">\n\t\t\t\t<div class=\"dsm-pricelist-header\">\n\t\t\t\t\t<div class=\"dsm-pricelist-title et_pb_module_header\">Pizzo Calabro<\/div>\n\t\t\t\t\t<div class=\"dsm-pricelist-separator\"><\/div>\n\t\t\t\t\t<div class=\"dsm-pricelist-price\">10 km<\/div>\n\t\t\t\t<\/div>\n\t\t\t\t<div class=\"dsm-pricelist-description\">Pizzo, bekend om zijn truffelijs en het kasteel Murat, is een pittoresk dorpje met een charmant historisch centrum en een prachtig uitzicht op de Golf van Sant&#8217;Eufemia.<\/div>\n\t\t\t\t\n\t\t\t<\/div>\n\t\t\t\t<\/div>\n\t\t\t<\/div><div class=\"et_pb_module dsm_pricelist_child dsm_pricelist_child_1\">\n\t\t\t\t\n\t\t\t\t\n\t\t\t\t\n\t\t\t\t\n\t\t\t\t\n\t\t\t\t\n\t\t\t\t<div class=\"et_pb_module_inner\">\n\t\t\t\t\t\n\t\t\t\n\t\t\t\n\t\t\t<div class=\"dsm_pricelist_item_wrapper\">\n\t\t\t\t<div class=\"dsm-pricelist-header\">\n\t\t\t\t\t<div class=\"dsm-pricelist-title et_pb_module_header\">Tropea<\/div>\n\t\t\t\t\t<div class=\"dsm-pricelist-separator\"><\/div>\n\t\t\t\t\t<div class=\"dsm-pricelist-price\">25 Km<\/div>\n\t\t\t\t<\/div>\n\t\t\t\t<div class=\"dsm-pricelist-description\">Tropea, met zijn witte zandstranden en middeleeuwse steegjes, is een van de meest fascinerende bestemmingen van Calabri\u00eb. Mis het heiligdom van Santa Maria dell&#8217;Isola niet, gelegen op een rotspunt met een adembenemend uitzicht op zee. <\/div>\n\t\t\t\t\n\t\t\t<\/div>\n\t\t\t\t<\/div>\n\t\t\t<\/div><div class=\"et_pb_module dsm_pricelist_child dsm_pricelist_child_2\">\n\t\t\t\t\n\t\t\t\t\n\t\t\t\t\n\t\t\t\t\n\t\t\t\t\n\t\t\t\t\n\t\t\t\t<div class=\"et_pb_module_inner\">\n\t\t\t\t\t\n\t\t\t\n\t\t\t\n\t\t\t<div class=\"dsm_pricelist_item_wrapper\">\n\t\t\t\t<div class=\"dsm-pricelist-header\">\n\t\t\t\t\t<div class=\"dsm-pricelist-title et_pb_module_header\">Capo Vaticano<\/div>\n\t\t\t\t\t<div class=\"dsm-pricelist-separator\"><\/div>\n\t\t\t\t\t<div class=\"dsm-pricelist-price\">32 km<\/div>\n\t\t\t\t<\/div>\n\t\t\t\t<div class=\"dsm-pricelist-description\"> Capo Vaticano staat bekend om zijn spectaculaire kliffen en kristalheldere water en is ideaal voor liefhebbers van de zee en duiken. <\/div>\n\t\t\t\t\n\t\t\t<\/div>\n\t\t\t\t<\/div>\n\t\t\t<\/div><div class=\"et_pb_module dsm_pricelist_child dsm_pricelist_child_3\">\n\t\t\t\t\n\t\t\t\t\n\t\t\t\t\n\t\t\t\t\n\t\t\t\t\n\t\t\t\t\n\t\t\t\t<div class=\"et_pb_module_inner\">\n\t\t\t\t\t\n\t\t\t\n\t\t\t\n\t\t\t<div class=\"dsm_pricelist_item_wrapper\">\n\t\t\t\t<div class=\"dsm-pricelist-header\">\n\t\t\t\t\t<div class=\"dsm-pricelist-title et_pb_module_header\">&#8221;Zungri<\/div>\n\t\t\t\t\t<div class=\"dsm-pricelist-separator\"><\/div>\n\t\t\t\t\t<div class=\"dsm-pricelist-price\">&#8221;30<\/div>\n\t\t\t\t<\/div>\n\t\t\t\t\n\t\t\t\t\n\t\t\t<\/div>\n\t\t\t\t<\/div>\n\t\t\t<\/div><\/p>\n","protected":false},"author":1,"featured_media":0,"parent":0,"menu_order":0,"comment_status":"closed","ping_status":"closed","template":"","meta":{"_et_pb_use_builder":"on","_et_pb_old_content":"","_et_gb_content_width":"","footnotes":""},"class_list":["post-345593","page","type-page","status-publish","hentry"],"_links":{"self":[{"href":"https:\/\/www.caladelporto.com\/nl\/wp-json\/wp\/v2\/pages\/345593","targetHints":{"allow":["GET"]}}],"collection":[{"href":"https:\/\/www.caladelporto.com\/nl\/wp-json\/wp\/v2\/pages"}],"about":[{"href":"https:\/\/www.caladelporto.com\/nl\/wp-json\/wp\/v2\/types\/page"}],"author":[{"embeddable":true,"href":"https:\/\/www.caladelporto.com\/nl\/wp-json\/wp\/v2\/users\/1"}],"replies":[{"embeddable":true,"href":"https:\/\/www.caladelporto.com\/nl\/wp-json\/wp\/v2\/comments?post=345593"}],"version-history":[{"count":0,"href":"https:\/\/www.caladelporto.com\/nl\/wp-json\/wp\/v2\/pages\/345593\/revisions"}],"wp:attachment":[{"href":"https:\/\/www.caladelporto.com\/nl\/wp-json\/wp\/v2\/media?parent=345593"}],"curies":[{"name":"wp","href":"https:\/\/api.w.org\/{rel}","templated":true}]}}